{"id":1000,"date":"2020-10-29T19:53:05","date_gmt":"2020-10-29T19:53:05","guid":{"rendered":"https:\/\/www.urjc2030.es\/ov\/?page_id=1000"},"modified":"2026-08-09T08:42:40","modified_gmt":"2026-08-09T08:42:40","slug":"agenda","status":"publish","type":"page","link":"https:\/\/www.urjc2030.es\/ov\/agenda\/","title":{"rendered":"Agenda"},"content":{"rendered":"\n<div class=\"et_pb_section_0 et_pb_section et_section_regular et_block_section section_has_divider et_pb_bottom_divider\"><div class=\"et_pb_row_0 et_pb_row et_block_row\"><div class=\"et_pb_column_0 et_pb_column et_pb_column_4_4 et-last-child et_block_column et_pb_css_mix_blend_mode_passthrough\"><div class=\"et_pb_text_0 et_pb_text et_pb_bg_layout_light et_animated et_pb_module et_block_module color-grey uppercase\"><div class=\"et_pb_text_inner\"><h1>Agenda<\/h1>\n<\/div><\/div><\/div><\/div><div class=\"et_pb_bottom_inside_divider et-no-transition\"><\/div><\/div><div class=\"et_pb_section_1 et_pb_section et_section_regular et_block_section\" id=\"noticias\"><div class=\"et_pb_row_1 et_pb_row et_block_row\"><div class=\"et_pb_column_1 et_pb_column et_pb_column_4_4 et-last-child et_block_column et_pb_css_mix_blend_mode_passthrough\"><div class=\"et_pb_text_1 et_pb_text et_pb_bg_layout_light et_animated et_pb_module et_block_module size-40 color-grey uppercase\"><div class=\"et_pb_text_inner\"><h2>Agenda de la Unidad<\/h2>\n<\/div><\/div><div class=\"et_pb_divider_0 et_pb_divider et_pb_space et_pb_divider_position_top et_pb_module\"><div class=\"et_pb_divider_internal\"><\/div><\/div><\/div><\/div><div class=\"et_pb_row_2 et_pb_row et_block_row\"><div class=\"et_pb_column_2 et_pb_column et_pb_column_4_4 et-last-child et_block_column et_pb_css_mix_blend_mode_passthrough\"><div class=\"et_pb_blog_0 et_pb_blog et_pb_bg_layout_light et_pb_posts et_pb_module\"><div class=\"et_pb_ajax_pagination_container\"><div class=\"et_pb_blog_posts et_grid_module\"><article class=\"et_pb_post et_pb_post_id_1400 clearfix et_pb_blog_item_0_0 post-1400 post type-post status-publish format-standard has-post-thumbnail hentry category-agenda-ov\"><div class=\"et_pb_image_container\"><a href=\"https:\/\/www.urjc2030.es\/ov\/segunda-edicion-de-taller-de-bicicletas\/\" class=\"entry-featured-image-url\"><img loading=\"lazy\" decoding=\"async\" src=\"https:\/\/www.urjc2030.es\/ov\/wp-content\/uploads\/sites\/8\/2022\/09\/Cartel-taller-de-bicicletas-2022-scaled.jpg\" width=\"400\" height=\"250\" alt=\"Cartel-taller-de-bicicletas-2022\" class=\"\" srcset=\"https:\/\/www.urjc2030.es\/ov\/wp-content\/uploads\/sites\/8\/2022\/09\/Cartel-taller-de-bicicletas-2022-scaled.jpg 479w, https:\/\/www.urjc2030.es\/ov\/wp-content\/uploads\/sites\/8\/2022\/09\/Cartel-taller-de-bicicletas-2022-400x250.jpg 480w\" sizes=\"(max-width:479px) 479px, 100vw\" \/><span data-icon=\"\ue050\" class=\"et_overlay et_pb_inline_icon\"><\/span><\/a><\/div><h3 class=\"entry-title\"><a href=\"https:\/\/www.urjc2030.es\/ov\/segunda-edicion-de-taller-de-bicicletas\/\">\u00a1Segunda Edici\u00f3n de Taller de Bicicletas!<\/a><\/h3><p class=\"post-meta\"><span class=\"published\">Sep 29, 2022<\/span> | <span class=\"entry-categories\"><a href=\"https:\/\/www.urjc2030.es\/ov\/agenda-ov\/\" rel=\"tag\">Agenda<\/a><\/span><\/p><div class=\"post-content\"><div class=\"post-content-inner\"><p>En la URJC y desde la Oficina Verde estamos muy ilusionadas de retomar esta iniciativa del taller...<\/p>\n<\/div><\/div><\/article><article class=\"et_pb_post et_pb_post_id_1390 clearfix et_pb_blog_item_0_1 post-1390 post type-post status-publish format-standard has-post-thumbnail hentry category-agenda-ov\"><div class=\"et_pb_image_container\"><a href=\"https:\/\/www.urjc2030.es\/ov\/ciclo-de-talleres-huerto-urbano-agroecologico\/\" class=\"entry-featured-image-url\"><img loading=\"lazy\" decoding=\"async\" src=\"https:\/\/www.urjc2030.es\/ov\/wp-content\/uploads\/sites\/8\/2022\/04\/NUEVO-Cartel-ciclo-talleres-huerto-urbano-2022.jpg\" width=\"400\" height=\"250\" alt=\"Cartel-ciclo-talleres-huerto-urbano-2022-actualizado\" class=\"\" srcset=\"https:\/\/www.urjc2030.es\/ov\/wp-content\/uploads\/sites\/8\/2022\/04\/NUEVO-Cartel-ciclo-talleres-huerto-urbano-2022.jpg 479w, https:\/\/www.urjc2030.es\/ov\/wp-content\/uploads\/sites\/8\/2022\/04\/NUEVO-Cartel-ciclo-talleres-huerto-urbano-2022-400x250.jpg 480w\" sizes=\"(max-width:479px) 479px, 100vw\" \/><span data-icon=\"\ue050\" class=\"et_overlay et_pb_inline_icon\"><\/span><\/a><\/div><h3 class=\"entry-title\"><a href=\"https:\/\/www.urjc2030.es\/ov\/ciclo-de-talleres-huerto-urbano-agroecologico\/\">Ciclo de talleres \u201cHuerto Urbano Agroecol\u00f3gico\u201d<\/a><\/h3><p class=\"post-meta\"><span class=\"published\">Abr 19, 2022<\/span> | <span class=\"entry-categories\"><a href=\"https:\/\/www.urjc2030.es\/ov\/agenda-ov\/\" rel=\"tag\">Agenda<\/a><\/span><\/p><div class=\"post-content\"><div class=\"post-content-inner\"><p>La Oficina Verde organiza un ciclo de talleres \u201cHuerto urbano agroecol\u00f3gico URJC\u201d dentro de...<\/p>\n<\/div><\/div><\/article><article class=\"et_pb_post et_pb_post_id_1380 clearfix et_pb_blog_item_0_2 post-1380 post type-post status-publish format-standard has-post-thumbnail hentry category-agenda-ov\"><div class=\"et_pb_image_container\"><a href=\"https:\/\/www.urjc2030.es\/ov\/evento-ideathon-de-innovacion-sostenible-2\/\" class=\"entry-featured-image-url\"><img loading=\"lazy\" decoding=\"async\" src=\"https:\/\/www.urjc2030.es\/ov\/wp-content\/uploads\/sites\/8\/2022\/04\/Cartel-Ideathon.jpg\" width=\"400\" height=\"250\" alt=\"Ideathon\" class=\"\" srcset=\"https:\/\/www.urjc2030.es\/ov\/wp-content\/uploads\/sites\/8\/2022\/04\/Cartel-Ideathon.jpg 479w, https:\/\/www.urjc2030.es\/ov\/wp-content\/uploads\/sites\/8\/2022\/04\/Cartel-Ideathon-400x250.jpg 480w\" sizes=\"(max-width:479px) 479px, 100vw\" \/><span data-icon=\"\ue050\" class=\"et_overlay et_pb_inline_icon\"><\/span><\/a><\/div><h3 class=\"entry-title\"><a href=\"https:\/\/www.urjc2030.es\/ov\/evento-ideathon-de-innovacion-sostenible-2\/\">Evento \u201cIdeathon de innovaci\u00f3n sostenible\u201d<\/a><\/h3><p class=\"post-meta\"><span class=\"published\">Abr 8, 2022<\/span> | <span class=\"entry-categories\"><a href=\"https:\/\/www.urjc2030.es\/ov\/agenda-ov\/\" rel=\"tag\">Agenda<\/a><\/span><\/p><div class=\"post-content\"><div class=\"post-content-inner\"><p>Espacio de emprendimiento con foco en la sostenibilidad.<\/p>\n<\/div><\/div><\/article><article class=\"et_pb_post et_pb_post_id_1357 clearfix et_pb_blog_item_0_3 post-1357 post type-post status-publish format-standard has-post-thumbnail hentry category-agenda-ov\"><div class=\"et_pb_image_container\"><a href=\"https:\/\/www.urjc2030.es\/ov\/jornada-la-economia-social-en-la-agenda-2030-que-es-la-economia-social-y-como-contribuye-al-desarrollo-sostenible\/\" class=\"entry-featured-image-url\"><img loading=\"lazy\" decoding=\"async\" src=\"https:\/\/www.urjc2030.es\/ov\/wp-content\/uploads\/sites\/8\/2022\/03\/Imagen-1.png\" width=\"260\" height=\"229\" alt=\"logo\" class=\"\" srcset=\"https:\/\/www.urjc2030.es\/ov\/wp-content\/uploads\/sites\/8\/2022\/03\/Imagen-1.png 479w, https:\/\/www.urjc2030.es\/ov\/wp-content\/uploads\/sites\/8\/2022\/03\/Imagen-1.png 480w\" sizes=\"(max-width:479px) 479px, 100vw\" \/><span data-icon=\"\ue050\" class=\"et_overlay et_pb_inline_icon\"><\/span><\/a><\/div><h3 class=\"entry-title\"><a href=\"https:\/\/www.urjc2030.es\/ov\/jornada-la-economia-social-en-la-agenda-2030-que-es-la-economia-social-y-como-contribuye-al-desarrollo-sostenible\/\">Jornada \u201cLa econom\u00eda social en la agenda 2030. \u00bfQu\u00e9 es la econom\u00eda social y c\u00f3mo contribuye al desarrollo sostenible?<\/a><\/h3><p class=\"post-meta\"><span class=\"published\">Mar 9, 2022<\/span> | <span class=\"entry-categories\"><a href=\"https:\/\/www.urjc2030.es\/ov\/agenda-ov\/\" rel=\"tag\">Agenda<\/a><\/span><\/p><div class=\"post-content\"><div class=\"post-content-inner\"><p>La URJC, participa en la III Semana Universitaria de la Econom\u00eda Social con la Jornada \u201cEconom\u00eda...<\/p>\n<\/div><\/div><\/article><article class=\"et_pb_post et_pb_post_id_1117 clearfix et_pb_blog_item_0_4 post-1117 post type-post status-publish format-standard has-post-thumbnail hentry category-agenda-ov\"><div class=\"et_pb_image_container\"><a href=\"https:\/\/www.urjc2030.es\/ov\/urjc-participa-segunda-semana-universitaria-economia-social-ciclo-de-conferencias-comprometida-con-la-sostenibilidad\/\" class=\"entry-featured-image-url\"><img loading=\"lazy\" decoding=\"async\" src=\"https:\/\/www.urjc2030.es\/ov\/wp-content\/uploads\/sites\/8\/2021\/03\/logo.jpg\" width=\"400\" height=\"250\" alt=\"Logotipo Semana Universitaria de la Economia Social\" class=\"\" srcset=\"https:\/\/www.urjc2030.es\/ov\/wp-content\/uploads\/sites\/8\/2021\/03\/logo.jpg 479w, https:\/\/www.urjc2030.es\/ov\/wp-content\/uploads\/sites\/8\/2021\/03\/logo-400x250.jpg 480w\" sizes=\"(max-width:479px) 479px, 100vw\" \/><span data-icon=\"\ue050\" class=\"et_overlay et_pb_inline_icon\"><\/span><\/a><\/div><h3 class=\"entry-title\"><a href=\"https:\/\/www.urjc2030.es\/ov\/urjc-participa-segunda-semana-universitaria-economia-social-ciclo-de-conferencias-comprometida-con-la-sostenibilidad\/\">La URJC participa en la II Semana Universitaria de la Econom\u00eda Social con el ciclo de conferencias \u201cLa Econom\u00eda Social como econom\u00eda comprometida con la sostenibilidad\u201d<\/a><\/h3><p class=\"post-meta\"><span class=\"published\">Mar 5, 2021<\/span> | <span class=\"entry-categories\"><a href=\"https:\/\/www.urjc2030.es\/ov\/agenda-ov\/\" rel=\"tag\">Agenda<\/a><\/span><\/p><div class=\"post-content\"><div class=\"post-content-inner\"><p>Mar\u00eda Luz Dom\u00ednguez. \u201cLa Econom\u00eda Social como Econom\u00eda comprometida con la Sostenibilidad\u201d es el...<\/p>\n<\/div><\/div><\/article><article class=\"et_pb_post et_pb_post_id_1053 clearfix et_pb_blog_item_0_5 post-1053 post type-post status-publish format-standard has-post-thumbnail hentry category-agenda-ov\"><div class=\"et_pb_image_container\"><a href=\"https:\/\/www.urjc2030.es\/ov\/la-oficina-verde-impulsa-la-agenda-2030-con-un-taller-realizado-en-colaboracion-con-internacional-global-action-plan\/\" class=\"entry-featured-image-url\"><img loading=\"lazy\" decoding=\"async\" src=\"https:\/\/www.urjc2030.es\/ov\/wp-content\/uploads\/sites\/8\/2020\/12\/Taller_Cartel_Mostoles_Campus.jpg\" width=\"400\" height=\"250\" alt=\"Internacional Global Action Plan - URJC\" class=\"\" srcset=\"https:\/\/www.urjc2030.es\/ov\/wp-content\/uploads\/sites\/8\/2020\/12\/Taller_Cartel_Mostoles_Campus.jpg 479w, https:\/\/www.urjc2030.es\/ov\/wp-content\/uploads\/sites\/8\/2020\/12\/Taller_Cartel_Mostoles_Campus-400x250.jpg 480w\" sizes=\"(max-width:479px) 479px, 100vw\" \/><span data-icon=\"\ue050\" class=\"et_overlay et_pb_inline_icon\"><\/span><\/a><\/div><h3 class=\"entry-title\"><a href=\"https:\/\/www.urjc2030.es\/ov\/la-oficina-verde-impulsa-la-agenda-2030-con-un-taller-realizado-en-colaboracion-con-internacional-global-action-plan\/\">La Oficina Verde impulsa la agenda 2030 con un taller realizado en colaboraci\u00f3n con Internacional Global Action Plan<\/a><\/h3><p class=\"post-meta\"><span class=\"published\">Dic 1, 2020<\/span> | <span class=\"entry-categories\"><a href=\"https:\/\/www.urjc2030.es\/ov\/agenda-ov\/\" rel=\"tag\">Agenda<\/a><\/span><\/p><div class=\"post-content\"><div class=\"post-content-inner\"><p>Jaime Riveiro Fern\u00e1ndez. Como parte del proyecto URJC2030, donde cada acci\u00f3n cuenta para...<\/p>\n<\/div><\/div><\/article><article class=\"et_pb_post et_pb_post_id_1005 clearfix et_pb_blog_item_0_6 post-1005 post type-post status-publish format-standard has-post-thumbnail hentry category-agenda-ov\"><div class=\"et_pb_image_container\"><a href=\"https:\/\/www.urjc2030.es\/ov\/abierta-la-inscripcion-a-la-iv-yincana-universitaria-por-la-movilidad-sostenible\/\" class=\"entry-featured-image-url\"><img loading=\"lazy\" decoding=\"async\" src=\"https:\/\/www.urjc2030.es\/ov\/wp-content\/uploads\/sites\/8\/2020\/09\/Yincana_Cartel_Mostoles_Campus.jpg\" width=\"400\" height=\"250\" alt=\"Abierta la inscripci\u00f3n a la IV Yincana Universitaria por la Movilidad Sostenible\" class=\"\" srcset=\"https:\/\/www.urjc2030.es\/ov\/wp-content\/uploads\/sites\/8\/2020\/09\/Yincana_Cartel_Mostoles_Campus.jpg 479w, https:\/\/www.urjc2030.es\/ov\/wp-content\/uploads\/sites\/8\/2020\/09\/Yincana_Cartel_Mostoles_Campus-400x250.jpg 480w\" sizes=\"(max-width:479px) 479px, 100vw\" \/><span data-icon=\"\ue050\" class=\"et_overlay et_pb_inline_icon\"><\/span><\/a><\/div><h3 class=\"entry-title\"><a href=\"https:\/\/www.urjc2030.es\/ov\/abierta-la-inscripcion-a-la-iv-yincana-universitaria-por-la-movilidad-sostenible\/\">Abierta la Inscripci\u00f3n a la IV Yincana Universitaria por la Movilidad Sostenible<\/a><\/h3><p class=\"post-meta\"><span class=\"published\">Sep 2, 2020<\/span> | <span class=\"entry-categories\"><a href=\"https:\/\/www.urjc2030.es\/ov\/agenda-ov\/\" rel=\"tag\">Agenda<\/a><\/span><\/p><div class=\"post-content\"><div class=\"post-content-inner\"><p>Ya est\u00e1\u00a0abierta la inscripci\u00f3n\u00a0para participar en la\u00a0IV Yincana Universitaria por la Movilidad...<\/p>\n<\/div><\/div><\/article><\/div><\/div><\/div><\/div><\/div><\/div>\n","protected":false},"excerpt":{"rendered":"","protected":false},"author":1,"featured_media":43,"parent":0,"menu_order":0,"comment_status":"closed","ping_status":"closed","template":"","meta":{"cybocfi_hide_featured_image":"","footnotes":""},"class_list":["post-1000","page","type-page","status-publish","has-post-thumbnail","hentry"],"yoast_head":"<!-- This site is optimized with the Yoast SEO plugin v28.4 - https:\/\/yoast.com\/product\/yoast-seo-wordpress\/ -->\n<title>Agenda - Oficina Verde<\/title>\n<meta name=\"robots\" content=\"index, follow, max-snippet:-1, max-image-preview:large, max-video-preview:-1\" \/>\n<link rel=\"canonical\" href=\"https:\/\/www.urjc2030.es\/ov\/agenda\/\" \/>\n<meta property=\"og:locale\" content=\"es_ES\" \/>\n<meta property=\"og:type\" content=\"article\" \/>\n<meta property=\"og:title\" content=\"Agenda - Oficina Verde\" \/>\n<meta property=\"og:url\" content=\"https:\/\/www.urjc2030.es\/ov\/agenda\/\" \/>\n<meta property=\"og:site_name\" content=\"Oficina Verde\" \/>\n<meta property=\"article:publisher\" content=\"https:\/\/www.facebook.com\/universidadreyjuancarlos\" \/>\n<meta property=\"article:modified_time\" content=\"2026-08-09T08:42:40+00:00\" \/>\n<meta property=\"og:image\" content=\"https:\/\/www.urjc2030.es\/ov\/wp-content\/uploads\/sites\/8\/2020\/10\/img-post.jpg\" \/>\n\t<meta property=\"og:image:width\" content=\"600\" \/>\n\t<meta property=\"og:image:height\" content=\"413\" \/>\n\t<meta property=\"og:image:type\" content=\"image\/jpeg\" \/>\n<meta name=\"twitter:card\" content=\"summary_large_image\" \/>\n<meta name=\"twitter:site\" content=\"@urjc\" \/>\n<script type=\"application\/ld+json\" class=\"yoast-schema-graph\">{\"@context\":\"https:\\\/\\\/schema.org\",\"@graph\":[{\"@type\":\"WebPage\",\"@id\":\"https:\\\/\\\/www.urjc2030.es\\\/ov\\\/agenda\\\/\",\"url\":\"https:\\\/\\\/www.urjc2030.es\\\/ov\\\/agenda\\\/\",\"name\":\"Agenda - Oficina Verde\",\"isPartOf\":{\"@id\":\"https:\\\/\\\/www.urjc2030.es\\\/ov\\\/#website\"},\"primaryImageOfPage\":{\"@id\":\"https:\\\/\\\/www.urjc2030.es\\\/ov\\\/agenda\\\/#primaryimage\"},\"image\":{\"@id\":\"https:\\\/\\\/www.urjc2030.es\\\/ov\\\/agenda\\\/#primaryimage\"},\"thumbnailUrl\":\"https:\\\/\\\/www.urjc2030.es\\\/ov\\\/wp-content\\\/uploads\\\/sites\\\/8\\\/2020\\\/10\\\/img-post.jpg\",\"datePublished\":\"2020-10-29T19:53:05+00:00\",\"dateModified\":\"2026-08-09T08:42:40+00:00\",\"breadcrumb\":{\"@id\":\"https:\\\/\\\/www.urjc2030.es\\\/ov\\\/agenda\\\/#breadcrumb\"},\"inLanguage\":\"es\",\"potentialAction\":[{\"@type\":\"ReadAction\",\"target\":[\"https:\\\/\\\/www.urjc2030.es\\\/ov\\\/agenda\\\/\"]}]},{\"@type\":\"ImageObject\",\"inLanguage\":\"es\",\"@id\":\"https:\\\/\\\/www.urjc2030.es\\\/ov\\\/agenda\\\/#primaryimage\",\"url\":\"https:\\\/\\\/www.urjc2030.es\\\/ov\\\/wp-content\\\/uploads\\\/sites\\\/8\\\/2020\\\/10\\\/img-post.jpg\",\"contentUrl\":\"https:\\\/\\\/www.urjc2030.es\\\/ov\\\/wp-content\\\/uploads\\\/sites\\\/8\\\/2020\\\/10\\\/img-post.jpg\",\"width\":600,\"height\":413,\"caption\":\"Logotipo Universidad Rey Juan Carlos\"},{\"@type\":\"BreadcrumbList\",\"@id\":\"https:\\\/\\\/www.urjc2030.es\\\/ov\\\/agenda\\\/#breadcrumb\",\"itemListElement\":[{\"@type\":\"ListItem\",\"position\":1,\"name\":\"Portada\",\"item\":\"https:\\\/\\\/www.urjc2030.es\\\/ov\\\/\"},{\"@type\":\"ListItem\",\"position\":2,\"name\":\"Agenda\"}]},{\"@type\":\"WebSite\",\"@id\":\"https:\\\/\\\/www.urjc2030.es\\\/ov\\\/#website\",\"url\":\"https:\\\/\\\/www.urjc2030.es\\\/ov\\\/\",\"name\":\"Oficina Verde\",\"description\":\"Trabaja para incorporar la sostenibilidad en cualquier \u00e1mbito de nuestra universidad (docencia, investigaci\u00f3n, administraci\u00f3n y gesti\u00f3n)\",\"publisher\":{\"@id\":\"https:\\\/\\\/www.urjc2030.es\\\/ov\\\/#organization\"},\"potentialAction\":[{\"@type\":\"SearchAction\",\"target\":{\"@type\":\"EntryPoint\",\"urlTemplate\":\"https:\\\/\\\/www.urjc2030.es\\\/ov\\\/?s={search_term_string}\"},\"query-input\":{\"@type\":\"PropertyValueSpecification\",\"valueRequired\":true,\"valueName\":\"search_term_string\"}}],\"inLanguage\":\"es\"},{\"@type\":\"Organization\",\"@id\":\"https:\\\/\\\/www.urjc2030.es\\\/ov\\\/#organization\",\"name\":\"Universidad Rey Juan Carlos\",\"url\":\"https:\\\/\\\/www.urjc2030.es\\\/ov\\\/\",\"logo\":{\"@type\":\"ImageObject\",\"inLanguage\":\"es\",\"@id\":\"https:\\\/\\\/www.urjc2030.es\\\/ov\\\/#\\\/schema\\\/logo\\\/image\\\/\",\"url\":\"https:\\\/\\\/www.urjc2030.es\\\/ov\\\/wp-content\\\/uploads\\\/sites\\\/8\\\/2020\\\/10\\\/logoURJC.png\",\"contentUrl\":\"https:\\\/\\\/www.urjc2030.es\\\/ov\\\/wp-content\\\/uploads\\\/sites\\\/8\\\/2020\\\/10\\\/logoURJC.png\",\"width\":800,\"height\":305,\"caption\":\"Universidad Rey Juan Carlos\"},\"image\":{\"@id\":\"https:\\\/\\\/www.urjc2030.es\\\/ov\\\/#\\\/schema\\\/logo\\\/image\\\/\"},\"sameAs\":[\"https:\\\/\\\/www.facebook.com\\\/universidadreyjuancarlos\",\"https:\\\/\\\/x.com\\\/urjc\",\"https:\\\/\\\/www.instagram.com\\\/urjc_uni\\\/?hl=es\"]}]}<\/script>\n<!-- \/ Yoast SEO plugin. -->","yoast_head_json":{"title":"Agenda - Oficina Verde","robots":{"index":"index","follow":"follow","max-snippet":"max-snippet:-1","max-image-preview":"max-image-preview:large","max-video-preview":"max-video-preview:-1"},"canonical":"https:\/\/www.urjc2030.es\/ov\/agenda\/","og_locale":"es_ES","og_type":"article","og_title":"Agenda - Oficina Verde","og_url":"https:\/\/www.urjc2030.es\/ov\/agenda\/","og_site_name":"Oficina Verde","article_publisher":"https:\/\/www.facebook.com\/universidadreyjuancarlos","article_modified_time":"2026-08-09T08:42:40+00:00","og_image":[{"width":600,"height":413,"url":"https:\/\/www.urjc2030.es\/ov\/wp-content\/uploads\/sites\/8\/2020\/10\/img-post.jpg","type":"image\/jpeg"}],"twitter_card":"summary_large_image","twitter_site":"@urjc","schema":{"@context":"https:\/\/schema.org","@graph":[{"@type":"WebPage","@id":"https:\/\/www.urjc2030.es\/ov\/agenda\/","url":"https:\/\/www.urjc2030.es\/ov\/agenda\/","name":"Agenda - Oficina Verde","isPartOf":{"@id":"https:\/\/www.urjc2030.es\/ov\/#website"},"primaryImageOfPage":{"@id":"https:\/\/www.urjc2030.es\/ov\/agenda\/#primaryimage"},"image":{"@id":"https:\/\/www.urjc2030.es\/ov\/agenda\/#primaryimage"},"thumbnailUrl":"https:\/\/www.urjc2030.es\/ov\/wp-content\/uploads\/sites\/8\/2020\/10\/img-post.jpg","datePublished":"2020-10-29T19:53:05+00:00","dateModified":"2026-08-09T08:42:40+00:00","breadcrumb":{"@id":"https:\/\/www.urjc2030.es\/ov\/agenda\/#breadcrumb"},"inLanguage":"es","potentialAction":[{"@type":"ReadAction","target":["https:\/\/www.urjc2030.es\/ov\/agenda\/"]}]},{"@type":"ImageObject","inLanguage":"es","@id":"https:\/\/www.urjc2030.es\/ov\/agenda\/#primaryimage","url":"https:\/\/www.urjc2030.es\/ov\/wp-content\/uploads\/sites\/8\/2020\/10\/img-post.jpg","contentUrl":"https:\/\/www.urjc2030.es\/ov\/wp-content\/uploads\/sites\/8\/2020\/10\/img-post.jpg","width":600,"height":413,"caption":"Logotipo Universidad Rey Juan Carlos"},{"@type":"BreadcrumbList","@id":"https:\/\/www.urjc2030.es\/ov\/agenda\/#breadcrumb","itemListElement":[{"@type":"ListItem","position":1,"name":"Portada","item":"https:\/\/www.urjc2030.es\/ov\/"},{"@type":"ListItem","position":2,"name":"Agenda"}]},{"@type":"WebSite","@id":"https:\/\/www.urjc2030.es\/ov\/#website","url":"https:\/\/www.urjc2030.es\/ov\/","name":"Oficina Verde","description":"Trabaja para incorporar la sostenibilidad en cualquier \u00e1mbito de nuestra universidad (docencia, investigaci\u00f3n, administraci\u00f3n y gesti\u00f3n)","publisher":{"@id":"https:\/\/www.urjc2030.es\/ov\/#organization"},"potentialAction":[{"@type":"SearchAction","target":{"@type":"EntryPoint","urlTemplate":"https:\/\/www.urjc2030.es\/ov\/?s={search_term_string}"},"query-input":{"@type":"PropertyValueSpecification","valueRequired":true,"valueName":"search_term_string"}}],"inLanguage":"es"},{"@type":"Organization","@id":"https:\/\/www.urjc2030.es\/ov\/#organization","name":"Universidad Rey Juan Carlos","url":"https:\/\/www.urjc2030.es\/ov\/","logo":{"@type":"ImageObject","inLanguage":"es","@id":"https:\/\/www.urjc2030.es\/ov\/#\/schema\/logo\/image\/","url":"https:\/\/www.urjc2030.es\/ov\/wp-content\/uploads\/sites\/8\/2020\/10\/logoURJC.png","contentUrl":"https:\/\/www.urjc2030.es\/ov\/wp-content\/uploads\/sites\/8\/2020\/10\/logoURJC.png","width":800,"height":305,"caption":"Universidad Rey Juan Carlos"},"image":{"@id":"https:\/\/www.urjc2030.es\/ov\/#\/schema\/logo\/image\/"},"sameAs":["https:\/\/www.facebook.com\/universidadreyjuancarlos","https:\/\/x.com\/urjc","https:\/\/www.instagram.com\/urjc_uni\/?hl=es"]}]}},"_links":{"self":[{"href":"https:\/\/www.urjc2030.es\/ov\/wp-json\/wp\/v2\/pages\/1000","targetHints":{"allow":["GET"]}}],"collection":[{"href":"https:\/\/www.urjc2030.es\/ov\/wp-json\/wp\/v2\/pages"}],"about":[{"href":"https:\/\/www.urjc2030.es\/ov\/wp-json\/wp\/v2\/types\/page"}],"author":[{"embeddable":true,"href":"https:\/\/www.urjc2030.es\/ov\/wp-json\/wp\/v2\/users\/1"}],"replies":[{"embeddable":true,"href":"https:\/\/www.urjc2030.es\/ov\/wp-json\/wp\/v2\/comments?post=1000"}],"version-history":[{"count":3,"href":"https:\/\/www.urjc2030.es\/ov\/wp-json\/wp\/v2\/pages\/1000\/revisions"}],"predecessor-version":[{"id":1646,"href":"https:\/\/www.urjc2030.es\/ov\/wp-json\/wp\/v2\/pages\/1000\/revisions\/1646"}],"wp:featuredmedia":[{"embeddable":true,"href":"https:\/\/www.urjc2030.es\/ov\/wp-json\/wp\/v2\/media\/43"}],"wp:attachment":[{"href":"https:\/\/www.urjc2030.es\/ov\/wp-json\/wp\/v2\/media?parent=1000"}],"curies":[{"name":"wp","href":"https:\/\/api.w.org\/{rel}","templated":true}]}}