{"id":1237,"date":"2021-10-29T15:31:03","date_gmt":"2021-10-29T15:31:03","guid":{"rendered":"https:\/\/www.urjc2030.es\/ov\/?page_id=1237"},"modified":"2026-08-09T08:42:48","modified_gmt":"2026-08-09T08:42:48","slug":"transporte","status":"publish","type":"page","link":"https:\/\/www.urjc2030.es\/ov\/mejora-y-reduce-tu-huella-ecologica\/transporte\/","title":{"rendered":"Encuesta de Transporte"},"content":{"rendered":"\n<div class=\"et_pb_section_0 et_pb_section et_section_regular et_block_section\"><div class=\"et_pb_row_0 et_pb_row et_block_row\"><div class=\"et_pb_column_0 et_pb_column et_pb_column_4_4 et-last-child et_block_column et_pb_css_mix_blend_mode_passthrough\"><div class=\"et_pb_text_0 et_pb_text et_pb_bg_layout_light et_pb_module et_block_module\"><div class=\"et_pb_text_inner\"><p><a class=\"color-grey\" href=\"https:\/\/www.urjc2030.es\/ov\/mejora-y-reduce-tu-huella-ecologica\/\">Mejora y reduce tu huella ecol\u00f3gica<\/a> &gt; Encuesta de Alimentaci\u00f3n<\/p>\n<\/div><\/div><\/div><\/div><\/div><div class=\"et_pb_section_1 et_pb_section et_section_regular et_block_section\" id=\"la-unidad\"><div class=\"et_pb_row_1 et_pb_row et_block_row\"><div class=\"et_pb_column_1 et_pb_column et_pb_column_4_4 et-last-child et_block_column et_pb_css_mix_blend_mode_passthrough\"><div class=\"et_pb_text_1 et_pb_text et_pb_bg_layout_light et_animated et_pb_module et_block_module color-grey uppercase\"><div class=\"et_pb_text_inner\"><h4>Encuesta 4 de 5<\/h4>\n<\/div><\/div><div class=\"et_pb_text_2 et_pb_text et_pb_bg_layout_light et_animated et_pb_module et_block_module color-grey uppercase\"><div class=\"et_pb_text_inner\"><h3>Transporte<\/h3>\n<\/div><\/div><div class=\"et_pb_text_3 et_pb_text et_pb_bg_layout_light et_animated et_clickable et_pb_module et_block_module color-grey uppercase\"><div class=\"et_pb_text_inner\"><h2><strong>MEJORA TU MEN\u00da DE TRANSPORTE<\/strong><\/h2>\n<\/div><\/div><\/div><\/div><\/div><div class=\"et_pb_section_2 et_pb_section et_section_regular et_block_section\" id=\"huella-ecologica\"><div class=\"et_pb_row_2 et_pb_row et_pb_equal_columns et_block_row\"><div class=\"et_pb_column_2 et_pb_column et_pb_column_3_5 et_block_column et_pb_css_mix_blend_mode_passthrough\"><div class=\"et_pb_text_4 et_pb_text et_pb_bg_layout_light et_pb_module et_block_module et_pb_text_align_justified\"><div class=\"et_pb_text_inner\"><p>Cuando hablamos de men\u00fa de transporte nos referimos a la variedad de procedimientos que empleas para tus desplazamientos. \u00bfSueles ir a pie a todas partes? \u00bfO eres de las personas que usan el coche hasta para ir a comprar el pan? Entre ambos extremos hay todo un mundo de posibilidades, con diferentes impactos sobre el medio ambiente, tu econom\u00eda y tu salud.<\/p>\n<p>Establece tu men\u00fa de transporte con esta sencilla encuesta, comprueba tus resultados y luego examina las posibilidades que tienes de hacerlo menos oneroso para el planeta, usando su emisi\u00f3n de CO\u2082 como indicador.<\/p>\n<p>El indicador superior indicar\u00e1 cu\u00e1nto gas de efecto invernadero emite (a lo largo de un a\u00f1o) tu opci\u00f3n de transporte, en kilogramos. Al final, obtendr\u00e1s un indicador de eficiencia de tu men\u00fa de transporte medido en kg de CO\u2082 lanzados a la atm\u00f3sfera por cada kil\u00f3metro recorrido. Te tomar\u00e1 5 minutos cumplimentarla.<\/p>\n<\/div><\/div><div class=\"et_pb_module et_pb_button_module_wrapper et_pb_button_0_wrapper\"><a class=\"et_pb_button_0 et_pb_button et_pb_bg_layout_light et_pb_module et_block_module\" href=\"https:\/\/mejorayreducetuhuellaecologica.es\/\" target=\"_blank\">Accede a la encuesta<\/a><\/div><\/div><div class=\"et_pb_column_3 et_pb_column et_pb_column_2_5 et-last-child et_block_column et_pb_css_mix_blend_mode_passthrough\"><div class=\"et_pb_image_0 et_pb_image et_animated et_pb_module et_block_module\"><span class=\"et_pb_image_wrap\"><img loading=\"lazy\" decoding=\"async\" src=\"https:\/\/www.urjc2030.es\/ov\/wp-content\/uploads\/sites\/8\/2026\/01\/transporte.webp\" width=\"600\" height=\"600\" srcset=\"https:\/\/www.urjc2030.es\/ov\/wp-content\/uploads\/sites\/8\/2026\/01\/transporte.webp 600w, https:\/\/www.urjc2030.es\/ov\/wp-content\/uploads\/sites\/8\/2026\/01\/transporte-480x480.webp 480w\" sizes=\"(min-width: 0px) and (max-width: 480px) 480px, (min-width: 481px) 600px, 100vw\" class=\"wp-image-1614\" alt=\"Transporte\" title=\"transporte\" \/><\/span><\/div><\/div><\/div><\/div>\n","protected":false},"excerpt":{"rendered":"","protected":false},"author":1,"featured_media":43,"parent":1158,"menu_order":0,"comment_status":"closed","ping_status":"closed","template":"","meta":{"cybocfi_hide_featured_image":"","footnotes":""},"class_list":["post-1237","page","type-page","status-publish","has-post-thumbnail","hentry"],"yoast_head":"<!-- This site is optimized with the Yoast SEO plugin v28.4 - https:\/\/yoast.com\/product\/yoast-seo-wordpress\/ -->\n<title>Encuesta de Transporte - Oficina Verde<\/title>\n<meta name=\"robots\" content=\"index, follow, max-snippet:-1, max-image-preview:large, max-video-preview:-1\" \/>\n<link rel=\"canonical\" href=\"https:\/\/www.urjc2030.es\/ov\/mejora-y-reduce-tu-huella-ecologica\/transporte\/\" \/>\n<meta property=\"og:locale\" content=\"es_ES\" \/>\n<meta property=\"og:type\" content=\"article\" \/>\n<meta property=\"og:title\" content=\"Encuesta de Transporte - Oficina Verde\" \/>\n<meta property=\"og:url\" content=\"https:\/\/www.urjc2030.es\/ov\/mejora-y-reduce-tu-huella-ecologica\/transporte\/\" \/>\n<meta property=\"og:site_name\" content=\"Oficina Verde\" \/>\n<meta property=\"article:publisher\" content=\"https:\/\/www.facebook.com\/universidadreyjuancarlos\" \/>\n<meta property=\"article:modified_time\" content=\"2026-08-09T08:42:48+00:00\" \/>\n<meta property=\"og:image\" content=\"https:\/\/www.urjc2030.es\/ov\/wp-content\/uploads\/sites\/8\/2020\/10\/img-post.jpg\" \/>\n\t<meta property=\"og:image:width\" content=\"600\" \/>\n\t<meta property=\"og:image:height\" content=\"413\" \/>\n\t<meta property=\"og:image:type\" content=\"image\/jpeg\" \/>\n<meta name=\"twitter:card\" content=\"summary_large_image\" \/>\n<meta name=\"twitter:site\" content=\"@urjc\" \/>\n<script type=\"application\/ld+json\" class=\"yoast-schema-graph\">{\"@context\":\"https:\\\/\\\/schema.org\",\"@graph\":[{\"@type\":\"WebPage\",\"@id\":\"https:\\\/\\\/www.urjc2030.es\\\/ov\\\/mejora-y-reduce-tu-huella-ecologica\\\/transporte\\\/\",\"url\":\"https:\\\/\\\/www.urjc2030.es\\\/ov\\\/mejora-y-reduce-tu-huella-ecologica\\\/transporte\\\/\",\"name\":\"Encuesta de Transporte - Oficina Verde\",\"isPartOf\":{\"@id\":\"https:\\\/\\\/www.urjc2030.es\\\/ov\\\/#website\"},\"primaryImageOfPage\":{\"@id\":\"https:\\\/\\\/www.urjc2030.es\\\/ov\\\/mejora-y-reduce-tu-huella-ecologica\\\/transporte\\\/#primaryimage\"},\"image\":{\"@id\":\"https:\\\/\\\/www.urjc2030.es\\\/ov\\\/mejora-y-reduce-tu-huella-ecologica\\\/transporte\\\/#primaryimage\"},\"thumbnailUrl\":\"https:\\\/\\\/www.urjc2030.es\\\/ov\\\/wp-content\\\/uploads\\\/sites\\\/8\\\/2020\\\/10\\\/img-post.jpg\",\"datePublished\":\"2021-10-29T15:31:03+00:00\",\"dateModified\":\"2026-08-09T08:42:48+00:00\",\"breadcrumb\":{\"@id\":\"https:\\\/\\\/www.urjc2030.es\\\/ov\\\/mejora-y-reduce-tu-huella-ecologica\\\/transporte\\\/#breadcrumb\"},\"inLanguage\":\"es\",\"potentialAction\":[{\"@type\":\"ReadAction\",\"target\":[\"https:\\\/\\\/www.urjc2030.es\\\/ov\\\/mejora-y-reduce-tu-huella-ecologica\\\/transporte\\\/\"]}]},{\"@type\":\"ImageObject\",\"inLanguage\":\"es\",\"@id\":\"https:\\\/\\\/www.urjc2030.es\\\/ov\\\/mejora-y-reduce-tu-huella-ecologica\\\/transporte\\\/#primaryimage\",\"url\":\"https:\\\/\\\/www.urjc2030.es\\\/ov\\\/wp-content\\\/uploads\\\/sites\\\/8\\\/2020\\\/10\\\/img-post.jpg\",\"contentUrl\":\"https:\\\/\\\/www.urjc2030.es\\\/ov\\\/wp-content\\\/uploads\\\/sites\\\/8\\\/2020\\\/10\\\/img-post.jpg\",\"width\":600,\"height\":413,\"caption\":\"Logotipo Universidad Rey Juan Carlos\"},{\"@type\":\"BreadcrumbList\",\"@id\":\"https:\\\/\\\/www.urjc2030.es\\\/ov\\\/mejora-y-reduce-tu-huella-ecologica\\\/transporte\\\/#breadcrumb\",\"itemListElement\":[{\"@type\":\"ListItem\",\"position\":1,\"name\":\"Portada\",\"item\":\"https:\\\/\\\/www.urjc2030.es\\\/ov\\\/\"},{\"@type\":\"ListItem\",\"position\":2,\"name\":\"Mejora y Reduce tu Huella Ecol\u00f3gica\",\"item\":\"https:\\\/\\\/www.urjc2030.es\\\/ov\\\/mejora-y-reduce-tu-huella-ecologica\\\/\"},{\"@type\":\"ListItem\",\"position\":3,\"name\":\"Encuesta de Transporte\"}]},{\"@type\":\"WebSite\",\"@id\":\"https:\\\/\\\/www.urjc2030.es\\\/ov\\\/#website\",\"url\":\"https:\\\/\\\/www.urjc2030.es\\\/ov\\\/\",\"name\":\"Oficina Verde\",\"description\":\"Trabaja para incorporar la sostenibilidad en cualquier \u00e1mbito de nuestra universidad (docencia, investigaci\u00f3n, administraci\u00f3n y gesti\u00f3n)\",\"publisher\":{\"@id\":\"https:\\\/\\\/www.urjc2030.es\\\/ov\\\/#organization\"},\"potentialAction\":[{\"@type\":\"SearchAction\",\"target\":{\"@type\":\"EntryPoint\",\"urlTemplate\":\"https:\\\/\\\/www.urjc2030.es\\\/ov\\\/?s={search_term_string}\"},\"query-input\":{\"@type\":\"PropertyValueSpecification\",\"valueRequired\":true,\"valueName\":\"search_term_string\"}}],\"inLanguage\":\"es\"},{\"@type\":\"Organization\",\"@id\":\"https:\\\/\\\/www.urjc2030.es\\\/ov\\\/#organization\",\"name\":\"Universidad Rey Juan Carlos\",\"url\":\"https:\\\/\\\/www.urjc2030.es\\\/ov\\\/\",\"logo\":{\"@type\":\"ImageObject\",\"inLanguage\":\"es\",\"@id\":\"https:\\\/\\\/www.urjc2030.es\\\/ov\\\/#\\\/schema\\\/logo\\\/image\\\/\",\"url\":\"https:\\\/\\\/www.urjc2030.es\\\/ov\\\/wp-content\\\/uploads\\\/sites\\\/8\\\/2020\\\/10\\\/logoURJC.png\",\"contentUrl\":\"https:\\\/\\\/www.urjc2030.es\\\/ov\\\/wp-content\\\/uploads\\\/sites\\\/8\\\/2020\\\/10\\\/logoURJC.png\",\"width\":800,\"height\":305,\"caption\":\"Universidad Rey Juan Carlos\"},\"image\":{\"@id\":\"https:\\\/\\\/www.urjc2030.es\\\/ov\\\/#\\\/schema\\\/logo\\\/image\\\/\"},\"sameAs\":[\"https:\\\/\\\/www.facebook.com\\\/universidadreyjuancarlos\",\"https:\\\/\\\/x.com\\\/urjc\",\"https:\\\/\\\/www.instagram.com\\\/urjc_uni\\\/?hl=es\"]}]}<\/script>\n<!-- \/ Yoast SEO plugin. -->","yoast_head_json":{"title":"Encuesta de Transporte - Oficina Verde","robots":{"index":"index","follow":"follow","max-snippet":"max-snippet:-1","max-image-preview":"max-image-preview:large","max-video-preview":"max-video-preview:-1"},"canonical":"https:\/\/www.urjc2030.es\/ov\/mejora-y-reduce-tu-huella-ecologica\/transporte\/","og_locale":"es_ES","og_type":"article","og_title":"Encuesta de Transporte - Oficina Verde","og_url":"https:\/\/www.urjc2030.es\/ov\/mejora-y-reduce-tu-huella-ecologica\/transporte\/","og_site_name":"Oficina Verde","article_publisher":"https:\/\/www.facebook.com\/universidadreyjuancarlos","article_modified_time":"2026-08-09T08:42:48+00:00","og_image":[{"width":600,"height":413,"url":"https:\/\/www.urjc2030.es\/ov\/wp-content\/uploads\/sites\/8\/2020\/10\/img-post.jpg","type":"image\/jpeg"}],"twitter_card":"summary_large_image","twitter_site":"@urjc","schema":{"@context":"https:\/\/schema.org","@graph":[{"@type":"WebPage","@id":"https:\/\/www.urjc2030.es\/ov\/mejora-y-reduce-tu-huella-ecologica\/transporte\/","url":"https:\/\/www.urjc2030.es\/ov\/mejora-y-reduce-tu-huella-ecologica\/transporte\/","name":"Encuesta de Transporte - Oficina Verde","isPartOf":{"@id":"https:\/\/www.urjc2030.es\/ov\/#website"},"primaryImageOfPage":{"@id":"https:\/\/www.urjc2030.es\/ov\/mejora-y-reduce-tu-huella-ecologica\/transporte\/#primaryimage"},"image":{"@id":"https:\/\/www.urjc2030.es\/ov\/mejora-y-reduce-tu-huella-ecologica\/transporte\/#primaryimage"},"thumbnailUrl":"https:\/\/www.urjc2030.es\/ov\/wp-content\/uploads\/sites\/8\/2020\/10\/img-post.jpg","datePublished":"2021-10-29T15:31:03+00:00","dateModified":"2026-08-09T08:42:48+00:00","breadcrumb":{"@id":"https:\/\/www.urjc2030.es\/ov\/mejora-y-reduce-tu-huella-ecologica\/transporte\/#breadcrumb"},"inLanguage":"es","potentialAction":[{"@type":"ReadAction","target":["https:\/\/www.urjc2030.es\/ov\/mejora-y-reduce-tu-huella-ecologica\/transporte\/"]}]},{"@type":"ImageObject","inLanguage":"es","@id":"https:\/\/www.urjc2030.es\/ov\/mejora-y-reduce-tu-huella-ecologica\/transporte\/#primaryimage","url":"https:\/\/www.urjc2030.es\/ov\/wp-content\/uploads\/sites\/8\/2020\/10\/img-post.jpg","contentUrl":"https:\/\/www.urjc2030.es\/ov\/wp-content\/uploads\/sites\/8\/2020\/10\/img-post.jpg","width":600,"height":413,"caption":"Logotipo Universidad Rey Juan Carlos"},{"@type":"BreadcrumbList","@id":"https:\/\/www.urjc2030.es\/ov\/mejora-y-reduce-tu-huella-ecologica\/transporte\/#breadcrumb","itemListElement":[{"@type":"ListItem","position":1,"name":"Portada","item":"https:\/\/www.urjc2030.es\/ov\/"},{"@type":"ListItem","position":2,"name":"Mejora y Reduce tu Huella Ecol\u00f3gica","item":"https:\/\/www.urjc2030.es\/ov\/mejora-y-reduce-tu-huella-ecologica\/"},{"@type":"ListItem","position":3,"name":"Encuesta de Transporte"}]},{"@type":"WebSite","@id":"https:\/\/www.urjc2030.es\/ov\/#website","url":"https:\/\/www.urjc2030.es\/ov\/","name":"Oficina Verde","description":"Trabaja para incorporar la sostenibilidad en cualquier \u00e1mbito de nuestra universidad (docencia, investigaci\u00f3n, administraci\u00f3n y gesti\u00f3n)","publisher":{"@id":"https:\/\/www.urjc2030.es\/ov\/#organization"},"potentialAction":[{"@type":"SearchAction","target":{"@type":"EntryPoint","urlTemplate":"https:\/\/www.urjc2030.es\/ov\/?s={search_term_string}"},"query-input":{"@type":"PropertyValueSpecification","valueRequired":true,"valueName":"search_term_string"}}],"inLanguage":"es"},{"@type":"Organization","@id":"https:\/\/www.urjc2030.es\/ov\/#organization","name":"Universidad Rey Juan Carlos","url":"https:\/\/www.urjc2030.es\/ov\/","logo":{"@type":"ImageObject","inLanguage":"es","@id":"https:\/\/www.urjc2030.es\/ov\/#\/schema\/logo\/image\/","url":"https:\/\/www.urjc2030.es\/ov\/wp-content\/uploads\/sites\/8\/2020\/10\/logoURJC.png","contentUrl":"https:\/\/www.urjc2030.es\/ov\/wp-content\/uploads\/sites\/8\/2020\/10\/logoURJC.png","width":800,"height":305,"caption":"Universidad Rey Juan Carlos"},"image":{"@id":"https:\/\/www.urjc2030.es\/ov\/#\/schema\/logo\/image\/"},"sameAs":["https:\/\/www.facebook.com\/universidadreyjuancarlos","https:\/\/x.com\/urjc","https:\/\/www.instagram.com\/urjc_uni\/?hl=es"]}]}},"_links":{"self":[{"href":"https:\/\/www.urjc2030.es\/ov\/wp-json\/wp\/v2\/pages\/1237","targetHints":{"allow":["GET"]}}],"collection":[{"href":"https:\/\/www.urjc2030.es\/ov\/wp-json\/wp\/v2\/pages"}],"about":[{"href":"https:\/\/www.urjc2030.es\/ov\/wp-json\/wp\/v2\/types\/page"}],"author":[{"embeddable":true,"href":"https:\/\/www.urjc2030.es\/ov\/wp-json\/wp\/v2\/users\/1"}],"replies":[{"embeddable":true,"href":"https:\/\/www.urjc2030.es\/ov\/wp-json\/wp\/v2\/comments?post=1237"}],"version-history":[{"count":11,"href":"https:\/\/www.urjc2030.es\/ov\/wp-json\/wp\/v2\/pages\/1237\/revisions"}],"predecessor-version":[{"id":1653,"href":"https:\/\/www.urjc2030.es\/ov\/wp-json\/wp\/v2\/pages\/1237\/revisions\/1653"}],"up":[{"embeddable":true,"href":"https:\/\/www.urjc2030.es\/ov\/wp-json\/wp\/v2\/pages\/1158"}],"wp:featuredmedia":[{"embeddable":true,"href":"https:\/\/www.urjc2030.es\/ov\/wp-json\/wp\/v2\/media\/43"}],"wp:attachment":[{"href":"https:\/\/www.urjc2030.es\/ov\/wp-json\/wp\/v2\/media?parent=1237"}],"curies":[{"name":"wp","href":"https:\/\/api.w.org\/{rel}","templated":true}]}}