{"id":1328,"date":"2021-11-24T19:00:01","date_gmt":"2021-11-24T19:00:01","guid":{"rendered":"https:\/\/www.urjc2030.es\/ov\/?page_id=1328"},"modified":"2026-08-09T08:42:50","modified_gmt":"2026-08-09T08:42:50","slug":"actividades-estudiantes","status":"publish","type":"page","link":"https:\/\/www.urjc2030.es\/ov\/actividades-estudiantes\/","title":{"rendered":"Actividades"},"content":{"rendered":"\n<div class=\"et_pb_section_0 et_pb_section et_section_regular et_block_section section_has_divider et_pb_bottom_divider\"><div class=\"et_pb_row_0 et_pb_row et_block_row\"><div class=\"et_pb_column_0 et_pb_column et_pb_column_4_4 et-last-child et_block_column et_pb_css_mix_blend_mode_passthrough\"><div class=\"et_pb_text_0 et_pb_text et_pb_bg_layout_light et_animated et_pb_module et_block_module color-grey uppercase\"><div class=\"et_pb_text_inner\"><h1>Actividades para <span class=\"color-red\">estudiantes URJC<\/span><\/h1>\n<\/div><\/div><\/div><\/div><div class=\"et_pb_bottom_inside_divider et-no-transition\"><\/div><\/div><div class=\"et_pb_section_1 et_pb_section et_section_regular et_block_section\" id=\"noticias\"><div class=\"et_pb_row_1 et_pb_row et_block_row\"><div class=\"et_pb_column_1 et_pb_column et_pb_column_4_4 et-last-child et_block_column et_pb_css_mix_blend_mode_passthrough\"><div class=\"et_pb_text_1 et_pb_text et_pb_bg_layout_light et_animated et_pb_module et_block_module size-40 color-grey uppercase\"><div class=\"et_pb_text_inner\"><h2>Actividades de la Unidad<\/h2>\n<\/div><\/div><div class=\"et_pb_divider_0 et_pb_divider et_pb_space et_pb_divider_position_top et_pb_module\"><div class=\"et_pb_divider_internal\"><\/div><\/div><\/div><\/div><div class=\"et_pb_row_2 et_pb_row et_block_row\"><div class=\"et_pb_column_2 et_pb_column et_pb_column_4_4 et-last-child et_block_column et_pb_css_mix_blend_mode_passthrough\"><div class=\"et_pb_blog_0 et_pb_blog et_pb_bg_layout_light et_pb_posts et_pb_module\"><div class=\"et_pb_ajax_pagination_container\"><div class=\"et_pb_blog_posts et_grid_module\"><article class=\"et_pb_post et_pb_post_id_1553 clearfix et_pb_blog_item_0_0 post-1553 post type-post status-publish format-standard has-post-thumbnail hentry category-actividades-ov\"><div class=\"et_pb_image_container\"><a href=\"https:\/\/www.urjc2030.es\/ov\/iniciacion-a-la-educacion-ambiental-en-voluntariado\/\" class=\"entry-featured-image-url\"><img loading=\"lazy\" decoding=\"async\" src=\"https:\/\/www.urjc2030.es\/ov\/wp-content\/uploads\/sites\/8\/2025\/01\/educacion-ambiental-1.jpg\" width=\"400\" height=\"250\" alt=\"Iniciaci\u00f3n a la educaci\u00f3n ambiental en voluntariado\" class=\"\" srcset=\"https:\/\/www.urjc2030.es\/ov\/wp-content\/uploads\/sites\/8\/2025\/01\/educacion-ambiental-1.jpg 479w, https:\/\/www.urjc2030.es\/ov\/wp-content\/uploads\/sites\/8\/2025\/01\/educacion-ambiental-1-400x250.jpg 480w\" sizes=\"(max-width:479px) 479px, 100vw\" \/><span data-icon=\"\ue050\" class=\"et_overlay et_pb_inline_icon\"><\/span><\/a><\/div><h3 class=\"entry-title\"><a href=\"https:\/\/www.urjc2030.es\/ov\/iniciacion-a-la-educacion-ambiental-en-voluntariado\/\">Iniciaci\u00f3n a la educaci\u00f3n ambiental en voluntariado<\/a><\/h3><p class=\"post-meta\"><span class=\"published\">Ene 31, 2025<\/span> | <span class=\"entry-categories\"><a href=\"https:\/\/www.urjc2030.es\/ov\/actividades-ov\/\" rel=\"tag\">Actividades<\/a><\/span><\/p><div class=\"post-content\"><div class=\"post-content-inner\"><p>En este curso de sensibilizaci\u00f3n ambiental, se tratar\u00e1n diversos aspectos del desarrollo...<\/p>\n<\/div><\/div><\/article><article class=\"et_pb_post et_pb_post_id_1546 clearfix et_pb_blog_item_0_1 post-1546 post type-post status-publish format-standard has-post-thumbnail hentry category-actividades-ov\"><div class=\"et_pb_image_container\"><a href=\"https:\/\/www.urjc2030.es\/ov\/en-madrid-cada-plato-es-un-paisaje-por-otra-alimentacion-jovenes-en-accion\/\" class=\"entry-featured-image-url\"><img loading=\"lazy\" decoding=\"async\" src=\"https:\/\/www.urjc2030.es\/ov\/wp-content\/uploads\/sites\/8\/2025\/01\/plato-paisaje-1.jpg\" width=\"400\" height=\"250\" alt=\"En Madrid Cada Plato es un paisaje. \u00a1Por otra alimentaci\u00f3n, j\u00f3venes en acci\u00f3n!\" class=\"\" srcset=\"https:\/\/www.urjc2030.es\/ov\/wp-content\/uploads\/sites\/8\/2025\/01\/plato-paisaje-1.jpg 479w, https:\/\/www.urjc2030.es\/ov\/wp-content\/uploads\/sites\/8\/2025\/01\/plato-paisaje-1-400x250.jpg 480w\" sizes=\"(max-width:479px) 479px, 100vw\" \/><span data-icon=\"\ue050\" class=\"et_overlay et_pb_inline_icon\"><\/span><\/a><\/div><h3 class=\"entry-title\"><a href=\"https:\/\/www.urjc2030.es\/ov\/en-madrid-cada-plato-es-un-paisaje-por-otra-alimentacion-jovenes-en-accion\/\">En Madrid Cada Plato es un paisaje. \u00a1Por otra alimentaci\u00f3n, j\u00f3venes en acci\u00f3n!<\/a><\/h3><p class=\"post-meta\"><span class=\"published\">Ene 31, 2025<\/span> | <span class=\"entry-categories\"><a href=\"https:\/\/www.urjc2030.es\/ov\/actividades-ov\/\" rel=\"tag\">Actividades<\/a><\/span><\/p><div class=\"post-content\"><div class=\"post-content-inner\"><p>\u00bfTe apetece comer sin devorar el planeta? \u00bfConoces las opciones de alimentaci\u00f3n sostenible y...<\/p>\n<\/div><\/div><\/article><article class=\"et_pb_post et_pb_post_id_1538 clearfix et_pb_blog_item_0_2 post-1538 post type-post status-publish format-standard has-post-thumbnail hentry category-actividades-ov\"><div class=\"et_pb_image_container\"><a href=\"https:\/\/www.urjc2030.es\/ov\/aula-verde\/\" class=\"entry-featured-image-url\"><img loading=\"lazy\" decoding=\"async\" src=\"https:\/\/www.urjc2030.es\/ov\/wp-content\/uploads\/sites\/8\/2025\/01\/aula-verde.jpg\" width=\"400\" height=\"250\" alt=\"Aula verde\" class=\"\" srcset=\"https:\/\/www.urjc2030.es\/ov\/wp-content\/uploads\/sites\/8\/2025\/01\/aula-verde.jpg 479w, https:\/\/www.urjc2030.es\/ov\/wp-content\/uploads\/sites\/8\/2025\/01\/aula-verde-400x250.jpg 480w\" sizes=\"(max-width:479px) 479px, 100vw\" \/><span data-icon=\"\ue050\" class=\"et_overlay et_pb_inline_icon\"><\/span><\/a><\/div><h3 class=\"entry-title\"><a href=\"https:\/\/www.urjc2030.es\/ov\/aula-verde\/\">Aula verde<\/a><\/h3><p class=\"post-meta\"><span class=\"published\">Ene 31, 2025<\/span> | <span class=\"entry-categories\"><a href=\"https:\/\/www.urjc2030.es\/ov\/actividades-ov\/\" rel=\"tag\">Actividades<\/a><\/span><\/p><div class=\"post-content\"><div class=\"post-content-inner\"><p>Es una iniciativa colaborativa de la Oficina Verde, para formar agentes de cambio en la comunidad...<\/p>\n<\/div><\/div><\/article><article class=\"et_pb_post et_pb_post_id_1441 clearfix et_pb_blog_item_0_3 post-1441 post type-post status-publish format-standard has-post-thumbnail hentry category-actividades-ov\"><div class=\"et_pb_image_container\"><a href=\"https:\/\/www.urjc2030.es\/ov\/parking-day\/\" class=\"entry-featured-image-url\"><img loading=\"lazy\" decoding=\"async\" src=\"https:\/\/www.urjc2030.es\/ov\/wp-content\/uploads\/sites\/8\/2023\/09\/cartel.jpg\" width=\"400\" height=\"250\" alt=\"cartel\" class=\"\" srcset=\"https:\/\/www.urjc2030.es\/ov\/wp-content\/uploads\/sites\/8\/2023\/09\/cartel.jpg 479w, https:\/\/www.urjc2030.es\/ov\/wp-content\/uploads\/sites\/8\/2023\/09\/cartel-400x250.jpg 480w\" sizes=\"(max-width:479px) 479px, 100vw\" \/><span data-icon=\"\ue050\" class=\"et_overlay et_pb_inline_icon\"><\/span><\/a><\/div><h3 class=\"entry-title\"><a href=\"https:\/\/www.urjc2030.es\/ov\/parking-day\/\">Parking day<\/a><\/h3><p class=\"post-meta\"><span class=\"published\">Sep 26, 2023<\/span> | <span class=\"entry-categories\"><a href=\"https:\/\/www.urjc2030.es\/ov\/actividades-ov\/\" rel=\"tag\">Actividades<\/a><\/span><\/p><div class=\"post-content\"><div class=\"post-content-inner\"><p>Los coches son responsables de la quinta parte de las emisiones de CO2 de toda la Uni\u00f3n Europea y...<\/p>\n<\/div><\/div><\/article><article class=\"et_pb_post et_pb_post_id_1412 clearfix et_pb_blog_item_0_4 post-1412 post type-post status-publish format-standard has-post-thumbnail hentry category-actividades-ov\"><div class=\"et_pb_image_container\"><a href=\"https:\/\/www.urjc2030.es\/ov\/la-universidad-te-da-planton\/\" class=\"entry-featured-image-url\"><img loading=\"lazy\" decoding=\"async\" src=\"https:\/\/www.urjc2030.es\/ov\/wp-content\/uploads\/sites\/8\/2022\/11\/La-Universidad-te-da-Planto\u0301n_Cartel-URJC-Argu\u0308elles.j-pg-scaled-1.jpeg\" width=\"400\" height=\"250\" alt=\"La-Universidad-te-da-Planto\u0301n_Cartel-URJC-Argu\u0308elles.j-pg-scaled\" class=\"\" srcset=\"https:\/\/www.urjc2030.es\/ov\/wp-content\/uploads\/sites\/8\/2022\/11\/La-Universidad-te-da-Planto\u0301n_Cartel-URJC-Argu\u0308elles.j-pg-scaled-1.jpeg 479w, https:\/\/www.urjc2030.es\/ov\/wp-content\/uploads\/sites\/8\/2022\/11\/La-Universidad-te-da-Planto\u0301n_Cartel-URJC-Argu\u0308elles.j-pg-scaled-1-400x250.jpeg 480w\" sizes=\"(max-width:479px) 479px, 100vw\" \/><span data-icon=\"\ue050\" class=\"et_overlay et_pb_inline_icon\"><\/span><\/a><\/div><h3 class=\"entry-title\"><a href=\"https:\/\/www.urjc2030.es\/ov\/la-universidad-te-da-planton\/\">LA UNIVERSIDAD TE DA PLANT\u00d3N<\/a><\/h3><p class=\"post-meta\"><span class=\"published\">Nov 8, 2022<\/span> | <span class=\"entry-categories\"><a href=\"https:\/\/www.urjc2030.es\/ov\/actividades-ov\/\" rel=\"tag\">Actividades<\/a><\/span><\/p><div class=\"post-content\"><div class=\"post-content-inner\"><p>\u201cLA UNIVERSIDAD TE DA PLANT\u00d3N\u201d es una acci\u00f3n organizada desde la Oficina Verde y el Programa...<\/p>\n<\/div><\/div><\/article><article class=\"et_pb_post et_pb_post_id_1409 clearfix et_pb_blog_item_0_5 post-1409 post type-post status-publish format-standard has-post-thumbnail hentry category-actividades-ov\"><div class=\"et_pb_image_container\"><a href=\"https:\/\/www.urjc2030.es\/ov\/comer-bien-es-bueno-para-ti-y-mejor-para-el-planeta\/\" class=\"entry-featured-image-url\"><img loading=\"lazy\" decoding=\"async\" src=\"https:\/\/www.urjc2030.es\/ov\/wp-content\/uploads\/sites\/8\/2020\/10\/urjc-oficina-verde.png\" width=\"400\" height=\"165\" alt=\"Logotipo de la Oficina Verde | URJC\" class=\"\" srcset=\"https:\/\/www.urjc2030.es\/ov\/wp-content\/uploads\/sites\/8\/2020\/10\/urjc-oficina-verde.png 479w, https:\/\/www.urjc2030.es\/ov\/wp-content\/uploads\/sites\/8\/2020\/10\/urjc-oficina-verde-400x165.png 480w\" sizes=\"(max-width:479px) 479px, 100vw\" \/><span data-icon=\"\ue050\" class=\"et_overlay et_pb_inline_icon\"><\/span><\/a><\/div><h3 class=\"entry-title\"><a href=\"https:\/\/www.urjc2030.es\/ov\/comer-bien-es-bueno-para-ti-y-mejor-para-el-planeta\/\">Comer bien es bueno para ti y mejor para el planeta<\/a><\/h3><p class=\"post-meta\"><span class=\"published\">Nov 8, 2022<\/span> | <span class=\"entry-categories\"><a href=\"https:\/\/www.urjc2030.es\/ov\/actividades-ov\/\" rel=\"tag\">Actividades<\/a><\/span><\/p><div class=\"post-content\"><div class=\"post-content-inner\"><p>El Programa Universidad Saludable y Oficina Verde organizan esta jornada online dirigida a toda la...<\/p>\n<\/div><\/div><\/article><article class=\"et_pb_post et_pb_post_id_1406 clearfix et_pb_blog_item_0_6 post-1406 post type-post status-publish format-standard has-post-thumbnail hentry category-actividades-ov\"><div class=\"et_pb_image_container\"><a href=\"https:\/\/www.urjc2030.es\/ov\/ruta-ciclista-intercampus-urjc\/\" class=\"entry-featured-image-url\"><img loading=\"lazy\" decoding=\"async\" src=\"https:\/\/www.urjc2030.es\/ov\/wp-content\/uploads\/sites\/8\/2022\/11\/Imagen.png\" width=\"400\" height=\"250\" alt=\"ruta\" class=\"\" srcset=\"https:\/\/www.urjc2030.es\/ov\/wp-content\/uploads\/sites\/8\/2022\/11\/Imagen.png 479w, https:\/\/www.urjc2030.es\/ov\/wp-content\/uploads\/sites\/8\/2022\/11\/Imagen-400x250.png 480w\" sizes=\"(max-width:479px) 479px, 100vw\" \/><span data-icon=\"\ue050\" class=\"et_overlay et_pb_inline_icon\"><\/span><\/a><\/div><h3 class=\"entry-title\"><a href=\"https:\/\/www.urjc2030.es\/ov\/ruta-ciclista-intercampus-urjc\/\">Ruta ciclista intercampus URJC<\/a><\/h3><p class=\"post-meta\"><span class=\"published\">Nov 8, 2022<\/span> | <span class=\"entry-categories\"><a href=\"https:\/\/www.urjc2030.es\/ov\/actividades-ov\/\" rel=\"tag\">Actividades<\/a><\/span><\/p><div class=\"post-content\"><div class=\"post-content-inner\"><p>El objetivo de esta actividad es recorrer la ruta circular\u00a0ciclista\u00a0que conecta los campus de...<\/p>\n<\/div><\/div><\/article><article class=\"et_pb_post et_pb_post_id_1383 clearfix et_pb_blog_item_0_7 post-1383 post type-post status-publish format-standard has-post-thumbnail hentry category-actividades-ov\"><div class=\"et_pb_image_container\"><a href=\"https:\/\/www.urjc2030.es\/ov\/talleres-formativos-huerto-urbano-agroecologico-urjc\/\" class=\"entry-featured-image-url\"><img loading=\"lazy\" decoding=\"async\" src=\"https:\/\/www.urjc2030.es\/ov\/wp-content\/uploads\/sites\/8\/2022\/04\/NUEVO-Cartel-ciclo-talleres-huerto-urbano-2022.jpg\" width=\"400\" height=\"250\" alt=\"Cartel-ciclo-talleres-huerto-urbano-2022-actualizado\" class=\"\" srcset=\"https:\/\/www.urjc2030.es\/ov\/wp-content\/uploads\/sites\/8\/2022\/04\/NUEVO-Cartel-ciclo-talleres-huerto-urbano-2022.jpg 479w, https:\/\/www.urjc2030.es\/ov\/wp-content\/uploads\/sites\/8\/2022\/04\/NUEVO-Cartel-ciclo-talleres-huerto-urbano-2022-400x250.jpg 480w\" sizes=\"(max-width:479px) 479px, 100vw\" \/><span data-icon=\"\ue050\" class=\"et_overlay et_pb_inline_icon\"><\/span><\/a><\/div><h3 class=\"entry-title\"><a href=\"https:\/\/www.urjc2030.es\/ov\/talleres-formativos-huerto-urbano-agroecologico-urjc\/\">Talleres Formativos \u201cHuerto Urbano Agroecol\u00f3gico URJC\u201d<\/a><\/h3><p class=\"post-meta\"><span class=\"published\">Abr 19, 2022<\/span> | <span class=\"entry-categories\"><a href=\"https:\/\/www.urjc2030.es\/ov\/actividades-ov\/\" rel=\"tag\">Actividades<\/a><\/span><\/p><div class=\"post-content\"><div class=\"post-content-inner\"><p>La Oficina Verde organiza una serie de talleres de \u201cHuerto urbano agroecol\u00f3gico URJC\u201d. \u00a0Fechas y...<\/p>\n<\/div><\/div><\/article><article class=\"et_pb_post et_pb_post_id_1376 clearfix et_pb_blog_item_0_8 post-1376 post type-post status-publish format-standard has-post-thumbnail hentry category-actividades-ov\"><div class=\"et_pb_image_container\"><a href=\"https:\/\/www.urjc2030.es\/ov\/evento-ideathon-de-innovacion-sostenible\/\" class=\"entry-featured-image-url\"><img loading=\"lazy\" decoding=\"async\" src=\"https:\/\/www.urjc2030.es\/ov\/wp-content\/uploads\/sites\/8\/2022\/04\/Cartel-Ideathon.jpg\" width=\"400\" height=\"250\" alt=\"Ideathon\" class=\"\" srcset=\"https:\/\/www.urjc2030.es\/ov\/wp-content\/uploads\/sites\/8\/2022\/04\/Cartel-Ideathon.jpg 479w, https:\/\/www.urjc2030.es\/ov\/wp-content\/uploads\/sites\/8\/2022\/04\/Cartel-Ideathon-400x250.jpg 480w\" sizes=\"(max-width:479px) 479px, 100vw\" \/><span data-icon=\"\ue050\" class=\"et_overlay et_pb_inline_icon\"><\/span><\/a><\/div><h3 class=\"entry-title\"><a href=\"https:\/\/www.urjc2030.es\/ov\/evento-ideathon-de-innovacion-sostenible\/\">Evento \u201cIdeathon de innovaci\u00f3n sostenible\u201d<\/a><\/h3><p class=\"post-meta\"><span class=\"published\">Abr 8, 2022<\/span> | <span class=\"entry-categories\"><a href=\"https:\/\/www.urjc2030.es\/ov\/actividades-ov\/\" rel=\"tag\">Actividades<\/a><\/span><\/p><div class=\"post-content\"><div class=\"post-content-inner\"><p>La Oficina Verde participa en la organizaci\u00f3n de la Ideathon de Innovaci\u00f3n Sostenible. Fecha y...<\/p>\n<\/div><\/div><\/article><article class=\"et_pb_post et_pb_post_id_1356 clearfix et_pb_blog_item_0_9 post-1356 post type-post status-publish format-standard has-post-thumbnail hentry category-actividades-ov\"><div class=\"et_pb_image_container\"><a href=\"https:\/\/www.urjc2030.es\/ov\/jornada-la-economia-social-en-la-agenda-2030-que-es-la-economia-social-y-como-contribuye-al-desarrollo-sostenible-2\/\" class=\"entry-featured-image-url\"><img loading=\"lazy\" decoding=\"async\" src=\"https:\/\/www.urjc2030.es\/ov\/wp-content\/uploads\/sites\/8\/2022\/03\/Imagen-1.png\" width=\"260\" height=\"229\" alt=\"logo\" class=\"\" srcset=\"https:\/\/www.urjc2030.es\/ov\/wp-content\/uploads\/sites\/8\/2022\/03\/Imagen-1.png 479w, https:\/\/www.urjc2030.es\/ov\/wp-content\/uploads\/sites\/8\/2022\/03\/Imagen-1.png 480w\" sizes=\"(max-width:479px) 479px, 100vw\" \/><span data-icon=\"\ue050\" class=\"et_overlay et_pb_inline_icon\"><\/span><\/a><\/div><h3 class=\"entry-title\"><a href=\"https:\/\/www.urjc2030.es\/ov\/jornada-la-economia-social-en-la-agenda-2030-que-es-la-economia-social-y-como-contribuye-al-desarrollo-sostenible-2\/\">Jornada \u201cLa econom\u00eda social en la agenda 2030. \u00bfQu\u00e9 es la econom\u00eda social y c\u00f3mo contribuye al desarrollo sostenible?<\/a><\/h3><p class=\"post-meta\"><span class=\"published\">Mar 9, 2022<\/span> | <span class=\"entry-categories\"><a href=\"https:\/\/www.urjc2030.es\/ov\/actividades-ov\/\" rel=\"tag\">Actividades<\/a><\/span><\/p><div class=\"post-content\"><div class=\"post-content-inner\"><p>La Econom\u00eda Social en la Agenda 2030. \u00bfQu\u00e9 es la Econom\u00eda Social y c\u00f3mo contribuye al desarrollo...<\/p>\n<\/div><\/div><\/article><article class=\"et_pb_post et_pb_post_id_1331 clearfix et_pb_blog_item_0_10 post-1331 post type-post status-publish format-standard has-post-thumbnail hentry category-actividades-ov\"><div class=\"et_pb_image_container\"><a href=\"https:\/\/www.urjc2030.es\/ov\/la-universidad-te-da-calabazas\/\" class=\"entry-featured-image-url\"><img loading=\"lazy\" decoding=\"async\" src=\"https:\/\/www.urjc2030.es\/ov\/wp-content\/uploads\/sites\/8\/2021\/11\/calabazas-msotoles.jpg\" width=\"400\" height=\"250\" alt=\"La Universidad te da calabazas\" class=\"\" srcset=\"https:\/\/www.urjc2030.es\/ov\/wp-content\/uploads\/sites\/8\/2021\/11\/calabazas-msotoles.jpg 479w, https:\/\/www.urjc2030.es\/ov\/wp-content\/uploads\/sites\/8\/2021\/11\/calabazas-msotoles-400x250.jpg 480w\" sizes=\"(max-width:479px) 479px, 100vw\" \/><span data-icon=\"\ue050\" class=\"et_overlay et_pb_inline_icon\"><\/span><\/a><\/div><h3 class=\"entry-title\"><a href=\"https:\/\/www.urjc2030.es\/ov\/la-universidad-te-da-calabazas\/\">La Universidad te da calabazas<\/a><\/h3><p class=\"post-meta\"><span class=\"published\">Nov 24, 2021<\/span> | <span class=\"entry-categories\"><a href=\"https:\/\/www.urjc2030.es\/ov\/actividades-ov\/\" rel=\"tag\">Actividades<\/a><\/span><\/p><div class=\"post-content\"><div class=\"post-content-inner\"><p>Descripci\u00f3n: \u201cLA UNIVERSIDAD TE DA CALABAZAS\u201d es una acci\u00f3n organizada desde la Oficina Verde y el...<\/p>\n<\/div><\/div><\/article><article class=\"et_pb_post et_pb_post_id_1350 clearfix et_pb_blog_item_0_11 post-1350 post type-post status-publish format-standard has-post-thumbnail hentry category-actividades-ov\"><div class=\"et_pb_image_container\"><a href=\"https:\/\/www.urjc2030.es\/ov\/jornada-proyectos-que-alimentan\/\" class=\"entry-featured-image-url\"><img loading=\"lazy\" decoding=\"async\" src=\"https:\/\/www.urjc2030.es\/ov\/wp-content\/uploads\/sites\/8\/2020\/10\/img-post.jpg\" width=\"400\" height=\"250\" alt=\"Logotipo Universidad Rey Juan Carlos\" class=\"\" srcset=\"https:\/\/www.urjc2030.es\/ov\/wp-content\/uploads\/sites\/8\/2020\/10\/img-post.jpg 479w, https:\/\/www.urjc2030.es\/ov\/wp-content\/uploads\/sites\/8\/2020\/10\/img-post-400x250.jpg 480w\" sizes=\"(max-width:479px) 479px, 100vw\" \/><span data-icon=\"\ue050\" class=\"et_overlay et_pb_inline_icon\"><\/span><\/a><\/div><h3 class=\"entry-title\"><a href=\"https:\/\/www.urjc2030.es\/ov\/jornada-proyectos-que-alimentan\/\">Jornada \u00abProyectos que alimentan\u00bb<\/a><\/h3><p class=\"post-meta\"><span class=\"published\">Nov 23, 2021<\/span> | <span class=\"entry-categories\"><a href=\"https:\/\/www.urjc2030.es\/ov\/actividades-ov\/\" rel=\"tag\">Actividades<\/a><\/span><\/p><div class=\"post-content\"><div class=\"post-content-inner\"><p>Descripci\u00f3n: Desde el\u00a0Programa Universidad Saludable\u00a0y la\u00a0Oficina Verde, organizamos esta jornada...<\/p>\n<\/div><\/div><\/article><\/div><\/div><\/div><\/div><\/div><\/div>\n","protected":false},"excerpt":{"rendered":"","protected":false},"author":1,"featured_media":43,"parent":0,"menu_order":0,"comment_status":"closed","ping_status":"closed","template":"","meta":{"cybocfi_hide_featured_image":"","footnotes":""},"class_list":["post-1328","page","type-page","status-publish","has-post-thumbnail","hentry"],"yoast_head":"<!-- This site is optimized with the Yoast SEO plugin v28.4 - https:\/\/yoast.com\/product\/yoast-seo-wordpress\/ -->\n<title>Actividades - Oficina Verde<\/title>\n<meta name=\"robots\" content=\"index, follow, max-snippet:-1, max-image-preview:large, max-video-preview:-1\" \/>\n<link rel=\"canonical\" href=\"https:\/\/www.urjc2030.es\/ov\/actividades-estudiantes\/\" \/>\n<meta property=\"og:locale\" content=\"es_ES\" \/>\n<meta property=\"og:type\" content=\"article\" \/>\n<meta property=\"og:title\" content=\"Actividades - Oficina Verde\" \/>\n<meta property=\"og:url\" content=\"https:\/\/www.urjc2030.es\/ov\/actividades-estudiantes\/\" \/>\n<meta property=\"og:site_name\" content=\"Oficina Verde\" \/>\n<meta property=\"article:publisher\" content=\"https:\/\/www.facebook.com\/universidadreyjuancarlos\" \/>\n<meta property=\"article:modified_time\" content=\"2026-08-09T08:42:50+00:00\" \/>\n<meta property=\"og:image\" content=\"https:\/\/www.urjc2030.es\/ov\/wp-content\/uploads\/sites\/8\/2020\/10\/img-post.jpg\" \/>\n\t<meta property=\"og:image:width\" content=\"600\" \/>\n\t<meta property=\"og:image:height\" content=\"413\" \/>\n\t<meta property=\"og:image:type\" content=\"image\/jpeg\" \/>\n<meta name=\"twitter:card\" content=\"summary_large_image\" \/>\n<meta name=\"twitter:site\" content=\"@urjc\" \/>\n<script type=\"application\/ld+json\" class=\"yoast-schema-graph\">{\"@context\":\"https:\\\/\\\/schema.org\",\"@graph\":[{\"@type\":\"WebPage\",\"@id\":\"https:\\\/\\\/www.urjc2030.es\\\/ov\\\/actividades-estudiantes\\\/\",\"url\":\"https:\\\/\\\/www.urjc2030.es\\\/ov\\\/actividades-estudiantes\\\/\",\"name\":\"Actividades - Oficina Verde\",\"isPartOf\":{\"@id\":\"https:\\\/\\\/www.urjc2030.es\\\/ov\\\/#website\"},\"primaryImageOfPage\":{\"@id\":\"https:\\\/\\\/www.urjc2030.es\\\/ov\\\/actividades-estudiantes\\\/#primaryimage\"},\"image\":{\"@id\":\"https:\\\/\\\/www.urjc2030.es\\\/ov\\\/actividades-estudiantes\\\/#primaryimage\"},\"thumbnailUrl\":\"https:\\\/\\\/www.urjc2030.es\\\/ov\\\/wp-content\\\/uploads\\\/sites\\\/8\\\/2020\\\/10\\\/img-post.jpg\",\"datePublished\":\"2021-11-24T19:00:01+00:00\",\"dateModified\":\"2026-08-09T08:42:50+00:00\",\"breadcrumb\":{\"@id\":\"https:\\\/\\\/www.urjc2030.es\\\/ov\\\/actividades-estudiantes\\\/#breadcrumb\"},\"inLanguage\":\"es\",\"potentialAction\":[{\"@type\":\"ReadAction\",\"target\":[\"https:\\\/\\\/www.urjc2030.es\\\/ov\\\/actividades-estudiantes\\\/\"]}]},{\"@type\":\"ImageObject\",\"inLanguage\":\"es\",\"@id\":\"https:\\\/\\\/www.urjc2030.es\\\/ov\\\/actividades-estudiantes\\\/#primaryimage\",\"url\":\"https:\\\/\\\/www.urjc2030.es\\\/ov\\\/wp-content\\\/uploads\\\/sites\\\/8\\\/2020\\\/10\\\/img-post.jpg\",\"contentUrl\":\"https:\\\/\\\/www.urjc2030.es\\\/ov\\\/wp-content\\\/uploads\\\/sites\\\/8\\\/2020\\\/10\\\/img-post.jpg\",\"width\":600,\"height\":413,\"caption\":\"Logotipo Universidad Rey Juan Carlos\"},{\"@type\":\"BreadcrumbList\",\"@id\":\"https:\\\/\\\/www.urjc2030.es\\\/ov\\\/actividades-estudiantes\\\/#breadcrumb\",\"itemListElement\":[{\"@type\":\"ListItem\",\"position\":1,\"name\":\"Portada\",\"item\":\"https:\\\/\\\/www.urjc2030.es\\\/ov\\\/\"},{\"@type\":\"ListItem\",\"position\":2,\"name\":\"Actividades\"}]},{\"@type\":\"WebSite\",\"@id\":\"https:\\\/\\\/www.urjc2030.es\\\/ov\\\/#website\",\"url\":\"https:\\\/\\\/www.urjc2030.es\\\/ov\\\/\",\"name\":\"Oficina Verde\",\"description\":\"Trabaja para incorporar la sostenibilidad en cualquier \u00e1mbito de nuestra universidad (docencia, investigaci\u00f3n, administraci\u00f3n y gesti\u00f3n)\",\"publisher\":{\"@id\":\"https:\\\/\\\/www.urjc2030.es\\\/ov\\\/#organization\"},\"potentialAction\":[{\"@type\":\"SearchAction\",\"target\":{\"@type\":\"EntryPoint\",\"urlTemplate\":\"https:\\\/\\\/www.urjc2030.es\\\/ov\\\/?s={search_term_string}\"},\"query-input\":{\"@type\":\"PropertyValueSpecification\",\"valueRequired\":true,\"valueName\":\"search_term_string\"}}],\"inLanguage\":\"es\"},{\"@type\":\"Organization\",\"@id\":\"https:\\\/\\\/www.urjc2030.es\\\/ov\\\/#organization\",\"name\":\"Universidad Rey Juan Carlos\",\"url\":\"https:\\\/\\\/www.urjc2030.es\\\/ov\\\/\",\"logo\":{\"@type\":\"ImageObject\",\"inLanguage\":\"es\",\"@id\":\"https:\\\/\\\/www.urjc2030.es\\\/ov\\\/#\\\/schema\\\/logo\\\/image\\\/\",\"url\":\"https:\\\/\\\/www.urjc2030.es\\\/ov\\\/wp-content\\\/uploads\\\/sites\\\/8\\\/2020\\\/10\\\/logoURJC.png\",\"contentUrl\":\"https:\\\/\\\/www.urjc2030.es\\\/ov\\\/wp-content\\\/uploads\\\/sites\\\/8\\\/2020\\\/10\\\/logoURJC.png\",\"width\":800,\"height\":305,\"caption\":\"Universidad Rey Juan Carlos\"},\"image\":{\"@id\":\"https:\\\/\\\/www.urjc2030.es\\\/ov\\\/#\\\/schema\\\/logo\\\/image\\\/\"},\"sameAs\":[\"https:\\\/\\\/www.facebook.com\\\/universidadreyjuancarlos\",\"https:\\\/\\\/x.com\\\/urjc\",\"https:\\\/\\\/www.instagram.com\\\/urjc_uni\\\/?hl=es\"]}]}<\/script>\n<!-- \/ Yoast SEO plugin. -->","yoast_head_json":{"title":"Actividades - Oficina Verde","robots":{"index":"index","follow":"follow","max-snippet":"max-snippet:-1","max-image-preview":"max-image-preview:large","max-video-preview":"max-video-preview:-1"},"canonical":"https:\/\/www.urjc2030.es\/ov\/actividades-estudiantes\/","og_locale":"es_ES","og_type":"article","og_title":"Actividades - Oficina Verde","og_url":"https:\/\/www.urjc2030.es\/ov\/actividades-estudiantes\/","og_site_name":"Oficina Verde","article_publisher":"https:\/\/www.facebook.com\/universidadreyjuancarlos","article_modified_time":"2026-08-09T08:42:50+00:00","og_image":[{"width":600,"height":413,"url":"https:\/\/www.urjc2030.es\/ov\/wp-content\/uploads\/sites\/8\/2020\/10\/img-post.jpg","type":"image\/jpeg"}],"twitter_card":"summary_large_image","twitter_site":"@urjc","schema":{"@context":"https:\/\/schema.org","@graph":[{"@type":"WebPage","@id":"https:\/\/www.urjc2030.es\/ov\/actividades-estudiantes\/","url":"https:\/\/www.urjc2030.es\/ov\/actividades-estudiantes\/","name":"Actividades - Oficina Verde","isPartOf":{"@id":"https:\/\/www.urjc2030.es\/ov\/#website"},"primaryImageOfPage":{"@id":"https:\/\/www.urjc2030.es\/ov\/actividades-estudiantes\/#primaryimage"},"image":{"@id":"https:\/\/www.urjc2030.es\/ov\/actividades-estudiantes\/#primaryimage"},"thumbnailUrl":"https:\/\/www.urjc2030.es\/ov\/wp-content\/uploads\/sites\/8\/2020\/10\/img-post.jpg","datePublished":"2021-11-24T19:00:01+00:00","dateModified":"2026-08-09T08:42:50+00:00","breadcrumb":{"@id":"https:\/\/www.urjc2030.es\/ov\/actividades-estudiantes\/#breadcrumb"},"inLanguage":"es","potentialAction":[{"@type":"ReadAction","target":["https:\/\/www.urjc2030.es\/ov\/actividades-estudiantes\/"]}]},{"@type":"ImageObject","inLanguage":"es","@id":"https:\/\/www.urjc2030.es\/ov\/actividades-estudiantes\/#primaryimage","url":"https:\/\/www.urjc2030.es\/ov\/wp-content\/uploads\/sites\/8\/2020\/10\/img-post.jpg","contentUrl":"https:\/\/www.urjc2030.es\/ov\/wp-content\/uploads\/sites\/8\/2020\/10\/img-post.jpg","width":600,"height":413,"caption":"Logotipo Universidad Rey Juan Carlos"},{"@type":"BreadcrumbList","@id":"https:\/\/www.urjc2030.es\/ov\/actividades-estudiantes\/#breadcrumb","itemListElement":[{"@type":"ListItem","position":1,"name":"Portada","item":"https:\/\/www.urjc2030.es\/ov\/"},{"@type":"ListItem","position":2,"name":"Actividades"}]},{"@type":"WebSite","@id":"https:\/\/www.urjc2030.es\/ov\/#website","url":"https:\/\/www.urjc2030.es\/ov\/","name":"Oficina Verde","description":"Trabaja para incorporar la sostenibilidad en cualquier \u00e1mbito de nuestra universidad (docencia, investigaci\u00f3n, administraci\u00f3n y gesti\u00f3n)","publisher":{"@id":"https:\/\/www.urjc2030.es\/ov\/#organization"},"potentialAction":[{"@type":"SearchAction","target":{"@type":"EntryPoint","urlTemplate":"https:\/\/www.urjc2030.es\/ov\/?s={search_term_string}"},"query-input":{"@type":"PropertyValueSpecification","valueRequired":true,"valueName":"search_term_string"}}],"inLanguage":"es"},{"@type":"Organization","@id":"https:\/\/www.urjc2030.es\/ov\/#organization","name":"Universidad Rey Juan Carlos","url":"https:\/\/www.urjc2030.es\/ov\/","logo":{"@type":"ImageObject","inLanguage":"es","@id":"https:\/\/www.urjc2030.es\/ov\/#\/schema\/logo\/image\/","url":"https:\/\/www.urjc2030.es\/ov\/wp-content\/uploads\/sites\/8\/2020\/10\/logoURJC.png","contentUrl":"https:\/\/www.urjc2030.es\/ov\/wp-content\/uploads\/sites\/8\/2020\/10\/logoURJC.png","width":800,"height":305,"caption":"Universidad Rey Juan Carlos"},"image":{"@id":"https:\/\/www.urjc2030.es\/ov\/#\/schema\/logo\/image\/"},"sameAs":["https:\/\/www.facebook.com\/universidadreyjuancarlos","https:\/\/x.com\/urjc","https:\/\/www.instagram.com\/urjc_uni\/?hl=es"]}]}},"_links":{"self":[{"href":"https:\/\/www.urjc2030.es\/ov\/wp-json\/wp\/v2\/pages\/1328","targetHints":{"allow":["GET"]}}],"collection":[{"href":"https:\/\/www.urjc2030.es\/ov\/wp-json\/wp\/v2\/pages"}],"about":[{"href":"https:\/\/www.urjc2030.es\/ov\/wp-json\/wp\/v2\/types\/page"}],"author":[{"embeddable":true,"href":"https:\/\/www.urjc2030.es\/ov\/wp-json\/wp\/v2\/users\/1"}],"replies":[{"embeddable":true,"href":"https:\/\/www.urjc2030.es\/ov\/wp-json\/wp\/v2\/comments?post=1328"}],"version-history":[{"count":6,"href":"https:\/\/www.urjc2030.es\/ov\/wp-json\/wp\/v2\/pages\/1328\/revisions"}],"predecessor-version":[{"id":1654,"href":"https:\/\/www.urjc2030.es\/ov\/wp-json\/wp\/v2\/pages\/1328\/revisions\/1654"}],"wp:featuredmedia":[{"embeddable":true,"href":"https:\/\/www.urjc2030.es\/ov\/wp-json\/wp\/v2\/media\/43"}],"wp:attachment":[{"href":"https:\/\/www.urjc2030.es\/ov\/wp-json\/wp\/v2\/media?parent=1328"}],"curies":[{"name":"wp","href":"https:\/\/api.w.org\/{rel}","templated":true}]}}