{"id":1487,"date":"2024-09-16T13:23:28","date_gmt":"2024-09-16T13:23:28","guid":{"rendered":"https:\/\/www.urjc2030.es\/ov\/?page_id=1487"},"modified":"2026-08-09T08:42:51","modified_gmt":"2026-08-09T08:42:51","slug":"recursos","status":"publish","type":"page","link":"https:\/\/www.urjc2030.es\/ov\/recursos\/","title":{"rendered":"Recursos"},"content":{"rendered":"\n<div class=\"et_pb_section_0 et_pb_section et_section_regular et_block_section section_has_divider et_pb_bottom_divider\"><div class=\"et_pb_row_0 et_pb_row et_block_row\"><div class=\"et_pb_column_0 et_pb_column et_pb_column_4_4 et-last-child et_block_column et_pb_css_mix_blend_mode_passthrough\"><div class=\"et_pb_text_0 et_pb_text et_pb_bg_layout_light et_animated et_pb_module et_block_module color-grey uppercase\"><div class=\"et_pb_text_inner\"><h1>Recursos<\/h1>\n<\/div><\/div><\/div><\/div><div class=\"et_pb_bottom_inside_divider et-no-transition\"><\/div><\/div><div class=\"et_pb_section_1 et_pb_section et_section_regular et_block_section\" id=\"noticias\"><div class=\"et_pb_row_1 et_pb_row et_block_row\"><div class=\"et_pb_column_1 et_pb_column et_pb_column_4_4 et-last-child et_block_column et_pb_css_mix_blend_mode_passthrough\"><div class=\"et_pb_text_1 et_pb_text et_pb_bg_layout_light et_animated et_pb_module et_block_module size-40 color-grey uppercase\"><div class=\"et_pb_text_inner\"><h2>Recursos de la Unidad<\/h2>\n<\/div><\/div><div class=\"et_pb_divider_0 et_pb_divider et_pb_space et_pb_divider_position_top et_pb_module\"><div class=\"et_pb_divider_internal\"><\/div><\/div><\/div><\/div><div class=\"et_pb_row_2 et_pb_row et_block_row\"><div class=\"et_pb_column_2 et_pb_column et_pb_column_1_2 et_block_column et_pb_css_mix_blend_mode_passthrough\"><div class=\"et_pb_blurb_0 et_pb_blurb et_pb_bg_layout_light et_pb_blurb_position_top et_pb_module et_block_module\"><div class=\"et_pb_blurb_content\"><div class=\"et_pb_main_blurb_image\"><a href=\"https:\/\/tv.urjc.es\/video\/657ab857f8ceb78d416ec4f9\" target=\"_blank\"><span class=\"et_pb_image_wrap et_pb_only_image_mode_wrap\"><img loading=\"lazy\" decoding=\"async\" src=\"https:\/\/www.urjc2030.es\/ov\/wp-content\/uploads\/sites\/8\/2024\/09\/video-residuos.jpg\" width=\"800\" height=\"600\" srcset=\"https:\/\/www.urjc2030.es\/ov\/wp-content\/uploads\/sites\/8\/2024\/09\/video-residuos.jpg 800w, https:\/\/www.urjc2030.es\/ov\/wp-content\/uploads\/sites\/8\/2024\/09\/video-residuos-480x360.jpg 480w\" sizes=\"(min-width: 0px) and (max-width: 480px) 480px, (min-width: 481px) 800px, 100vw\" class=\"wp-image-1496\" alt=\"Agua\" \/><\/span><\/a><\/div><div class=\"et_pb_blurb_container\"><h4 class=\"et_pb_module_header\"><a href=\"https:\/\/tv.urjc.es\/video\/657ab857f8ceb78d416ec4f9\" target=\"_blank\">Qu\u00e9 podemos hacer en materia de recursos<\/a><\/h4><\/div><\/div><\/div><\/div><div class=\"et_pb_column_3 et_pb_column et_pb_column_1_2 et-last-child et_block_column et_pb_css_mix_blend_mode_passthrough\"><div class=\"et_pb_blurb_1 et_pb_blurb et_pb_bg_layout_light et_pb_blurb_position_top et_pb_module et_block_module\"><div class=\"et_pb_blurb_content\"><div class=\"et_pb_main_blurb_image\"><a href=\"https:\/\/www.urjc2030.es\/ov\/wp-content\/uploads\/sites\/8\/2024\/09\/Como-gestionar-los-residuos.pdf\" target=\"_blank\"><span class=\"et_pb_image_wrap et_pb_only_image_mode_wrap\"><img loading=\"lazy\" decoding=\"async\" src=\"https:\/\/www.urjc2030.es\/ov\/wp-content\/uploads\/sites\/8\/2024\/09\/3-pasos-fundamentales.jpg\" width=\"800\" height=\"600\" srcset=\"https:\/\/www.urjc2030.es\/ov\/wp-content\/uploads\/sites\/8\/2024\/09\/3-pasos-fundamentales.jpg 800w, https:\/\/www.urjc2030.es\/ov\/wp-content\/uploads\/sites\/8\/2024\/09\/3-pasos-fundamentales-480x360.jpg 480w\" sizes=\"(min-width: 0px) and (max-width: 480px) 480px, (min-width: 481px) 800px, 100vw\" class=\"wp-image-1500\" alt=\"3 pasos fundamentales en la gesti\u00f3n de los residuos\" \/><\/span><\/a><\/div><div class=\"et_pb_blurb_container\"><h4 class=\"et_pb_module_header\"><a href=\"https:\/\/www.urjc2030.es\/ov\/wp-content\/uploads\/sites\/8\/2024\/09\/Como-gestionar-los-residuos.pdf\" target=\"_blank\">3 pasos fundamentales en la gesti\u00f3n de los residuos <\/a><\/h4><\/div><\/div><\/div><\/div><\/div><div class=\"et_pb_row_3 et_pb_row et_block_row\"><div class=\"et_pb_column_4 et_pb_column et_pb_column_1_2 et_block_column et_pb_css_mix_blend_mode_passthrough\"><div class=\"et_pb_blurb_2 et_pb_blurb et_pb_bg_layout_light et_pb_blurb_position_top et_pb_module et_block_module\"><div class=\"et_pb_blurb_content\"><div class=\"et_pb_main_blurb_image\"><a href=\"https:\/\/www.urjc2030.es\/ov\/wp-content\/uploads\/sites\/8\/2024\/09\/Como-separar-residuos-domesticos.pdf\" target=\"_blank\"><span class=\"et_pb_image_wrap et_pb_only_image_mode_wrap\"><img loading=\"lazy\" decoding=\"async\" src=\"https:\/\/www.urjc2030.es\/ov\/wp-content\/uploads\/sites\/8\/2024\/09\/como-separar-residuos-domesticos.jpg\" width=\"800\" height=\"600\" srcset=\"https:\/\/www.urjc2030.es\/ov\/wp-content\/uploads\/sites\/8\/2024\/09\/como-separar-residuos-domesticos.jpg 800w, https:\/\/www.urjc2030.es\/ov\/wp-content\/uploads\/sites\/8\/2024\/09\/como-separar-residuos-domesticos-480x360.jpg 480w\" sizes=\"(min-width: 0px) and (max-width: 480px) 480px, (min-width: 481px) 800px, 100vw\" class=\"wp-image-1505\" alt=\"C\u00f3mo separar los residuos dom\u00e9sticos\" \/><\/span><\/a><\/div><div class=\"et_pb_blurb_container\"><h4 class=\"et_pb_module_header\"><a href=\"https:\/\/www.urjc2030.es\/ov\/wp-content\/uploads\/sites\/8\/2024\/09\/Como-separar-residuos-domesticos.pdf\" target=\"_blank\">C\u00f3mo separar residuos dom\u00e9sticos<\/a><\/h4><\/div><\/div><\/div><\/div><div class=\"et_pb_column_5 et_pb_column et_pb_column_1_2 et-last-child et_block_column et_pb_css_mix_blend_mode_passthrough\"><div class=\"et_pb_blurb_3 et_pb_blurb et_pb_bg_layout_light et_pb_blurb_position_top et_pb_module et_block_module\"><div class=\"et_pb_blurb_content\"><div class=\"et_pb_main_blurb_image\"><a href=\"https:\/\/www.urjc2030.es\/ov\/wp-content\/uploads\/sites\/8\/2024\/09\/guia-de-buenas-practicas-para-la-realizacion-de-eventos-sostenibles-en-la-urjc.pdf\" target=\"_blank\"><span class=\"et_pb_image_wrap et_pb_only_image_mode_wrap\"><img loading=\"lazy\" decoding=\"async\" src=\"https:\/\/www.urjc2030.es\/ov\/wp-content\/uploads\/sites\/8\/2024\/09\/buenas-practicas-eventos-sostenibles.jpg\" width=\"800\" height=\"600\" srcset=\"https:\/\/www.urjc2030.es\/ov\/wp-content\/uploads\/sites\/8\/2024\/09\/buenas-practicas-eventos-sostenibles.jpg 800w, https:\/\/www.urjc2030.es\/ov\/wp-content\/uploads\/sites\/8\/2024\/09\/buenas-practicas-eventos-sostenibles-480x360.jpg 480w\" sizes=\"(min-width: 0px) and (max-width: 480px) 480px, (min-width: 481px) 800px, 100vw\" class=\"wp-image-1509\" alt=\"Gu\u00eda de Buenas pr\u00e1cticas para la realizaci\u00f3n de eventos sostenibles\" \/><\/span><\/a><\/div><div class=\"et_pb_blurb_container\"><h4 class=\"et_pb_module_header\"><a href=\"https:\/\/www.urjc2030.es\/ov\/wp-content\/uploads\/sites\/8\/2024\/09\/guia-de-buenas-practicas-para-la-realizacion-de-eventos-sostenibles-en-la-urjc.pdf\" target=\"_blank\">Gu\u00eda de Buenas pr\u00e1cticas para la realizaci\u00f3n de eventos sostenibles <\/a><\/h4><\/div><\/div><\/div><\/div><\/div><div class=\"et_pb_row_4 et_pb_row et_block_row\"><div class=\"et_pb_column_6 et_pb_column et_pb_column_1_2 et_block_column et_pb_css_mix_blend_mode_passthrough\"><div class=\"et_pb_blurb_4 et_pb_blurb et_pb_bg_layout_light et_pb_blurb_position_top et_pb_module et_block_module\"><div class=\"et_pb_blurb_content\"><div class=\"et_pb_main_blurb_image\"><a href=\"https:\/\/burjcdigital.urjc.es\/handle\/10115\/36155\" target=\"_blank\"><span class=\"et_pb_image_wrap et_pb_only_image_mode_wrap\"><img loading=\"lazy\" decoding=\"async\" src=\"https:\/\/www.urjc2030.es\/ov\/wp-content\/uploads\/sites\/8\/2024\/09\/guia-biota-charca.jpg\" width=\"800\" height=\"600\" srcset=\"https:\/\/www.urjc2030.es\/ov\/wp-content\/uploads\/sites\/8\/2024\/09\/guia-biota-charca.jpg 800w, https:\/\/www.urjc2030.es\/ov\/wp-content\/uploads\/sites\/8\/2024\/09\/guia-biota-charca-480x360.jpg 480w\" sizes=\"(min-width: 0px) and (max-width: 480px) 480px, (min-width: 481px) 800px, 100vw\" class=\"wp-image-1512\" alt=\"Gu\u00eda de la biota charca\" \/><\/span><\/a><\/div><div class=\"et_pb_blurb_container\"><h4 class=\"et_pb_module_header\"><a href=\"https:\/\/burjcdigital.urjc.es\/handle\/10115\/36155\" target=\"_blank\">Gu\u00eda de la biota de la charca del laboratorio CULTIVE <\/a><\/h4><\/div><\/div><\/div><\/div><div class=\"et_pb_column_7 et_pb_column et_pb_column_1_2 et-last-child et_block_column et_pb_css_mix_blend_mode_passthrough\"><div class=\"et_pb_blurb_5 et_pb_blurb et_pb_bg_layout_light et_pb_blurb_position_top et_pb_module et_block_module\"><div class=\"et_pb_blurb_content\"><div class=\"et_pb_main_blurb_image\"><a href=\"https:\/\/www.urjc2030.es\/ov\/wp-content\/uploads\/sites\/8\/2024\/09\/INFRAESTRUCTURA-VERDE.pdf\" target=\"_blank\"><span class=\"et_pb_image_wrap et_pb_only_image_mode_wrap\"><img loading=\"lazy\" decoding=\"async\" src=\"https:\/\/www.urjc2030.es\/ov\/wp-content\/uploads\/sites\/8\/2024\/09\/infraestructuras-verdes.jpg\" width=\"800\" height=\"600\" srcset=\"https:\/\/www.urjc2030.es\/ov\/wp-content\/uploads\/sites\/8\/2024\/09\/infraestructuras-verdes.jpg 800w, https:\/\/www.urjc2030.es\/ov\/wp-content\/uploads\/sites\/8\/2024\/09\/infraestructuras-verdes-480x360.jpg 480w\" sizes=\"(min-width: 0px) and (max-width: 480px) 480px, (min-width: 481px) 800px, 100vw\" class=\"wp-image-1514\" alt=\"Infraestructuras verdes urbanas\" \/><\/span><\/a><\/div><div class=\"et_pb_blurb_container\"><h4 class=\"et_pb_module_header\"><a href=\"https:\/\/www.urjc2030.es\/ov\/wp-content\/uploads\/sites\/8\/2024\/09\/INFRAESTRUCTURA-VERDE.pdf\" target=\"_blank\">Infraestructuras verdes urbanas <\/a><\/h4><\/div><\/div><\/div><\/div><\/div><div class=\"et_pb_row_5 et_pb_row et_block_row\"><div class=\"et_pb_column_8 et_pb_column et_pb_column_1_2 et_block_column et_pb_css_mix_blend_mode_passthrough\"><div class=\"et_pb_blurb_6 et_pb_blurb et_pb_bg_layout_light et_pb_blurb_position_top et_pb_module et_block_module\"><div class=\"et_pb_blurb_content\"><div class=\"et_pb_main_blurb_image\"><a href=\"https:\/\/www.urjc2030.es\/ov\/wp-content\/uploads\/sites\/8\/2024\/09\/BIODIVERSIDAD.pdf\" target=\"_blank\"><span class=\"et_pb_image_wrap et_pb_only_image_mode_wrap\"><img loading=\"lazy\" decoding=\"async\" src=\"https:\/\/www.urjc2030.es\/ov\/wp-content\/uploads\/sites\/8\/2024\/09\/biodiversidad-infraestructuras-verdes.jpg\" width=\"800\" height=\"600\" srcset=\"https:\/\/www.urjc2030.es\/ov\/wp-content\/uploads\/sites\/8\/2024\/09\/biodiversidad-infraestructuras-verdes.jpg 800w, https:\/\/www.urjc2030.es\/ov\/wp-content\/uploads\/sites\/8\/2024\/09\/biodiversidad-infraestructuras-verdes-480x360.jpg 480w\" sizes=\"(min-width: 0px) and (max-width: 480px) 480px, (min-width: 481px) 800px, 100vw\" class=\"wp-image-1518\" alt=\"Biodiversidad en las infraestructuras verdes urbanas\" \/><\/span><\/a><\/div><div class=\"et_pb_blurb_container\"><h4 class=\"et_pb_module_header\"><a href=\"https:\/\/www.urjc2030.es\/ov\/wp-content\/uploads\/sites\/8\/2024\/09\/BIODIVERSIDAD.pdf\" target=\"_blank\">Biodiversidad en las infraestructuras verdes urbanas <\/a><\/h4><\/div><\/div><\/div><\/div><div class=\"et_pb_column_9 et_pb_column et_pb_column_1_2 et-last-child et_block_column et_pb_css_mix_blend_mode_passthrough\"><div class=\"et_pb_blurb_7 et_pb_blurb et_pb_bg_layout_light et_pb_blurb_position_top et_pb_module et_block_module\"><div class=\"et_pb_blurb_content\"><div class=\"et_pb_main_blurb_image\"><a href=\"https:\/\/www.urjc2030.es\/ov\/wp-content\/uploads\/sites\/8\/2024\/09\/El-agua-y-las-infraestructuras-verdes-en-entrono-urbano.pdf\" target=\"_blank\"><span class=\"et_pb_image_wrap et_pb_only_image_mode_wrap\"><img loading=\"lazy\" decoding=\"async\" src=\"https:\/\/www.urjc2030.es\/ov\/wp-content\/uploads\/sites\/8\/2024\/09\/el-agua-infraestructuras-verdes.jpg\" width=\"800\" height=\"600\" srcset=\"https:\/\/www.urjc2030.es\/ov\/wp-content\/uploads\/sites\/8\/2024\/09\/el-agua-infraestructuras-verdes.jpg 800w, https:\/\/www.urjc2030.es\/ov\/wp-content\/uploads\/sites\/8\/2024\/09\/el-agua-infraestructuras-verdes-480x360.jpg 480w\" sizes=\"(min-width: 0px) and (max-width: 480px) 480px, (min-width: 481px) 800px, 100vw\" class=\"wp-image-1519\" alt=\"El agua en las infraestructuras verdes\" \/><\/span><\/a><\/div><div class=\"et_pb_blurb_container\"><h4 class=\"et_pb_module_header\"><a href=\"https:\/\/www.urjc2030.es\/ov\/wp-content\/uploads\/sites\/8\/2024\/09\/El-agua-y-las-infraestructuras-verdes-en-entrono-urbano.pdf\" target=\"_blank\">El agua en las infraestructuras verdes <\/a><\/h4><\/div><\/div><\/div><\/div><\/div><\/div><div class=\"et_pb_section_2 et_pb_section et_section_regular et_block_section\" id=\"enlaces-de-interes\"><div class=\"et_pb_row_6 et_pb_row et_block_row\"><div class=\"et_pb_column_10 et_pb_column et_pb_column_4_4 et-last-child et_block_column et_pb_css_mix_blend_mode_passthrough\"><div class=\"et_pb_text_2 et_pb_text et_pb_bg_layout_light et_animated et_pb_module et_block_module size-40 color-grey uppercase\"><div class=\"et_pb_text_inner\"><h2>Sostenibilidad en la Docencia Universitaria<\/h2>\n<\/div><\/div><div class=\"et_pb_divider_1 et_pb_divider et_pb_space et_pb_divider_position_top et_pb_module\"><div class=\"et_pb_divider_internal\"><\/div><\/div><\/div><\/div><div class=\"et_pb_row_7 et_pb_row et_block_row\"><div class=\"et_pb_column_11 et_pb_column et_pb_column_4_4 et-last-child et_block_column et_pb_css_mix_blend_mode_passthrough\"><div class=\"et_pb_module et_pb_button_module_wrapper et_pb_button_0_wrapper\"><a class=\"et_pb_button_0 et_pb_button et_pb_bg_layout_light et_pb_module et_block_module\" href=\"https:\/\/www.urjc.es\/estudiar-en-la-urjc\/vida-universitaria\/240-sostenibilidad#enlaces-de-interes\" target=\"_blank\" data-icon=\"\ue084\">Enlaces de inter\u00e9s<\/a><\/div><\/div><\/div><\/div>\n","protected":false},"excerpt":{"rendered":"","protected":false},"author":1,"featured_media":43,"parent":0,"menu_order":0,"comment_status":"closed","ping_status":"closed","template":"","meta":{"cybocfi_hide_featured_image":"","footnotes":""},"class_list":["post-1487","page","type-page","status-publish","has-post-thumbnail","hentry"],"yoast_head":"<!-- This site is optimized with the Yoast SEO plugin v28.4 - https:\/\/yoast.com\/product\/yoast-seo-wordpress\/ -->\n<title>Recursos - Oficina Verde<\/title>\n<meta name=\"robots\" content=\"index, follow, max-snippet:-1, max-image-preview:large, max-video-preview:-1\" \/>\n<link rel=\"canonical\" href=\"https:\/\/www.urjc2030.es\/ov\/recursos\/\" \/>\n<meta property=\"og:locale\" content=\"es_ES\" \/>\n<meta property=\"og:type\" content=\"article\" \/>\n<meta property=\"og:title\" content=\"Recursos - Oficina Verde\" \/>\n<meta property=\"og:url\" content=\"https:\/\/www.urjc2030.es\/ov\/recursos\/\" \/>\n<meta property=\"og:site_name\" content=\"Oficina Verde\" \/>\n<meta property=\"article:publisher\" content=\"https:\/\/www.facebook.com\/universidadreyjuancarlos\" \/>\n<meta property=\"article:modified_time\" content=\"2026-08-09T08:42:51+00:00\" \/>\n<meta property=\"og:image\" content=\"https:\/\/www.urjc2030.es\/ov\/wp-content\/uploads\/sites\/8\/2020\/10\/img-post.jpg\" \/>\n\t<meta property=\"og:image:width\" content=\"600\" \/>\n\t<meta property=\"og:image:height\" content=\"413\" \/>\n\t<meta property=\"og:image:type\" content=\"image\/jpeg\" \/>\n<meta name=\"twitter:card\" content=\"summary_large_image\" \/>\n<meta name=\"twitter:site\" content=\"@urjc\" \/>\n<script type=\"application\/ld+json\" class=\"yoast-schema-graph\">{\"@context\":\"https:\\\/\\\/schema.org\",\"@graph\":[{\"@type\":\"WebPage\",\"@id\":\"https:\\\/\\\/www.urjc2030.es\\\/ov\\\/recursos\\\/\",\"url\":\"https:\\\/\\\/www.urjc2030.es\\\/ov\\\/recursos\\\/\",\"name\":\"Recursos - Oficina Verde\",\"isPartOf\":{\"@id\":\"https:\\\/\\\/www.urjc2030.es\\\/ov\\\/#website\"},\"primaryImageOfPage\":{\"@id\":\"https:\\\/\\\/www.urjc2030.es\\\/ov\\\/recursos\\\/#primaryimage\"},\"image\":{\"@id\":\"https:\\\/\\\/www.urjc2030.es\\\/ov\\\/recursos\\\/#primaryimage\"},\"thumbnailUrl\":\"https:\\\/\\\/www.urjc2030.es\\\/ov\\\/wp-content\\\/uploads\\\/sites\\\/8\\\/2020\\\/10\\\/img-post.jpg\",\"datePublished\":\"2024-09-16T13:23:28+00:00\",\"dateModified\":\"2026-08-09T08:42:51+00:00\",\"breadcrumb\":{\"@id\":\"https:\\\/\\\/www.urjc2030.es\\\/ov\\\/recursos\\\/#breadcrumb\"},\"inLanguage\":\"es\",\"potentialAction\":[{\"@type\":\"ReadAction\",\"target\":[\"https:\\\/\\\/www.urjc2030.es\\\/ov\\\/recursos\\\/\"]}]},{\"@type\":\"ImageObject\",\"inLanguage\":\"es\",\"@id\":\"https:\\\/\\\/www.urjc2030.es\\\/ov\\\/recursos\\\/#primaryimage\",\"url\":\"https:\\\/\\\/www.urjc2030.es\\\/ov\\\/wp-content\\\/uploads\\\/sites\\\/8\\\/2020\\\/10\\\/img-post.jpg\",\"contentUrl\":\"https:\\\/\\\/www.urjc2030.es\\\/ov\\\/wp-content\\\/uploads\\\/sites\\\/8\\\/2020\\\/10\\\/img-post.jpg\",\"width\":600,\"height\":413,\"caption\":\"Logotipo Universidad Rey Juan Carlos\"},{\"@type\":\"BreadcrumbList\",\"@id\":\"https:\\\/\\\/www.urjc2030.es\\\/ov\\\/recursos\\\/#breadcrumb\",\"itemListElement\":[{\"@type\":\"ListItem\",\"position\":1,\"name\":\"Portada\",\"item\":\"https:\\\/\\\/www.urjc2030.es\\\/ov\\\/\"},{\"@type\":\"ListItem\",\"position\":2,\"name\":\"Recursos\"}]},{\"@type\":\"WebSite\",\"@id\":\"https:\\\/\\\/www.urjc2030.es\\\/ov\\\/#website\",\"url\":\"https:\\\/\\\/www.urjc2030.es\\\/ov\\\/\",\"name\":\"Oficina Verde\",\"description\":\"Trabaja para incorporar la sostenibilidad en cualquier \u00e1mbito de nuestra universidad (docencia, investigaci\u00f3n, administraci\u00f3n y gesti\u00f3n)\",\"publisher\":{\"@id\":\"https:\\\/\\\/www.urjc2030.es\\\/ov\\\/#organization\"},\"potentialAction\":[{\"@type\":\"SearchAction\",\"target\":{\"@type\":\"EntryPoint\",\"urlTemplate\":\"https:\\\/\\\/www.urjc2030.es\\\/ov\\\/?s={search_term_string}\"},\"query-input\":{\"@type\":\"PropertyValueSpecification\",\"valueRequired\":true,\"valueName\":\"search_term_string\"}}],\"inLanguage\":\"es\"},{\"@type\":\"Organization\",\"@id\":\"https:\\\/\\\/www.urjc2030.es\\\/ov\\\/#organization\",\"name\":\"Universidad Rey Juan Carlos\",\"url\":\"https:\\\/\\\/www.urjc2030.es\\\/ov\\\/\",\"logo\":{\"@type\":\"ImageObject\",\"inLanguage\":\"es\",\"@id\":\"https:\\\/\\\/www.urjc2030.es\\\/ov\\\/#\\\/schema\\\/logo\\\/image\\\/\",\"url\":\"https:\\\/\\\/www.urjc2030.es\\\/ov\\\/wp-content\\\/uploads\\\/sites\\\/8\\\/2020\\\/10\\\/logoURJC.png\",\"contentUrl\":\"https:\\\/\\\/www.urjc2030.es\\\/ov\\\/wp-content\\\/uploads\\\/sites\\\/8\\\/2020\\\/10\\\/logoURJC.png\",\"width\":800,\"height\":305,\"caption\":\"Universidad Rey Juan Carlos\"},\"image\":{\"@id\":\"https:\\\/\\\/www.urjc2030.es\\\/ov\\\/#\\\/schema\\\/logo\\\/image\\\/\"},\"sameAs\":[\"https:\\\/\\\/www.facebook.com\\\/universidadreyjuancarlos\",\"https:\\\/\\\/x.com\\\/urjc\",\"https:\\\/\\\/www.instagram.com\\\/urjc_uni\\\/?hl=es\"]}]}<\/script>\n<!-- \/ Yoast SEO plugin. -->","yoast_head_json":{"title":"Recursos - Oficina Verde","robots":{"index":"index","follow":"follow","max-snippet":"max-snippet:-1","max-image-preview":"max-image-preview:large","max-video-preview":"max-video-preview:-1"},"canonical":"https:\/\/www.urjc2030.es\/ov\/recursos\/","og_locale":"es_ES","og_type":"article","og_title":"Recursos - Oficina Verde","og_url":"https:\/\/www.urjc2030.es\/ov\/recursos\/","og_site_name":"Oficina Verde","article_publisher":"https:\/\/www.facebook.com\/universidadreyjuancarlos","article_modified_time":"2026-08-09T08:42:51+00:00","og_image":[{"width":600,"height":413,"url":"https:\/\/www.urjc2030.es\/ov\/wp-content\/uploads\/sites\/8\/2020\/10\/img-post.jpg","type":"image\/jpeg"}],"twitter_card":"summary_large_image","twitter_site":"@urjc","schema":{"@context":"https:\/\/schema.org","@graph":[{"@type":"WebPage","@id":"https:\/\/www.urjc2030.es\/ov\/recursos\/","url":"https:\/\/www.urjc2030.es\/ov\/recursos\/","name":"Recursos - Oficina Verde","isPartOf":{"@id":"https:\/\/www.urjc2030.es\/ov\/#website"},"primaryImageOfPage":{"@id":"https:\/\/www.urjc2030.es\/ov\/recursos\/#primaryimage"},"image":{"@id":"https:\/\/www.urjc2030.es\/ov\/recursos\/#primaryimage"},"thumbnailUrl":"https:\/\/www.urjc2030.es\/ov\/wp-content\/uploads\/sites\/8\/2020\/10\/img-post.jpg","datePublished":"2024-09-16T13:23:28+00:00","dateModified":"2026-08-09T08:42:51+00:00","breadcrumb":{"@id":"https:\/\/www.urjc2030.es\/ov\/recursos\/#breadcrumb"},"inLanguage":"es","potentialAction":[{"@type":"ReadAction","target":["https:\/\/www.urjc2030.es\/ov\/recursos\/"]}]},{"@type":"ImageObject","inLanguage":"es","@id":"https:\/\/www.urjc2030.es\/ov\/recursos\/#primaryimage","url":"https:\/\/www.urjc2030.es\/ov\/wp-content\/uploads\/sites\/8\/2020\/10\/img-post.jpg","contentUrl":"https:\/\/www.urjc2030.es\/ov\/wp-content\/uploads\/sites\/8\/2020\/10\/img-post.jpg","width":600,"height":413,"caption":"Logotipo Universidad Rey Juan Carlos"},{"@type":"BreadcrumbList","@id":"https:\/\/www.urjc2030.es\/ov\/recursos\/#breadcrumb","itemListElement":[{"@type":"ListItem","position":1,"name":"Portada","item":"https:\/\/www.urjc2030.es\/ov\/"},{"@type":"ListItem","position":2,"name":"Recursos"}]},{"@type":"WebSite","@id":"https:\/\/www.urjc2030.es\/ov\/#website","url":"https:\/\/www.urjc2030.es\/ov\/","name":"Oficina Verde","description":"Trabaja para incorporar la sostenibilidad en cualquier \u00e1mbito de nuestra universidad (docencia, investigaci\u00f3n, administraci\u00f3n y gesti\u00f3n)","publisher":{"@id":"https:\/\/www.urjc2030.es\/ov\/#organization"},"potentialAction":[{"@type":"SearchAction","target":{"@type":"EntryPoint","urlTemplate":"https:\/\/www.urjc2030.es\/ov\/?s={search_term_string}"},"query-input":{"@type":"PropertyValueSpecification","valueRequired":true,"valueName":"search_term_string"}}],"inLanguage":"es"},{"@type":"Organization","@id":"https:\/\/www.urjc2030.es\/ov\/#organization","name":"Universidad Rey Juan Carlos","url":"https:\/\/www.urjc2030.es\/ov\/","logo":{"@type":"ImageObject","inLanguage":"es","@id":"https:\/\/www.urjc2030.es\/ov\/#\/schema\/logo\/image\/","url":"https:\/\/www.urjc2030.es\/ov\/wp-content\/uploads\/sites\/8\/2020\/10\/logoURJC.png","contentUrl":"https:\/\/www.urjc2030.es\/ov\/wp-content\/uploads\/sites\/8\/2020\/10\/logoURJC.png","width":800,"height":305,"caption":"Universidad Rey Juan Carlos"},"image":{"@id":"https:\/\/www.urjc2030.es\/ov\/#\/schema\/logo\/image\/"},"sameAs":["https:\/\/www.facebook.com\/universidadreyjuancarlos","https:\/\/x.com\/urjc","https:\/\/www.instagram.com\/urjc_uni\/?hl=es"]}]}},"_links":{"self":[{"href":"https:\/\/www.urjc2030.es\/ov\/wp-json\/wp\/v2\/pages\/1487","targetHints":{"allow":["GET"]}}],"collection":[{"href":"https:\/\/www.urjc2030.es\/ov\/wp-json\/wp\/v2\/pages"}],"about":[{"href":"https:\/\/www.urjc2030.es\/ov\/wp-json\/wp\/v2\/types\/page"}],"author":[{"embeddable":true,"href":"https:\/\/www.urjc2030.es\/ov\/wp-json\/wp\/v2\/users\/1"}],"replies":[{"embeddable":true,"href":"https:\/\/www.urjc2030.es\/ov\/wp-json\/wp\/v2\/comments?post=1487"}],"version-history":[{"count":14,"href":"https:\/\/www.urjc2030.es\/ov\/wp-json\/wp\/v2\/pages\/1487\/revisions"}],"predecessor-version":[{"id":1655,"href":"https:\/\/www.urjc2030.es\/ov\/wp-json\/wp\/v2\/pages\/1487\/revisions\/1655"}],"wp:featuredmedia":[{"embeddable":true,"href":"https:\/\/www.urjc2030.es\/ov\/wp-json\/wp\/v2\/media\/43"}],"wp:attachment":[{"href":"https:\/\/www.urjc2030.es\/ov\/wp-json\/wp\/v2\/media?parent=1487"}],"curies":[{"name":"wp","href":"https:\/\/api.w.org\/{rel}","templated":true}]}}