{"id":1283,"date":"2021-09-28T16:46:08","date_gmt":"2021-09-28T16:46:08","guid":{"rendered":"https:\/\/www.urjc2030.es\/prus\/?page_id=1283"},"modified":"2021-09-29T12:06:56","modified_gmt":"2021-09-29T12:06:56","slug":"septiembre","status":"publish","type":"page","link":"https:\/\/www.urjc2030.es\/prus\/actividades-prus\/estudiantes-2021-2022\/septiembre\/","title":{"rendered":"Actividades Estudiantes Septiembre"},"content":{"rendered":"<p>[et_pb_section fb_built=\u00bb1&#8243; admin_label=\u00bbCABECERA\u00bb _builder_version=\u00bb4.10.8&#8243; _module_preset=\u00bbdefault\u00bb background_color=\u00bb#f2f2f2&#8243; background_enable_image=\u00bboff\u00bb custom_padding=\u00bb0px||0px||false|false\u00bb da_disable_devices=\u00bboff|off|off\u00bb global_colors_info=\u00bb{}\u00bb da_is_popup=\u00bboff\u00bb da_exit_intent=\u00bboff\u00bb da_has_close=\u00bbon\u00bb da_alt_close=\u00bboff\u00bb da_dark_close=\u00bboff\u00bb da_not_modal=\u00bbon\u00bb da_is_singular=\u00bboff\u00bb da_with_loader=\u00bboff\u00bb da_has_shadow=\u00bbon\u00bb][et_pb_row _builder_version=\u00bb4.10.8&#8243; _module_preset=\u00bbdefault\u00bb custom_padding=\u00bb25px||25px||false|false\u00bb global_colors_info=\u00bb{}\u00bb][et_pb_column type=\u00bb4_4&#8243; _builder_version=\u00bb4.10.8&#8243; _module_preset=\u00bbdefault\u00bb global_colors_info=\u00bb{}\u00bb][et_pb_text _builder_version=\u00bb4.10.8&#8243; _module_preset=\u00bbdefault\u00bb text_font=\u00bb|700|||||||\u00bb text_text_color=\u00bb#818181&#8243; text_font_size=\u00bb13px\u00bb text_letter_spacing=\u00bb0.5px\u00bb custom_margin=\u00bb0px||0px||false|false\u00bb custom_padding=\u00bb0px||0px||false|false\u00bb global_colors_info=\u00bb{}\u00bb]<a href=\"https:\/\/www.urjc2030.es\/prus\/actividades-prus\/\" class=\"color-grey\">Actividades Estudiantes<\/a> &gt; <a href=\"https:\/\/www.urjc2030.es\/prus\/actividades-prus\/estudiantes-2021-2022\/\">2021-2022<\/a> &gt; Septiembre[\/et_pb_text][\/et_pb_column][\/et_pb_row][\/et_pb_section][et_pb_section fb_built=\u00bb1&#8243; admin_label=\u00bbNOTICIAS\u00bb module_id=\u00bbestudiantes\u00bb _builder_version=\u00bb4.10.7&#8243; _module_preset=\u00bbdefault\u00bb background_color=\u00bb#ffffff\u00bb custom_padding=\u00bb34px||50px||false|false\u00bb bottom_divider_flip=\u00bbhorizontal\u00bb da_popup_slug=\u00bbestudiantes\u00bb da_disable_devices=\u00bboff|off|off\u00bb global_colors_info=\u00bb{}\u00bb da_is_popup=\u00bboff\u00bb da_exit_intent=\u00bboff\u00bb da_has_close=\u00bbon\u00bb da_alt_close=\u00bboff\u00bb da_dark_close=\u00bboff\u00bb da_not_modal=\u00bbon\u00bb da_is_singular=\u00bboff\u00bb da_with_loader=\u00bboff\u00bb da_has_shadow=\u00bbon\u00bb][et_pb_row _builder_version=\u00bb4.6.6&#8243; _module_preset=\u00bbdefault\u00bb custom_padding=\u00bb||3px||false|false\u00bb global_colors_info=\u00bb{}\u00bb][et_pb_column type=\u00bb4_4&#8243; _builder_version=\u00bb4.6.6&#8243; _module_preset=\u00bbdefault\u00bb global_colors_info=\u00bb{}\u00bb][et_pb_text module_class=\u00bbcolor-grey uppercase\u00bb _builder_version=\u00bb4.10.8&#8243; _module_preset=\u00bbdefault\u00bb text_font=\u00bbBebas Neue||||||||\u00bb text_font_size=\u00bb14px\u00bb header_font=\u00bb||||||||\u00bb header_2_font_size=\u00bb48px\u00bb header_2_line_height=\u00bb1.4em\u00bb header_4_text_align=\u00bbcenter\u00bb header_4_text_color=\u00bb#818181&#8243; header_4_font_size=\u00bb18.5px\u00bb header_4_letter_spacing=\u00bb1px\u00bb text_orientation=\u00bbcenter\u00bb custom_margin=\u00bb||0px||false|false\u00bb animation_style=\u00bbfade\u00bb header_2_font_size_tablet=\u00bb40px\u00bb header_2_font_size_phone=\u00bb40px\u00bb header_2_font_size_last_edited=\u00bbon|desktop\u00bb global_colors_info=\u00bb{}\u00bb]<\/p>\n<h4>Septiembre<\/h4>\n<p>[\/et_pb_text][et_pb_text module_class=\u00bbcolor-grey uppercase\u00bb _builder_version=\u00bb4.10.7&#8243; _module_preset=\u00bbdefault\u00bb text_font=\u00bbBebas Neue||||||||\u00bb text_font_size=\u00bb14px\u00bb header_2_font_size=\u00bb48px\u00bb header_2_line_height=\u00bb1.4em\u00bb text_orientation=\u00bbcenter\u00bb custom_margin=\u00bb||1%||false|false\u00bb animation_style=\u00bbfade\u00bb header_2_font_size_tablet=\u00bb40px\u00bb header_2_font_size_phone=\u00bb40px\u00bb header_2_font_size_last_edited=\u00bbon|desktop\u00bb global_colors_info=\u00bb{}\u00bb]<\/p>\n<h2><strong>ACTIVIDADES PARA ESTUDIANTES<\/strong><\/h2>\n<p>[\/et_pb_text][et_pb_text _builder_version=\u00bb4.10.7&#8243; _module_preset=\u00bbdefault\u00bb text_font=\u00bb||||||||\u00bb text_text_color=\u00bb#454545&#8243; text_orientation=\u00bbcenter\u00bb custom_margin=\u00bb0px||||false|false\u00bb locked=\u00bboff\u00bb global_colors_info=\u00bb{}\u00bb]S\u00f3lo pueden inscribirse estudiantes de la URJC[\/et_pb_text][et_pb_divider divider_weight=\u00bb3px\u00bb _builder_version=\u00bb4.6.6&#8243; _module_preset=\u00bbdefault\u00bb width=\u00bb75px\u00bb module_alignment=\u00bbcenter\u00bb custom_margin=\u00bb||1%||false|false\u00bb global_colors_info=\u00bb{}\u00bb][\/et_pb_divider][\/et_pb_column][\/et_pb_row][et_pb_row _builder_version=\u00bb4.6.6&#8243; _module_preset=\u00bbdefault\u00bb custom_padding=\u00bb4px||||false|false\u00bb global_colors_info=\u00bb{}\u00bb][et_pb_column type=\u00bb4_4&#8243; _builder_version=\u00bb4.6.6&#8243; _module_preset=\u00bbdefault\u00bb global_colors_info=\u00bb{}\u00bb][et_pb_text module_class=\u00bbcolor-grey\u00bb _builder_version=\u00bb4.10.7&#8243; _module_preset=\u00bbdefault\u00bb text_font=\u00bbBebas Neue||||||||\u00bb text_font_size=\u00bb14px\u00bb header_2_font_size=\u00bb48px\u00bb header_2_line_height=\u00bb1.4em\u00bb header_3_font=\u00bb|300|||||||\u00bb header_3_text_color=\u00bb#cb0017&#8243; header_3_font_size=\u00bb30px\u00bb custom_margin=\u00bb||1%||false|false\u00bb animation_style=\u00bbfade\u00bb header_2_font_size_tablet=\u00bb40px\u00bb header_2_font_size_phone=\u00bb40px\u00bb header_2_font_size_last_edited=\u00bbon|tablet\u00bb global_colors_info=\u00bb{}\u00bb]<\/p>\n<h3>Jornadas sobre sexualidad saludable<\/h3>\n<p>[\/et_pb_text][et_pb_divider color=\u00bb#454545&#8243; divider_weight=\u00bb3px\u00bb admin_label=\u00bbSeparador\u00bb _builder_version=\u00bb4.10.7&#8243; _module_preset=\u00bbdefault\u00bb width=\u00bb40px\u00bb module_alignment=\u00bbleft\u00bb custom_margin=\u00bb||0px||false|false\u00bb custom_padding=\u00bb||0px||false|false\u00bb global_colors_info=\u00bb{}\u00bb][\/et_pb_divider][et_pb_text _builder_version=\u00bb4.10.7&#8243; _module_preset=\u00bbdefault\u00bb text_font=\u00bb||||||||\u00bb ul_font=\u00bb||||||||\u00bb ul_text_color=\u00bb#454545&#8243; text_orientation=\u00bbjustified\u00bb custom_margin=\u00bb||10px||false|false\u00bb locked=\u00bboff\u00bb global_colors_info=\u00bb{}\u00bb]<\/p>\n<ul>\n<li><strong>Fecha:<\/strong> Del 20 al 23 de septiembre de 2021<\/li>\n<li><strong>Lugar:<\/strong> ONLINE (s\u00edncronas, no quedando grabadas)<\/li>\n<li><strong>Organiza:<\/strong> Programa Universidad Saludable (<a href=\"mailto:universidadsaludable@urjc.es\"><span>universidadsaludable@urjc.es<\/span><\/a>)<\/li>\n<\/ul>\n<p>[\/et_pb_text][et_pb_text _builder_version=\u00bb4.10.7&#8243; _module_preset=\u00bbdefault\u00bb text_font=\u00bb||||||||\u00bb text_text_color=\u00bb#454545&#8243; locked=\u00bboff\u00bb global_colors_info=\u00bb{}\u00bb]El Programa Universidad Saludable realiza unas jornadas gratuitas sobre sexualidad saludable dirigidas a todos los estudiantes de la URJC, con el objetivo de trabajar distintas variables que nos permitan vivir nuestra sexualidad de forma sana y consciente. <strong class=\"color-red\">Consta de cuatro charlas-coloquio a las que puedes apuntarte de forma independiente:<\/strong>[\/et_pb_text][\/et_pb_column][\/et_pb_row][et_pb_row column_structure=\u00bb1_4,1_4,1_4,1_4&#8243; use_custom_gutter=\u00bbon\u00bb gutter_width=\u00bb2&#8243; make_equal=\u00bbon\u00bb _builder_version=\u00bb4.10.7&#8243; _module_preset=\u00bbdefault\u00bb background_enable_color=\u00bboff\u00bb module_alignment=\u00bbcenter\u00bb custom_padding=\u00bb0px||||false|false\u00bb global_colors_info=\u00bb{}\u00bb][et_pb_column type=\u00bb1_4&#8243; _builder_version=\u00bb4.10.7&#8243; _module_preset=\u00bbdefault\u00bb global_colors_info=\u00bb{}\u00bb][et_pb_blurb title=\u00bbSexo sano vs sexualidades enfermas: hacia una sexualidad consciente\u00bb url=\u00bb@ET-DC@eyJkeW5hbWljIjp0cnVlLCJjb250ZW50IjoicG9zdF9saW5rX3VybF9hY3RpdmlkYWQiLCJzZXR0aW5ncyI6eyJwb3N0X2lkIjoiMTIxOCJ9fQ==@\u00bb _builder_version=\u00bb4.10.8&#8243; _dynamic_attributes=\u00bburl\u00bb _module_preset=\u00bbdefault\u00bb header_font=\u00bb||||||||\u00bb header_font_size=\u00bb20px\u00bb body_text_color=\u00bb#454545&#8243; body_font_size=\u00bb14px\u00bb body_line_height=\u00bb1.5em\u00bb background_color=\u00bb#FFFFFF\u00bb custom_padding=\u00bb||||false|false\u00bb hover_enabled=\u00bb0&#8243; border_radii=\u00bboff||||\u00bb global_colors_info=\u00bb{}\u00bb sticky_enabled=\u00bb0&#8243;]<\/p>\n<p><strong>Fecha y horario: <\/strong>20 de septiembre (10-13h<strong>) <\/strong><\/p>\n<p><strong>Impartido por: <\/strong>Arun Mansukhani (Sex\u00f3logo y psicoterapeuta de pareja)<\/p>\n<p><a href=\"https:\/\/www.urjc2030.es\/prus\/actividad\/sexo-sano-vs-sexualidades-enfermas-hacia-una-sexualidad-consciente\/\"><span style=\"text-decoration: underline;\"><strong>Programa aqu\u00ed<\/strong><\/span><\/a><\/p>\n<p><span style=\"text-decoration: underline;\"><strong>Inscripci\u00f3n cerrada<\/strong><\/span><\/p>\n<p>[\/et_pb_blurb][\/et_pb_column][et_pb_column type=\u00bb1_4&#8243; _builder_version=\u00bb4.10.7&#8243; _module_preset=\u00bbdefault\u00bb global_colors_info=\u00bb{}\u00bb][et_pb_blurb title=\u00bbLa respuesta sexual: mitos y disfunciones\u00bb url=\u00bb@ET-DC@eyJkeW5hbWljIjp0cnVlLCJjb250ZW50IjoicG9zdF9saW5rX3VybF9hY3RpdmlkYWQiLCJzZXR0aW5ncyI6eyJwb3N0X2lkIjoiMTIxNyJ9fQ==@\u00bb _builder_version=\u00bb4.10.8&#8243; _dynamic_attributes=\u00bburl\u00bb _module_preset=\u00bbdefault\u00bb header_font=\u00bb||||||||\u00bb header_font_size=\u00bb20px\u00bb body_text_color=\u00bb#454545&#8243; body_font_size=\u00bb14px\u00bb body_line_height=\u00bb1.5em\u00bb background_color=\u00bb#FFFFFF\u00bb custom_padding=\u00bb||||false|false\u00bb hover_enabled=\u00bb0&#8243; border_radii=\u00bboff||||\u00bb global_colors_info=\u00bb{}\u00bb sticky_enabled=\u00bb0&#8243;]<\/p>\n<p><strong>Fecha y horario: <\/strong>21 de septiembre (11-14h<strong>) <\/strong><\/p>\n<p><strong>Impartido por: <\/strong>Aluh\u00e9 Ben\u00edtez (Fisioterapeuta de suelo p\u00e9lvico especializada en disfunciones sexuales)<\/p>\n<p><a href=\"https:\/\/www.urjc2030.es\/prus\/actividad\/la-respuesta-sexual-mitos-y-disfunciones\/\"><span style=\"text-decoration: underline;\"><strong>Programa aqu\u00ed<\/strong><\/span><\/a><\/p>\n<p><span style=\"text-decoration: underline;\"><strong>Inscripci\u00f3n cerrada<\/strong><\/span><\/p>\n<p>[\/et_pb_blurb][\/et_pb_column][et_pb_column type=\u00bb1_4&#8243; _builder_version=\u00bb4.10.7&#8243; _module_preset=\u00bbdefault\u00bb global_colors_info=\u00bb{}\u00bb][et_pb_blurb title=\u00bbAutocuidados y salud sexual\u00bb url=\u00bb@ET-DC@eyJkeW5hbWljIjp0cnVlLCJjb250ZW50IjoicG9zdF9saW5rX3VybF9hY3RpdmlkYWQiLCJzZXR0aW5ncyI6eyJwb3N0X2lkIjoiMTIxNiJ9fQ==@\u00bb _builder_version=\u00bb4.10.8&#8243; _dynamic_attributes=\u00bburl\u00bb _module_preset=\u00bbdefault\u00bb header_font=\u00bb||||||||\u00bb header_font_size=\u00bb20px\u00bb body_text_color=\u00bb#454545&#8243; body_font_size=\u00bb14px\u00bb body_line_height=\u00bb1.5em\u00bb background_color=\u00bb#FFFFFF\u00bb custom_padding=\u00bb||||false|false\u00bb hover_enabled=\u00bb0&#8243; border_radii=\u00bboff||||\u00bb global_colors_info=\u00bb{}\u00bb sticky_enabled=\u00bb0&#8243;]<\/p>\n<p><strong>Fecha y horario: <\/strong>22 de septiembre (16-18h)<\/p>\n<p><strong>Impartido por: <\/strong>Cristina Arcas<strong> (<\/strong>Fundaci\u00f3n SEXPOL)<\/p>\n<p><a href=\"https:\/\/www.urjc2030.es\/prus\/actividad\/autocuidados-y-salud-sexual\/\"><span style=\"text-decoration: underline;\"><strong>Programa aqu\u00ed<\/strong><\/span><\/a><\/p>\n<p><span style=\"text-decoration: underline;\"><strong>Inscripci\u00f3n cerrada<\/strong><\/span><\/p>\n<p>[\/et_pb_blurb][\/et_pb_column][et_pb_column type=\u00bb1_4&#8243; _builder_version=\u00bb4.10.7&#8243; _module_preset=\u00bbdefault\u00bb global_colors_info=\u00bb{}\u00bb][et_pb_blurb title=\u00bbSexualidad y redes sociales\u00bb url=\u00bb@ET-DC@eyJkeW5hbWljIjp0cnVlLCJjb250ZW50IjoicG9zdF9saW5rX3VybF9hY3RpdmlkYWQiLCJzZXR0aW5ncyI6eyJwb3N0X2lkIjoiMTIxNSJ9fQ==@\u00bb _builder_version=\u00bb4.10.8&#8243; _dynamic_attributes=\u00bburl\u00bb _module_preset=\u00bbdefault\u00bb header_font=\u00bb||||||||\u00bb header_font_size=\u00bb20px\u00bb body_text_color=\u00bb#454545&#8243; body_font_size=\u00bb14px\u00bb body_line_height=\u00bb1.5em\u00bb background_color=\u00bb#FFFFFF\u00bb custom_padding=\u00bb||||false|false\u00bb hover_enabled=\u00bb0&#8243; border_radii=\u00bboff||||\u00bb global_colors_info=\u00bb{}\u00bb sticky_enabled=\u00bb0&#8243;]<\/p>\n<p><strong>Fecha y horario: <\/strong>23 de septiembre (16-18h)<\/p>\n<p><strong>Impartido por: <\/strong>Pilar S\u00e1nchez (Fundaci\u00f3n SEXPOL)<\/p>\n<p><a href=\"https:\/\/www.urjc2030.es\/prus\/actividad\/sexualidad-y-redes-sociales\/\"><span style=\"text-decoration: underline;\"><strong>Programa aqu\u00ed<\/strong><\/span><\/a><\/p>\n<p><span style=\"text-decoration: underline;\"><strong>Inscripci\u00f3n cerrada<\/strong><\/span><\/p>\n<p>[\/et_pb_blurb][\/et_pb_column][\/et_pb_row][et_pb_row _builder_version=\u00bb4.6.6&#8243; _module_preset=\u00bbdefault\u00bb custom_padding=\u00bb4px||||false|false\u00bb global_colors_info=\u00bb{}\u00bb][et_pb_column type=\u00bb4_4&#8243; _builder_version=\u00bb4.6.6&#8243; _module_preset=\u00bbdefault\u00bb global_colors_info=\u00bb{}\u00bb][et_pb_text module_class=\u00bbcolor-grey\u00bb _builder_version=\u00bb4.10.7&#8243; _module_preset=\u00bbdefault\u00bb text_font=\u00bbBebas Neue||||||||\u00bb text_font_size=\u00bb14px\u00bb header_2_font_size=\u00bb48px\u00bb header_2_line_height=\u00bb1.4em\u00bb header_3_font=\u00bb|300|||||||\u00bb header_3_text_color=\u00bb#cb0017&#8243; header_3_font_size=\u00bb30px\u00bb custom_margin=\u00bb||1%||false|false\u00bb animation_style=\u00bbfade\u00bb header_2_font_size_tablet=\u00bb40px\u00bb header_2_font_size_phone=\u00bb40px\u00bb header_2_font_size_last_edited=\u00bbon|tablet\u00bb global_colors_info=\u00bb{}\u00bb]<\/p>\n<h3>Huella digital: c\u00f3mo cuidar y gestionar tu identidad digital<\/h3>\n<p>[\/et_pb_text][et_pb_divider color=\u00bb#454545&#8243; divider_weight=\u00bb3px\u00bb admin_label=\u00bbSeparador\u00bb _builder_version=\u00bb4.10.7&#8243; _module_preset=\u00bbdefault\u00bb width=\u00bb40px\u00bb module_alignment=\u00bbleft\u00bb custom_margin=\u00bb||0px||false|false\u00bb custom_padding=\u00bb||0px||false|false\u00bb global_colors_info=\u00bb{}\u00bb][\/et_pb_divider][et_pb_text _builder_version=\u00bb4.10.7&#8243; _module_preset=\u00bbdefault\u00bb text_font=\u00bb||||||||\u00bb text_text_color=\u00bb#454545&#8243; locked=\u00bboff\u00bb global_colors_info=\u00bb{}\u00bb]<\/p>\n<p>El Programa Universidad Saludable organiza una charla coloquio sobre el uso responsable de la informaci\u00f3n que utilizamos en internet, para conocer y gestionar mejor nuestra identidad digital y, protegernos as\u00ed, de riesgos y problemas:<\/p>\n<p>[\/et_pb_text][et_pb_text _builder_version=\u00bb4.10.8&#8243; _module_preset=\u00bbdefault\u00bb text_font=\u00bb||||||||\u00bb ul_font=\u00bb||||||||\u00bb ul_text_color=\u00bb#454545&#8243; text_orientation=\u00bbjustified\u00bb custom_margin=\u00bb||10px||false|false\u00bb hover_enabled=\u00bb0&#8243; locked=\u00bboff\u00bb global_colors_info=\u00bb{}\u00bb sticky_enabled=\u00bb0&#8243;]<\/p>\n<ul>\n<li><strong>Fecha:<\/strong> 30 de septiembre de 2021<\/li>\n<li><strong>Lugar:<\/strong> ONLINE (s\u00edncronas, no quedando grabada)<\/li>\n<li><strong>Organiza:<\/strong> Programa Universidad Saludable (<a href=\"mailto:universidadsaludable@urjc.es\"><span>universidadsaludable@urjc.es<\/span><\/a>)<\/li>\n<\/ul>\n<p><a href=\"https:\/\/www.urjc2030.es\/prus\/actividad\/huella-digital-como-cuidar-y-gestionar-tu-identidad-digital\/\"><span style=\"text-decoration: underline;\"><strong>Programa aqu\u00ed<\/strong><\/span><\/a><\/p>\n<p><span style=\"text-decoration: underline;\"><strong>Inscripci\u00f3n cerrada<\/strong><\/span><\/p>\n<p>[\/et_pb_text][\/et_pb_column][\/et_pb_row][\/et_pb_section]<\/p>\n","protected":false},"excerpt":{"rendered":"<p>Actividades Estudiantes &gt; 2021-2022 &gt; SeptiembreSeptiembreACTIVIDADES PARA ESTUDIANTESS\u00f3lo pueden inscribirse estudiantes de la URJCJornadas sobre sexualidad saludable Fecha: Del 20 al 23 de septiembre de 2021 Lugar: ONLINE (s\u00edncronas, no quedando grabadas) Organiza: Programa Universidad Saludable (universidadsaludable@urjc.es) El Programa Universidad Saludable realiza unas jornadas gratuitas sobre sexualidad saludable dirigidas a todos los estudiantes de la [&hellip;]<\/p>\n","protected":false},"author":1,"featured_media":37,"parent":1281,"menu_order":0,"comment_status":"closed","ping_status":"closed","template":"","meta":{"_et_pb_use_builder":"on","_et_pb_old_content":"","_et_gb_content_width":"","cybocfi_hide_featured_image":"","footnotes":""},"class_list":["post-1283","page","type-page","status-publish","has-post-thumbnail","hentry"],"yoast_head":"<!-- This site is optimized with the Yoast SEO plugin v27.5 - https:\/\/yoast.com\/product\/yoast-seo-wordpress\/ -->\n<title>Actividades Estudiantes Septiembre - Oficina Universidad Saludable<\/title>\n<meta name=\"robots\" content=\"index, follow, max-snippet:-1, max-image-preview:large, max-video-preview:-1\" \/>\n<link rel=\"canonical\" href=\"https:\/\/www.urjc2030.es\/prus\/actividades-prus\/estudiantes-2021-2022\/septiembre\/\" \/>\n<meta property=\"og:locale\" content=\"es_ES\" \/>\n<meta property=\"og:type\" content=\"article\" \/>\n<meta property=\"og:title\" content=\"Actividades Estudiantes Septiembre - Oficina Universidad Saludable\" \/>\n<meta property=\"og:description\" content=\"Actividades Estudiantes &gt; 2021-2022 &gt; SeptiembreSeptiembreACTIVIDADES PARA ESTUDIANTESS\u00f3lo pueden inscribirse estudiantes de la URJCJornadas sobre sexualidad saludable Fecha: Del 20 al 23 de septiembre de 2021 Lugar: ONLINE (s\u00edncronas, no quedando grabadas) Organiza: Programa Universidad Saludable (universidadsaludable@urjc.es) El Programa Universidad Saludable realiza unas jornadas gratuitas sobre sexualidad saludable dirigidas a todos los estudiantes de la [&hellip;]\" \/>\n<meta property=\"og:url\" content=\"https:\/\/www.urjc2030.es\/prus\/actividades-prus\/estudiantes-2021-2022\/septiembre\/\" \/>\n<meta property=\"og:site_name\" content=\"Oficina Universidad Saludable\" \/>\n<meta property=\"article:publisher\" content=\"https:\/\/www.facebook.com\/universidadreyjuancarlos\" \/>\n<meta property=\"article:modified_time\" content=\"2021-09-29T12:06:56+00:00\" \/>\n<meta property=\"og:image\" content=\"https:\/\/www.urjc2030.es\/prus\/wp-content\/uploads\/sites\/11\/2020\/10\/img-post.jpg\" \/>\n\t<meta property=\"og:image:width\" content=\"600\" \/>\n\t<meta property=\"og:image:height\" content=\"413\" \/>\n\t<meta property=\"og:image:type\" content=\"image\/jpeg\" \/>\n<meta name=\"twitter:card\" content=\"summary_large_image\" \/>\n<meta name=\"twitter:site\" content=\"@urjc\" \/>\n<script type=\"application\/ld+json\" class=\"yoast-schema-graph\">{\"@context\":\"https:\\\/\\\/schema.org\",\"@graph\":[{\"@type\":\"WebPage\",\"@id\":\"https:\\\/\\\/www.urjc2030.es\\\/prus\\\/actividades-prus\\\/estudiantes-2021-2022\\\/septiembre\\\/\",\"url\":\"https:\\\/\\\/www.urjc2030.es\\\/prus\\\/actividades-prus\\\/estudiantes-2021-2022\\\/septiembre\\\/\",\"name\":\"Actividades Estudiantes Septiembre - Oficina Universidad Saludable\",\"isPartOf\":{\"@id\":\"https:\\\/\\\/www.urjc2030.es\\\/prus\\\/#website\"},\"primaryImageOfPage\":{\"@id\":\"https:\\\/\\\/www.urjc2030.es\\\/prus\\\/actividades-prus\\\/estudiantes-2021-2022\\\/septiembre\\\/#primaryimage\"},\"image\":{\"@id\":\"https:\\\/\\\/www.urjc2030.es\\\/prus\\\/actividades-prus\\\/estudiantes-2021-2022\\\/septiembre\\\/#primaryimage\"},\"thumbnailUrl\":\"https:\\\/\\\/www.urjc2030.es\\\/prus\\\/wp-content\\\/uploads\\\/sites\\\/11\\\/2020\\\/10\\\/img-post.jpg\",\"datePublished\":\"2021-09-28T16:46:08+00:00\",\"dateModified\":\"2021-09-29T12:06:56+00:00\",\"breadcrumb\":{\"@id\":\"https:\\\/\\\/www.urjc2030.es\\\/prus\\\/actividades-prus\\\/estudiantes-2021-2022\\\/septiembre\\\/#breadcrumb\"},\"inLanguage\":\"es\",\"potentialAction\":[{\"@type\":\"ReadAction\",\"target\":[\"https:\\\/\\\/www.urjc2030.es\\\/prus\\\/actividades-prus\\\/estudiantes-2021-2022\\\/septiembre\\\/\"]}]},{\"@type\":\"ImageObject\",\"inLanguage\":\"es\",\"@id\":\"https:\\\/\\\/www.urjc2030.es\\\/prus\\\/actividades-prus\\\/estudiantes-2021-2022\\\/septiembre\\\/#primaryimage\",\"url\":\"https:\\\/\\\/www.urjc2030.es\\\/prus\\\/wp-content\\\/uploads\\\/sites\\\/11\\\/2020\\\/10\\\/img-post.jpg\",\"contentUrl\":\"https:\\\/\\\/www.urjc2030.es\\\/prus\\\/wp-content\\\/uploads\\\/sites\\\/11\\\/2020\\\/10\\\/img-post.jpg\",\"width\":600,\"height\":413,\"caption\":\"Logotipo Universidad Rey Juan Carlos\"},{\"@type\":\"BreadcrumbList\",\"@id\":\"https:\\\/\\\/www.urjc2030.es\\\/prus\\\/actividades-prus\\\/estudiantes-2021-2022\\\/septiembre\\\/#breadcrumb\",\"itemListElement\":[{\"@type\":\"ListItem\",\"position\":1,\"name\":\"Portada\",\"item\":\"https:\\\/\\\/www.urjc2030.es\\\/prus\\\/\"},{\"@type\":\"ListItem\",\"position\":2,\"name\":\"Actividades Programa Universidad Saludable\",\"item\":\"https:\\\/\\\/www.urjc2030.es\\\/prus\\\/actividades-prus\\\/\"},{\"@type\":\"ListItem\",\"position\":3,\"name\":\"Actividades Estudiantes 2021-2022\",\"item\":\"https:\\\/\\\/www.urjc2030.es\\\/prus\\\/actividades-prus\\\/estudiantes-2021-2022\\\/\"},{\"@type\":\"ListItem\",\"position\":4,\"name\":\"Actividades Estudiantes Septiembre\"}]},{\"@type\":\"WebSite\",\"@id\":\"https:\\\/\\\/www.urjc2030.es\\\/prus\\\/#website\",\"url\":\"https:\\\/\\\/www.urjc2030.es\\\/prus\\\/\",\"name\":\"Oficina Universidad Saludable\",\"description\":\"Colaboramos para hacer de la URJC un entorno promotor de salud para las personas que trabajamos y estudiamos en ella\",\"publisher\":{\"@id\":\"https:\\\/\\\/www.urjc2030.es\\\/prus\\\/#organization\"},\"potentialAction\":[{\"@type\":\"SearchAction\",\"target\":{\"@type\":\"EntryPoint\",\"urlTemplate\":\"https:\\\/\\\/www.urjc2030.es\\\/prus\\\/?s={search_term_string}\"},\"query-input\":{\"@type\":\"PropertyValueSpecification\",\"valueRequired\":true,\"valueName\":\"search_term_string\"}}],\"inLanguage\":\"es\"},{\"@type\":\"Organization\",\"@id\":\"https:\\\/\\\/www.urjc2030.es\\\/prus\\\/#organization\",\"name\":\"Universidad Rey Juan Carlos\",\"url\":\"https:\\\/\\\/www.urjc2030.es\\\/prus\\\/\",\"logo\":{\"@type\":\"ImageObject\",\"inLanguage\":\"es\",\"@id\":\"https:\\\/\\\/www.urjc2030.es\\\/prus\\\/#\\\/schema\\\/logo\\\/image\\\/\",\"url\":\"https:\\\/\\\/www.urjc2030.es\\\/prus\\\/wp-content\\\/uploads\\\/sites\\\/11\\\/2020\\\/10\\\/logoURJC.png\",\"contentUrl\":\"https:\\\/\\\/www.urjc2030.es\\\/prus\\\/wp-content\\\/uploads\\\/sites\\\/11\\\/2020\\\/10\\\/logoURJC.png\",\"width\":800,\"height\":305,\"caption\":\"Universidad Rey Juan Carlos\"},\"image\":{\"@id\":\"https:\\\/\\\/www.urjc2030.es\\\/prus\\\/#\\\/schema\\\/logo\\\/image\\\/\"},\"sameAs\":[\"https:\\\/\\\/www.facebook.com\\\/universidadreyjuancarlos\",\"https:\\\/\\\/x.com\\\/urjc\",\"https:\\\/\\\/www.instagram.com\\\/urjc_uni\\\/?hl=es\"]}]}<\/script>\n<!-- \/ Yoast SEO plugin. -->","yoast_head_json":{"title":"Actividades Estudiantes Septiembre - Oficina Universidad Saludable","robots":{"index":"index","follow":"follow","max-snippet":"max-snippet:-1","max-image-preview":"max-image-preview:large","max-video-preview":"max-video-preview:-1"},"canonical":"https:\/\/www.urjc2030.es\/prus\/actividades-prus\/estudiantes-2021-2022\/septiembre\/","og_locale":"es_ES","og_type":"article","og_title":"Actividades Estudiantes Septiembre - Oficina Universidad Saludable","og_description":"Actividades Estudiantes &gt; 2021-2022 &gt; SeptiembreSeptiembreACTIVIDADES PARA ESTUDIANTESS\u00f3lo pueden inscribirse estudiantes de la URJCJornadas sobre sexualidad saludable Fecha: Del 20 al 23 de septiembre de 2021 Lugar: ONLINE (s\u00edncronas, no quedando grabadas) Organiza: Programa Universidad Saludable (universidadsaludable@urjc.es) El Programa Universidad Saludable realiza unas jornadas gratuitas sobre sexualidad saludable dirigidas a todos los estudiantes de la [&hellip;]","og_url":"https:\/\/www.urjc2030.es\/prus\/actividades-prus\/estudiantes-2021-2022\/septiembre\/","og_site_name":"Oficina Universidad Saludable","article_publisher":"https:\/\/www.facebook.com\/universidadreyjuancarlos","article_modified_time":"2021-09-29T12:06:56+00:00","og_image":[{"width":600,"height":413,"url":"https:\/\/www.urjc2030.es\/prus\/wp-content\/uploads\/sites\/11\/2020\/10\/img-post.jpg","type":"image\/jpeg"}],"twitter_card":"summary_large_image","twitter_site":"@urjc","schema":{"@context":"https:\/\/schema.org","@graph":[{"@type":"WebPage","@id":"https:\/\/www.urjc2030.es\/prus\/actividades-prus\/estudiantes-2021-2022\/septiembre\/","url":"https:\/\/www.urjc2030.es\/prus\/actividades-prus\/estudiantes-2021-2022\/septiembre\/","name":"Actividades Estudiantes Septiembre - Oficina Universidad Saludable","isPartOf":{"@id":"https:\/\/www.urjc2030.es\/prus\/#website"},"primaryImageOfPage":{"@id":"https:\/\/www.urjc2030.es\/prus\/actividades-prus\/estudiantes-2021-2022\/septiembre\/#primaryimage"},"image":{"@id":"https:\/\/www.urjc2030.es\/prus\/actividades-prus\/estudiantes-2021-2022\/septiembre\/#primaryimage"},"thumbnailUrl":"https:\/\/www.urjc2030.es\/prus\/wp-content\/uploads\/sites\/11\/2020\/10\/img-post.jpg","datePublished":"2021-09-28T16:46:08+00:00","dateModified":"2021-09-29T12:06:56+00:00","breadcrumb":{"@id":"https:\/\/www.urjc2030.es\/prus\/actividades-prus\/estudiantes-2021-2022\/septiembre\/#breadcrumb"},"inLanguage":"es","potentialAction":[{"@type":"ReadAction","target":["https:\/\/www.urjc2030.es\/prus\/actividades-prus\/estudiantes-2021-2022\/septiembre\/"]}]},{"@type":"ImageObject","inLanguage":"es","@id":"https:\/\/www.urjc2030.es\/prus\/actividades-prus\/estudiantes-2021-2022\/septiembre\/#primaryimage","url":"https:\/\/www.urjc2030.es\/prus\/wp-content\/uploads\/sites\/11\/2020\/10\/img-post.jpg","contentUrl":"https:\/\/www.urjc2030.es\/prus\/wp-content\/uploads\/sites\/11\/2020\/10\/img-post.jpg","width":600,"height":413,"caption":"Logotipo Universidad Rey Juan Carlos"},{"@type":"BreadcrumbList","@id":"https:\/\/www.urjc2030.es\/prus\/actividades-prus\/estudiantes-2021-2022\/septiembre\/#breadcrumb","itemListElement":[{"@type":"ListItem","position":1,"name":"Portada","item":"https:\/\/www.urjc2030.es\/prus\/"},{"@type":"ListItem","position":2,"name":"Actividades Programa Universidad Saludable","item":"https:\/\/www.urjc2030.es\/prus\/actividades-prus\/"},{"@type":"ListItem","position":3,"name":"Actividades Estudiantes 2021-2022","item":"https:\/\/www.urjc2030.es\/prus\/actividades-prus\/estudiantes-2021-2022\/"},{"@type":"ListItem","position":4,"name":"Actividades Estudiantes Septiembre"}]},{"@type":"WebSite","@id":"https:\/\/www.urjc2030.es\/prus\/#website","url":"https:\/\/www.urjc2030.es\/prus\/","name":"Oficina Universidad Saludable","description":"Colaboramos para hacer de la URJC un entorno promotor de salud para las personas que trabajamos y estudiamos en ella","publisher":{"@id":"https:\/\/www.urjc2030.es\/prus\/#organization"},"potentialAction":[{"@type":"SearchAction","target":{"@type":"EntryPoint","urlTemplate":"https:\/\/www.urjc2030.es\/prus\/?s={search_term_string}"},"query-input":{"@type":"PropertyValueSpecification","valueRequired":true,"valueName":"search_term_string"}}],"inLanguage":"es"},{"@type":"Organization","@id":"https:\/\/www.urjc2030.es\/prus\/#organization","name":"Universidad Rey Juan Carlos","url":"https:\/\/www.urjc2030.es\/prus\/","logo":{"@type":"ImageObject","inLanguage":"es","@id":"https:\/\/www.urjc2030.es\/prus\/#\/schema\/logo\/image\/","url":"https:\/\/www.urjc2030.es\/prus\/wp-content\/uploads\/sites\/11\/2020\/10\/logoURJC.png","contentUrl":"https:\/\/www.urjc2030.es\/prus\/wp-content\/uploads\/sites\/11\/2020\/10\/logoURJC.png","width":800,"height":305,"caption":"Universidad Rey Juan Carlos"},"image":{"@id":"https:\/\/www.urjc2030.es\/prus\/#\/schema\/logo\/image\/"},"sameAs":["https:\/\/www.facebook.com\/universidadreyjuancarlos","https:\/\/x.com\/urjc","https:\/\/www.instagram.com\/urjc_uni\/?hl=es"]}]}},"_links":{"self":[{"href":"https:\/\/www.urjc2030.es\/prus\/wp-json\/wp\/v2\/pages\/1283","targetHints":{"allow":["GET"]}}],"collection":[{"href":"https:\/\/www.urjc2030.es\/prus\/wp-json\/wp\/v2\/pages"}],"about":[{"href":"https:\/\/www.urjc2030.es\/prus\/wp-json\/wp\/v2\/types\/page"}],"author":[{"embeddable":true,"href":"https:\/\/www.urjc2030.es\/prus\/wp-json\/wp\/v2\/users\/1"}],"replies":[{"embeddable":true,"href":"https:\/\/www.urjc2030.es\/prus\/wp-json\/wp\/v2\/comments?post=1283"}],"version-history":[{"count":8,"href":"https:\/\/www.urjc2030.es\/prus\/wp-json\/wp\/v2\/pages\/1283\/revisions"}],"predecessor-version":[{"id":1346,"href":"https:\/\/www.urjc2030.es\/prus\/wp-json\/wp\/v2\/pages\/1283\/revisions\/1346"}],"up":[{"embeddable":true,"href":"https:\/\/www.urjc2030.es\/prus\/wp-json\/wp\/v2\/pages\/1281"}],"wp:featuredmedia":[{"embeddable":true,"href":"https:\/\/www.urjc2030.es\/prus\/wp-json\/wp\/v2\/media\/37"}],"wp:attachment":[{"href":"https:\/\/www.urjc2030.es\/prus\/wp-json\/wp\/v2\/media?parent=1283"}],"curies":[{"name":"wp","href":"https:\/\/api.w.org\/{rel}","templated":true}]}}