{"id":2707,"date":"2023-09-22T16:23:34","date_gmt":"2023-09-22T16:23:34","guid":{"rendered":"https:\/\/www.urjc2030.es\/prus\/?page_id=2707"},"modified":"2024-09-04T08:00:04","modified_gmt":"2024-09-04T08:00:04","slug":"octubre","status":"publish","type":"page","link":"https:\/\/www.urjc2030.es\/prus\/actividades-prus\/estudiantes-2023-2024\/octubre\/","title":{"rendered":"Actividades Estudiantes Octubre"},"content":{"rendered":"<p>[et_pb_section fb_built=\u00bb1&#8243; admin_label=\u00bbCABECERA\u00bb _builder_version=\u00bb4.16&#8243; _module_preset=\u00bbdefault\u00bb background_color=\u00bb#f2f2f2&#8243; background_enable_image=\u00bboff\u00bb custom_padding=\u00bb0px||0px||false|false\u00bb da_disable_devices=\u00bboff|off|off\u00bb global_colors_info=\u00bb{}\u00bb da_is_popup=\u00bboff\u00bb da_exit_intent=\u00bboff\u00bb da_has_close=\u00bbon\u00bb da_alt_close=\u00bboff\u00bb da_dark_close=\u00bboff\u00bb da_not_modal=\u00bbon\u00bb da_is_singular=\u00bboff\u00bb da_with_loader=\u00bboff\u00bb da_has_shadow=\u00bbon\u00bb][et_pb_row _builder_version=\u00bb4.16&#8243; _module_preset=\u00bbdefault\u00bb custom_padding=\u00bb25px||25px||false|false\u00bb global_colors_info=\u00bb{}\u00bb][et_pb_column type=\u00bb4_4&#8243; _builder_version=\u00bb4.16&#8243; _module_preset=\u00bbdefault\u00bb global_colors_info=\u00bb{}\u00bb][et_pb_text _builder_version=\u00bb4.22.1&#8243; _module_preset=\u00bbdefault\u00bb text_font=\u00bb|700|||||||\u00bb text_text_color=\u00bb#818181&#8243; text_font_size=\u00bb13px\u00bb text_letter_spacing=\u00bb0.5px\u00bb custom_margin=\u00bb0px||0px||false|false\u00bb custom_padding=\u00bb0px||0px||false|false\u00bb global_colors_info=\u00bb{}\u00bb]<\/p>\n<p><a class=\"color-grey\" href=\"https:\/\/www.urjc2030.es\/prus\/actividades-prus\/\">Actividades Estudiantes<\/a> &gt; <a href=\"https:\/\/www.urjc2030.es\/prus\/actividades-prus\/estudiantes-2023-2024\/\">2023-2024<\/a> &gt; Octubre<\/p>\n<p>[\/et_pb_text][\/et_pb_column][\/et_pb_row][\/et_pb_section][et_pb_section fb_built=\u00bb1&#8243; admin_label=\u00bbNOTICIAS\u00bb module_id=\u00bbestudiantes\u00bb _builder_version=\u00bb4.16&#8243; _module_preset=\u00bbdefault\u00bb background_color=\u00bb#ffffff\u00bb custom_padding=\u00bb34px||50px||false|false\u00bb bottom_divider_flip=\u00bbhorizontal\u00bb da_popup_slug=\u00bbestudiantes\u00bb da_disable_devices=\u00bboff|off|off\u00bb locked=\u00bboff\u00bb global_colors_info=\u00bb{}\u00bb da_is_popup=\u00bboff\u00bb da_exit_intent=\u00bboff\u00bb da_has_close=\u00bbon\u00bb da_alt_close=\u00bboff\u00bb da_dark_close=\u00bboff\u00bb da_not_modal=\u00bbon\u00bb da_is_singular=\u00bboff\u00bb da_with_loader=\u00bboff\u00bb da_has_shadow=\u00bbon\u00bb][et_pb_row _builder_version=\u00bb4.16&#8243; _module_preset=\u00bbdefault\u00bb custom_padding=\u00bb||3px||false|false\u00bb global_colors_info=\u00bb{}\u00bb][et_pb_column type=\u00bb4_4&#8243; _builder_version=\u00bb4.16&#8243; _module_preset=\u00bbdefault\u00bb global_colors_info=\u00bb{}\u00bb][et_pb_text module_class=\u00bbcolor-grey uppercase\u00bb _builder_version=\u00bb4.22.1&#8243; _module_preset=\u00bbdefault\u00bb text_font=\u00bbBebas Neue||||||||\u00bb text_font_size=\u00bb14px\u00bb header_font=\u00bb||||||||\u00bb header_2_font_size=\u00bb48px\u00bb header_2_line_height=\u00bb1.4em\u00bb header_4_text_align=\u00bbcenter\u00bb header_4_text_color=\u00bb#818181&#8243; header_4_font_size=\u00bb18.5px\u00bb header_4_letter_spacing=\u00bb1px\u00bb text_orientation=\u00bbcenter\u00bb custom_margin=\u00bb||0px||false|false\u00bb animation_style=\u00bbfade\u00bb header_2_font_size_tablet=\u00bb40px\u00bb header_2_font_size_phone=\u00bb40px\u00bb header_2_font_size_last_edited=\u00bbon|desktop\u00bb global_colors_info=\u00bb{}\u00bb]<\/p>\n<h4>Octubre<\/h4>\n<p>[\/et_pb_text][et_pb_text module_class=\u00bbcolor-grey\u00bb _builder_version=\u00bb4.22.1&#8243; _module_preset=\u00bbdefault\u00bb text_font=\u00bbBebas Neue||||||||\u00bb text_font_size=\u00bb14px\u00bb header_2_font_size=\u00bb48px\u00bb header_2_line_height=\u00bb1.4em\u00bb header_3_font=\u00bb|300|||||||\u00bb header_3_text_color=\u00bb#cb0017&#8243; header_3_font_size=\u00bb30px\u00bb custom_margin=\u00bb||1%||false|false\u00bb animation_style=\u00bbfade\u00bb header_2_font_size_tablet=\u00bb40px\u00bb header_2_font_size_phone=\u00bb40px\u00bb header_2_font_size_last_edited=\u00bbon|tablet\u00bb global_colors_info=\u00bb{}\u00bb]<\/p>\n<h3 style=\"text-align: center;\">MES DE LAS UNIVERSIDADES PROMOTORAS DE SALUD\u00bb<\/h3>\n<p>[\/et_pb_text][et_pb_text module_class=\u00bbcolor-grey uppercase\u00bb _builder_version=\u00bb4.16&#8243; _module_preset=\u00bbdefault\u00bb text_font=\u00bbBebas Neue||||||||\u00bb text_font_size=\u00bb14px\u00bb header_2_font_size=\u00bb48px\u00bb header_2_line_height=\u00bb1.4em\u00bb text_orientation=\u00bbcenter\u00bb custom_margin=\u00bb||1%||false|false\u00bb animation_style=\u00bbfade\u00bb header_2_font_size_tablet=\u00bb40px\u00bb header_2_font_size_phone=\u00bb40px\u00bb header_2_font_size_last_edited=\u00bbon|desktop\u00bb global_colors_info=\u00bb{}\u00bb]<\/p>\n<h2><strong>ACTIVIDADES PARA ESTUDIANTES<\/strong><\/h2>\n<p>[\/et_pb_text][et_pb_text _builder_version=\u00bb4.16&#8243; _module_preset=\u00bbdefault\u00bb text_font=\u00bb||||||||\u00bb text_text_color=\u00bb#454545&#8243; text_orientation=\u00bbcenter\u00bb custom_margin=\u00bb0px||||false|false\u00bb locked=\u00bboff\u00bb global_colors_info=\u00bb{}\u00bb]<\/p>\n<p>S\u00f3lo pueden inscribirse estudiantes de la URJC<\/p>\n<p>[\/et_pb_text][et_pb_divider divider_weight=\u00bb3px\u00bb _builder_version=\u00bb4.16&#8243; _module_preset=\u00bbdefault\u00bb width=\u00bb75px\u00bb module_alignment=\u00bbcenter\u00bb custom_margin=\u00bb||1%||false|false\u00bb global_colors_info=\u00bb{}\u00bb][\/et_pb_divider][\/et_pb_column][\/et_pb_row][et_pb_row _builder_version=\u00bb4.17.3&#8243; _module_preset=\u00bbdefault\u00bb custom_padding=\u00bb4px||||false|false\u00bb locked=\u00bboff\u00bb global_colors_info=\u00bb{}\u00bb][et_pb_column type=\u00bb4_4&#8243; _builder_version=\u00bb4.16&#8243; _module_preset=\u00bbdefault\u00bb global_colors_info=\u00bb{}\u00bb][et_pb_text module_class=\u00bbcolor-grey\u00bb _builder_version=\u00bb4.22.1&#8243; _module_preset=\u00bbdefault\u00bb text_font=\u00bbBebas Neue||||||||\u00bb text_font_size=\u00bb14px\u00bb header_2_font_size=\u00bb48px\u00bb header_2_line_height=\u00bb1.4em\u00bb header_3_font=\u00bb|300|||||||\u00bb header_3_text_color=\u00bb#cb0017&#8243; header_3_font_size=\u00bb30px\u00bb custom_margin=\u00bb||1%||false|false\u00bb animation_style=\u00bbfade\u00bb header_2_font_size_tablet=\u00bb40px\u00bb header_2_font_size_phone=\u00bb40px\u00bb header_2_font_size_last_edited=\u00bbon|tablet\u00bb global_colors_info=\u00bb{}\u00bb]<\/p>\n<h3>TALLER \u201cPILATES SALUDABLE\u201d<\/h3>\n<p>[\/et_pb_text][et_pb_divider color=\u00bb#454545&#8243; divider_weight=\u00bb3px\u00bb admin_label=\u00bbSeparador\u00bb _builder_version=\u00bb4.16&#8243; _module_preset=\u00bbdefault\u00bb width=\u00bb40px\u00bb module_alignment=\u00bbleft\u00bb custom_margin=\u00bb||0px||false|false\u00bb custom_padding=\u00bb||0px||false|false\u00bb global_colors_info=\u00bb{}\u00bb][\/et_pb_divider][et_pb_text _builder_version=\u00bb4.22.1&#8243; _module_preset=\u00bbdefault\u00bb text_font=\u00bb||||||||\u00bb text_text_color=\u00bb#454545&#8243; locked=\u00bboff\u00bb global_colors_info=\u00bb{}\u00bb]<\/p>\n<p><span>La Oficina Universidad Saludable organiza, con motivo del D\u00eda de las Universidades Saludables, un taller te\u00f3rico-pr\u00e1ctico con el objetivo de conocer el pilates y sus beneficios en nuestra salud.<\/span><\/p>\n<p>[\/et_pb_text][et_pb_text _builder_version=\u00bb4.22.1&#8243; _module_preset=\u00bbdefault\u00bb text_font=\u00bb||||||||\u00bb ul_font=\u00bb||||||||\u00bb ul_text_color=\u00bb#454545&#8243; text_orientation=\u00bbjustified\u00bb custom_margin=\u00bb||10px||false|false\u00bb locked=\u00bboff\u00bb global_colors_info=\u00bb{}\u00bb]<\/p>\n<ul>\n<li><u>Fechas y horarios:<\/u><strong><span>\u00a0<\/span>10 de octubre de 2023 (10h a 14h)<\/strong><\/li>\n<li><u>Modalidad:<\/u><span>\u00a0<\/span><strong>PRESENCIAL<\/strong><strong><span>\u00a0<\/span>(Campus de Alcorc\u00f3n)<\/strong><\/li>\n<li><u>Impartido por:<\/u><strong><span>\u00a0<\/span>\u00a0Jos\u00e9 Manuel Delfa de la Morena.<span>\u00a0<\/span><\/strong><\/li>\n<li><u>Cr\u00e9ditos<\/u>:<strong><span>\u00a0<\/span>0.2<\/strong>. Para su obtenci\u00f3n, ser\u00e1 imprescindible la asistencia \u00edntegra a la sesi\u00f3n que se comprobar\u00e1 mediante firma y valoraci\u00f3n breve posterior.<\/li>\n<\/ul>\n<p><span style=\"text-decoration: underline;\"><strong><a href=\"https:\/\/www.urjc2030.es\/prus\/actividad\/taller-pilates-saludable\/\"><span>Programa aqu\u00ed<\/span><\/a><\/strong><\/span><\/p>\n<p><a href=\"https:\/\/forms.office.com\/e\/QW87zDdbqz\" target=\"_blank\" rel=\"noopener\"><span style=\"text-decoration: underline;\"><strong>Inscripci\u00f3n aqu\u00ed<\/strong><\/span><\/a><\/p>\n<p>[\/et_pb_text][\/et_pb_column][\/et_pb_row][et_pb_row _builder_version=\u00bb4.16&#8243; _module_preset=\u00bbdefault\u00bb custom_padding=\u00bb4px||||false|false\u00bb locked=\u00bboff\u00bb global_colors_info=\u00bb{}\u00bb][et_pb_column type=\u00bb4_4&#8243; _builder_version=\u00bb4.16&#8243; _module_preset=\u00bbdefault\u00bb global_colors_info=\u00bb{}\u00bb][et_pb_text module_class=\u00bbcolor-grey\u00bb _builder_version=\u00bb4.22.1&#8243; _module_preset=\u00bbdefault\u00bb text_font=\u00bbBebas Neue||||||||\u00bb text_font_size=\u00bb14px\u00bb header_2_font_size=\u00bb48px\u00bb header_2_line_height=\u00bb1.4em\u00bb header_3_font=\u00bb|300|||||||\u00bb header_3_text_color=\u00bb#cb0017&#8243; header_3_font_size=\u00bb30px\u00bb custom_margin=\u00bb||1%||false|false\u00bb animation_style=\u00bbfade\u00bb header_2_font_size_tablet=\u00bb40px\u00bb header_2_font_size_phone=\u00bb40px\u00bb header_2_font_size_last_edited=\u00bbon|tablet\u00bb global_colors_info=\u00bb{}\u00bb]<\/p>\n<h3>TALLER \u201cALIMENTACI\u00d3N Y CAMBIO CLIM\u00c1TICO\u201d<\/h3>\n<p>[\/et_pb_text][et_pb_divider color=\u00bb#454545&#8243; divider_weight=\u00bb3px\u00bb admin_label=\u00bbSeparador\u00bb _builder_version=\u00bb4.16&#8243; _module_preset=\u00bbdefault\u00bb width=\u00bb40px\u00bb module_alignment=\u00bbleft\u00bb custom_margin=\u00bb||0px||false|false\u00bb custom_padding=\u00bb||0px||false|false\u00bb global_colors_info=\u00bb{}\u00bb][\/et_pb_divider][et_pb_text _builder_version=\u00bb4.22.1&#8243; _module_preset=\u00bbdefault\u00bb text_font=\u00bb||||||||\u00bb text_text_color=\u00bb#454545&#8243; locked=\u00bboff\u00bb global_colors_info=\u00bb{}\u00bb]<\/p>\n<p><span>La Oficina Universidad Saludable junto con Oficina Verde organizamos, con motivo del D\u00eda de las Universidades Saludables, un taller con el objetivo de sensibilizarnos sobre c\u00f3mo nuestra alimentaci\u00f3n influye en el planeta y en el cambio clim\u00e1tico.<\/span><\/p>\n<p>[\/et_pb_text][et_pb_text _builder_version=\u00bb4.22.1&#8243; _module_preset=\u00bbdefault\u00bb text_font=\u00bb||||||||\u00bb ul_font=\u00bb||||||||\u00bb ul_text_color=\u00bb#454545&#8243; text_orientation=\u00bbjustified\u00bb custom_margin=\u00bb||10px||false|false\u00bb locked=\u00bboff\u00bb global_colors_info=\u00bb{}\u00bb]<\/p>\n<ul>\n<li><u>Fechas y horarios:<\/u><strong><span>\u00a0<\/span>11 de octubre de 2023 (10-12h).<\/strong><\/li>\n<li><u>Modalidad:<\/u><span>\u00a0<\/span><strong>PRESENCIAL<\/strong><strong><span>\u00a0<\/span>(Campus de Madrid-Vic\u00e1lvaro)<\/strong><\/li>\n<li><u>Impartido por:<\/u><strong><span>\u00a0<\/span>\u00a0Ayuntamiento de Madrid y ONG Justicia Alimentaria<\/strong><\/li>\n<li><u>Cr\u00e9ditos<\/u>:<strong><span>\u00a0<\/span>0.1<\/strong>. Para su obtenci\u00f3n, ser\u00e1 imprescindible la asistencia \u00edntegra a la sesi\u00f3n que se comprobar\u00e1 mediante firma y valoraci\u00f3n breve posterior.<strong>\u00a0<\/strong><\/li>\n<\/ul>\n<p><span style=\"text-decoration: underline;\"><strong><a href=\"https:\/\/www.urjc2030.es\/prus\/actividad\/taller-alimentacion-y-cambio-climatico\/\"><span>Programa aqu\u00ed<\/span><\/a><\/strong><\/span><\/p>\n<p><a href=\"https:\/\/forms.office.com\/e\/n7aZAG6Vu6\" target=\"_blank\" rel=\"noopener\"><span style=\"text-decoration: underline;\"><strong>Inscripci\u00f3n aqu\u00ed<\/strong><\/span><\/a><strong><\/strong><\/p>\n<p>[\/et_pb_text][\/et_pb_column][\/et_pb_row][et_pb_row _builder_version=\u00bb4.16&#8243; _module_preset=\u00bbdefault\u00bb custom_padding=\u00bb4px||||false|false\u00bb locked=\u00bboff\u00bb global_colors_info=\u00bb{}\u00bb][et_pb_column type=\u00bb4_4&#8243; _builder_version=\u00bb4.16&#8243; _module_preset=\u00bbdefault\u00bb global_colors_info=\u00bb{}\u00bb][et_pb_text module_class=\u00bbcolor-grey\u00bb _builder_version=\u00bb4.22.1&#8243; _module_preset=\u00bbdefault\u00bb text_font=\u00bbBebas Neue||||||||\u00bb text_font_size=\u00bb14px\u00bb header_2_font_size=\u00bb48px\u00bb header_2_line_height=\u00bb1.4em\u00bb header_3_font=\u00bb|300|||||||\u00bb header_3_text_color=\u00bb#cb0017&#8243; header_3_font_size=\u00bb30px\u00bb custom_margin=\u00bb||1%||false|false\u00bb animation_style=\u00bbfade\u00bb header_2_font_size_tablet=\u00bb40px\u00bb header_2_font_size_phone=\u00bb40px\u00bb header_2_font_size_last_edited=\u00bbon|tablet\u00bb global_colors_info=\u00bb{}\u00bb]<\/p>\n<h3>TALLER \u201cCONSTRUIR BIENESTAR EMOCIONAL A TRAV\u00c9S DE LAS HABILIDADES PARA LA VIDA\u201d<\/h3>\n<p>[\/et_pb_text][et_pb_divider color=\u00bb#454545&#8243; divider_weight=\u00bb3px\u00bb admin_label=\u00bbSeparador\u00bb _builder_version=\u00bb4.16&#8243; _module_preset=\u00bbdefault\u00bb width=\u00bb40px\u00bb module_alignment=\u00bbleft\u00bb custom_margin=\u00bb||0px||false|false\u00bb custom_padding=\u00bb||0px||false|false\u00bb global_colors_info=\u00bb{}\u00bb][\/et_pb_divider][et_pb_text _builder_version=\u00bb4.22.1&#8243; _module_preset=\u00bbdefault\u00bb text_font=\u00bb||||||||\u00bb text_text_color=\u00bb#454545&#8243; locked=\u00bboff\u00bb global_colors_info=\u00bb{}\u00bb]<\/p>\n<p><span>La Oficina Universidad Saludable organiza, con motivo del D\u00eda de las Universidades Saludables, un taller pr\u00e1ctico y vivencial para potenciar las diez destrezas propuestas por la Organizaci\u00f3n Mundial de la Salud para hacer frente a los retos de la vida cotidiana.<\/span><\/p>\n<p>[\/et_pb_text][et_pb_text _builder_version=\u00bb4.22.1&#8243; _module_preset=\u00bbdefault\u00bb text_font=\u00bb||||||||\u00bb ul_font=\u00bb||||||||\u00bb ul_text_color=\u00bb#454545&#8243; text_orientation=\u00bbjustified\u00bb custom_margin=\u00bb||10px||false|false\u00bb locked=\u00bboff\u00bb global_colors_info=\u00bb{}\u00bb]<\/p>\n<ul>\n<li><u>Fechas y horarios:<\/u><strong><span>\u00a0<\/span>16 de octubre de 2023 (10h a 13h)<\/strong><\/li>\n<li><u>Modalidad:<\/u><span>\u00a0<\/span><strong>PRESENCIAL<span>\u00a0<\/span><\/strong><strong>(Campus de Fuenlabrada)<\/strong><\/li>\n<li><u>Impartido por:<\/u><strong><span>\u00a0<\/span>\u00a0Iv\u00e1n Dar\u00edo Chah\u00edn Pinz\u00f3n.<span>\u00a0<\/span><\/strong><\/li>\n<li><u>Cr\u00e9ditos<\/u>:<strong><span>\u00a0<\/span>0.15<\/strong>. Para su obtenci\u00f3n, ser\u00e1 imprescindible la asistencia \u00edntegra a la sesi\u00f3n que se comprobar\u00e1 mediante firma y valoraci\u00f3n breve posterior.<\/li>\n<\/ul>\n<p><span style=\"text-decoration: underline;\"><strong><a href=\"https:\/\/www.urjc2030.es\/prus\/actividad\/taller-construir-bienestar-emocional-a-traves-de-las-habilidades-para-la-vida\/\"><span>Programa aqu\u00ed<\/span><\/a><\/strong><\/span><\/p>\n<p><a href=\"https:\/\/forms.office.com\/e\/zB6KJttQYp\" target=\"_blank\" rel=\"noopener\"><span style=\"text-decoration: underline;\"><strong>Inscripci\u00f3n aqu\u00ed<\/strong><\/span><\/a><strong><\/strong><\/p>\n<p>[\/et_pb_text][\/et_pb_column][\/et_pb_row][et_pb_row _builder_version=\u00bb4.16&#8243; _module_preset=\u00bbdefault\u00bb custom_padding=\u00bb4px||||false|false\u00bb locked=\u00bboff\u00bb global_colors_info=\u00bb{}\u00bb][et_pb_column type=\u00bb4_4&#8243; _builder_version=\u00bb4.16&#8243; _module_preset=\u00bbdefault\u00bb global_colors_info=\u00bb{}\u00bb][et_pb_text module_class=\u00bbcolor-grey\u00bb _builder_version=\u00bb4.22.1&#8243; _module_preset=\u00bbdefault\u00bb text_font=\u00bbBebas Neue||||||||\u00bb text_font_size=\u00bb14px\u00bb header_2_font_size=\u00bb48px\u00bb header_2_line_height=\u00bb1.4em\u00bb header_3_font=\u00bb|300|||||||\u00bb header_3_text_color=\u00bb#cb0017&#8243; header_3_font_size=\u00bb30px\u00bb custom_margin=\u00bb||1%||false|false\u00bb animation_style=\u00bbfade\u00bb header_2_font_size_tablet=\u00bb40px\u00bb header_2_font_size_phone=\u00bb40px\u00bb header_2_font_size_last_edited=\u00bbon|tablet\u00bb global_colors_info=\u00bb{}\u00bb]<\/p>\n<h3>Hablemos de\u2026 soledad no deseada<\/h3>\n<p>[\/et_pb_text][et_pb_divider color=\u00bb#454545&#8243; divider_weight=\u00bb3px\u00bb admin_label=\u00bbSeparador\u00bb _builder_version=\u00bb4.16&#8243; _module_preset=\u00bbdefault\u00bb width=\u00bb40px\u00bb module_alignment=\u00bbleft\u00bb custom_margin=\u00bb||0px||false|false\u00bb custom_padding=\u00bb||0px||false|false\u00bb global_colors_info=\u00bb{}\u00bb][\/et_pb_divider][et_pb_text _builder_version=\u00bb4.22.1&#8243; _module_preset=\u00bbdefault\u00bb text_font=\u00bb||||||||\u00bb text_text_color=\u00bb#454545&#8243; locked=\u00bboff\u00bb global_colors_info=\u00bb{}\u00bb]<\/p>\n<p><span>La Oficina Universidad Saludable organiza, con motivo de del D\u00eda de Universidades Saludables, una charla coloquio para visibilizar y dar espacio a un tema cada vez m\u00e1s relevante en nuestra sociedad: la soledad no deseada.<\/span><\/p>\n<p>[\/et_pb_text][et_pb_text _builder_version=\u00bb4.22.1&#8243; _module_preset=\u00bbdefault\u00bb text_font=\u00bb||||||||\u00bb ul_font=\u00bb||||||||\u00bb ul_text_color=\u00bb#454545&#8243; text_orientation=\u00bbjustified\u00bb custom_margin=\u00bb||10px||false|false\u00bb hover_enabled=\u00bb0&#8243; locked=\u00bboff\u00bb global_colors_info=\u00bb{}\u00bb sticky_enabled=\u00bb0&#8243;]<\/p>\n<ul>\n<li><u>Fechas y horarios:<\/u><strong><span>\u00a0<\/span>18 de octubre de 2023 (12-14h)<\/strong><\/li>\n<li><u>Modalidad:<\/u><span>\u00a0<\/span><strong>PRESENCIAL<\/strong><strong><span>\u00a0<\/span>(Campus de Madrid Vic\u00e1lvaro)<\/strong><\/li>\n<li><u>Impartido por:<\/u><span>\u00a0<\/span><strong><strong>Javier Rivas, <\/strong><\/strong>coordinador de zona del servicio de prevenci\u00f3n de Soledad No Deseada. Con m\u00e1s de 20 a\u00f1os de experiencia en el sector social. Formaci\u00f3n jur\u00eddica, en temas de g\u00e9nero, prevenci\u00f3n de soledad y migraciones. Centro Municipal de Salud Comunitaria de Vic\u00e1lvaro.<\/li>\n<li><u>Cr\u00e9ditos<\/u>:<strong><span>\u00a0<\/span>0.1<\/strong>. Para su obtenci\u00f3n, ser\u00e1 imprescindible la asistencia \u00edntegra a la sesi\u00f3n que se comprobar\u00e1 mediante firma y valoraci\u00f3n posterior.<\/li>\n<\/ul>\n<p><span style=\"text-decoration: underline;\"><strong><a href=\"https:\/\/www.urjc2030.es\/prus\/actividad\/hablemos-de-soledad-no-deseada\/\"><span>Programa aqu\u00ed<\/span><\/a><\/strong><\/span><\/p>\n<p><a href=\"https:\/\/forms.office.com\/e\/w4RdPiYUHj\" target=\"_blank\" rel=\"noopener\"><span style=\"text-decoration: underline;\"><strong>Inscripci\u00f3n aqu\u00ed<\/strong><\/span><\/a><strong><\/strong><\/p>\n<p>[\/et_pb_text][\/et_pb_column][\/et_pb_row][et_pb_row _builder_version=\u00bb4.16&#8243; _module_preset=\u00bbdefault\u00bb custom_padding=\u00bb4px||||false|false\u00bb locked=\u00bboff\u00bb global_colors_info=\u00bb{}\u00bb][et_pb_column type=\u00bb4_4&#8243; _builder_version=\u00bb4.16&#8243; _module_preset=\u00bbdefault\u00bb global_colors_info=\u00bb{}\u00bb][et_pb_text module_class=\u00bbcolor-grey\u00bb _builder_version=\u00bb4.22.1&#8243; _module_preset=\u00bbdefault\u00bb text_font=\u00bbBebas Neue||||||||\u00bb text_font_size=\u00bb14px\u00bb header_2_font_size=\u00bb48px\u00bb header_2_line_height=\u00bb1.4em\u00bb header_3_font=\u00bb|300|||||||\u00bb header_3_text_color=\u00bb#cb0017&#8243; header_3_font_size=\u00bb30px\u00bb custom_margin=\u00bb||1%||false|false\u00bb animation_style=\u00bbfade\u00bb header_2_font_size_tablet=\u00bb40px\u00bb header_2_font_size_phone=\u00bb40px\u00bb header_2_font_size_last_edited=\u00bbon|tablet\u00bb global_colors_info=\u00bb{}\u00bb]<\/p>\n<h3>TALLER \u201c\u00bfPOR D\u00d3NDE SE SALE?: ESTRATEGIAS PARA MANEJAR NUESTROS MIEDOS\u201d<br \/>\n<\/h3>\n<p>[\/et_pb_text][et_pb_divider color=\u00bb#454545&#8243; divider_weight=\u00bb3px\u00bb admin_label=\u00bbSeparador\u00bb _builder_version=\u00bb4.16&#8243; _module_preset=\u00bbdefault\u00bb width=\u00bb40px\u00bb module_alignment=\u00bbleft\u00bb custom_margin=\u00bb||0px||false|false\u00bb custom_padding=\u00bb||0px||false|false\u00bb global_colors_info=\u00bb{}\u00bb][\/et_pb_divider][et_pb_text _builder_version=\u00bb4.22.1&#8243; _module_preset=\u00bbdefault\u00bb text_font=\u00bb||||||||\u00bb text_text_color=\u00bb#454545&#8243; locked=\u00bboff\u00bb global_colors_info=\u00bb{}\u00bb]<\/p>\n<p>La Oficina Universidad Saludable organiza, con motivo del D\u00eda de las Universidades Saludables, un taller con el objetivo de ofrecer una gu\u00eda pr\u00e1ctica para entender el miedo, la angustia, las obsesiones o la ansiedad y fortalecer nuestra salud mental saliendo de los bucles mentales que nos impiden avanzar.<\/p>\n<p>[\/et_pb_text][et_pb_text _builder_version=\u00bb4.22.1&#8243; _module_preset=\u00bbdefault\u00bb text_font=\u00bb||||||||\u00bb ul_font=\u00bb||||||||\u00bb ul_text_color=\u00bb#454545&#8243; text_orientation=\u00bbjustified\u00bb custom_margin=\u00bb||10px||false|false\u00bb locked=\u00bboff\u00bb global_colors_info=\u00bb{}\u00bb]<\/p>\n<ul>\n<li><u>Fechas y horarios:<\/u><strong> 18 de octubre de 2023 (15h-17h)<\/strong><\/li>\n<li><strong>\u00a0<\/strong><u>Modalidad:<\/u> <strong>ONLINE<\/strong><strong> (Quedar\u00e1 grabada y alojada en URJC TV)<\/strong><\/li>\n<li><u>Impartido por:<\/u><strong> \u00a0Anabel Gonz\u00e1lez.<\/strong><\/li>\n<li><u>Cr\u00e9ditos<\/u>:<strong> 0.1<\/strong>. Para su obtenci\u00f3n, ser\u00e1 imprescindible la asistencia que comprobamos por la lista de asistencia de Teams y valoraci\u00f3n breve posterior que se deja en el chat.<\/li>\n<\/ul>\n<p><span style=\"text-decoration: underline;\"><strong><a href=\"https:\/\/www.urjc2030.es\/prus\/actividad\/taller-por-donde-se-sale-estrategias-para-manejar-nuestros-miedos\/\"><span>Programa aqu\u00ed<\/span><\/a><\/strong><\/span><\/p>\n<p><a href=\"https:\/\/forms.office.com\/e\/8S7KiRiy8G\" target=\"_blank\" rel=\"noopener\"><span style=\"text-decoration: underline;\"><strong>Inscripci\u00f3n aqu\u00ed<\/strong><\/span><\/a><strong><\/strong><\/p>\n<p>[\/et_pb_text][\/et_pb_column][\/et_pb_row][et_pb_row _builder_version=\u00bb4.16&#8243; _module_preset=\u00bbdefault\u00bb custom_padding=\u00bb4px||||false|false\u00bb locked=\u00bboff\u00bb global_colors_info=\u00bb{}\u00bb][et_pb_column type=\u00bb4_4&#8243; _builder_version=\u00bb4.16&#8243; _module_preset=\u00bbdefault\u00bb global_colors_info=\u00bb{}\u00bb][et_pb_text module_class=\u00bbcolor-grey\u00bb _builder_version=\u00bb4.22.1&#8243; _module_preset=\u00bbdefault\u00bb text_font=\u00bbBebas Neue||||||||\u00bb text_font_size=\u00bb14px\u00bb header_2_font_size=\u00bb48px\u00bb header_2_line_height=\u00bb1.4em\u00bb header_3_font=\u00bb|300|||||||\u00bb header_3_text_color=\u00bb#cb0017&#8243; header_3_font_size=\u00bb30px\u00bb custom_margin=\u00bb||1%||false|false\u00bb animation_style=\u00bbfade\u00bb header_2_font_size_tablet=\u00bb40px\u00bb header_2_font_size_phone=\u00bb40px\u00bb header_2_font_size_last_edited=\u00bbon|tablet\u00bb global_colors_info=\u00bb{}\u00bb]<\/p>\n<h3>\u201cURJC CONTRA EL ICTUS\u201d: PREPAR\u00c1NDONOS PARA ACTUAR<\/h3>\n<p>[\/et_pb_text][et_pb_divider color=\u00bb#454545&#8243; divider_weight=\u00bb3px\u00bb admin_label=\u00bbSeparador\u00bb _builder_version=\u00bb4.16&#8243; _module_preset=\u00bbdefault\u00bb width=\u00bb40px\u00bb module_alignment=\u00bbleft\u00bb custom_margin=\u00bb||0px||false|false\u00bb custom_padding=\u00bb||0px||false|false\u00bb global_colors_info=\u00bb{}\u00bb][\/et_pb_divider][et_pb_text _builder_version=\u00bb4.22.1&#8243; _module_preset=\u00bbdefault\u00bb text_font=\u00bb||||||||\u00bb text_text_color=\u00bb#454545&#8243; locked=\u00bboff\u00bb global_colors_info=\u00bb{}\u00bb]<\/p>\n<p><span>La Oficina Universidad Saludable junto con el Servicio de Prevenci\u00f3n de Riesgos Laborales y el Servicio M\u00e9dico organiza, con motivo de la puesta en marcha de la campa\u00f1a \u201c<\/span><strong>URJC contra el ictus<\/strong><span>\u201d, una jornada para sensibilizarnos sobre este tipo de accidente cerebrovascular, su prevenci\u00f3n y protocolo de actuaci\u00f3n r\u00e1pida para intervenir.<\/span><\/p>\n<p>[\/et_pb_text][et_pb_text _builder_version=\u00bb4.22.1&#8243; _module_preset=\u00bbdefault\u00bb text_font=\u00bb||||||||\u00bb ul_font=\u00bb||||||||\u00bb ul_text_color=\u00bb#454545&#8243; text_orientation=\u00bbjustified\u00bb custom_margin=\u00bb||10px||false|false\u00bb locked=\u00bboff\u00bb global_colors_info=\u00bb{}\u00bb]<\/p>\n<ul>\n<li><u>Fechas y horarios:<\/u><strong><span>\u00a0<\/span>25 de octubre de 2023 (13-14h)<\/strong><\/li>\n<li><u>Modalidad:<\/u><span>\u00a0<\/span><strong>PRESENCIAL<\/strong><strong><span>\u00a0<\/span>(Campus de M\u00f3stoles)<\/strong><\/li>\n<li><u>Impartido por:<\/u><strong><span>\u00a0<\/span>\u00a0Fundaci\u00f3n Freno al Ictus y URJC<\/strong><\/li>\n<li><u>Cr\u00e9ditos<\/u>:<strong><span>\u00a0<\/span>0.1<\/strong>. Para su obtenci\u00f3n, ser\u00e1 imprescindible la asistencia \u00edntegra a la sesi\u00f3n, que se comprobar\u00e1 mediante firma, y realizar una valoraci\u00f3n posterior.<\/li>\n<\/ul>\n<p><span style=\"text-decoration: underline;\"><strong><a href=\"https:\/\/www.urjc2030.es\/prus\/actividad\/urjc-contra-el-ictus-preparandonos-para-actuar\/\"><span>Programa aqu\u00ed<\/span><\/a><\/strong><\/span><\/p>\n<p><a href=\"https:\/\/forms.office.com\/e\/4uB6vxL2NV\" target=\"_blank\" rel=\"noopener\"><span style=\"text-decoration: underline;\"><strong>Inscripci\u00f3n aqu\u00ed<\/strong><\/span><\/a><strong><\/strong><\/p>\n<p>[\/et_pb_text][\/et_pb_column][\/et_pb_row][et_pb_row _builder_version=\u00bb4.16&#8243; _module_preset=\u00bbdefault\u00bb custom_padding=\u00bb4px||||false|false\u00bb locked=\u00bboff\u00bb global_colors_info=\u00bb{}\u00bb][et_pb_column type=\u00bb4_4&#8243; _builder_version=\u00bb4.16&#8243; _module_preset=\u00bbdefault\u00bb global_colors_info=\u00bb{}\u00bb][et_pb_text module_class=\u00bbcolor-grey\u00bb _builder_version=\u00bb4.22.1&#8243; _module_preset=\u00bbdefault\u00bb text_font=\u00bbBebas Neue||||||||\u00bb text_font_size=\u00bb14px\u00bb header_2_font_size=\u00bb48px\u00bb header_2_line_height=\u00bb1.4em\u00bb header_3_font=\u00bb|300|||||||\u00bb header_3_text_color=\u00bb#cb0017&#8243; header_3_font_size=\u00bb30px\u00bb custom_margin=\u00bb||1%||false|false\u00bb animation_style=\u00bbfade\u00bb header_2_font_size_tablet=\u00bb40px\u00bb header_2_font_size_phone=\u00bb40px\u00bb header_2_font_size_last_edited=\u00bbon|tablet\u00bb global_colors_info=\u00bb{}\u00bb]<\/p>\n<h3>STANDS DE SENSIBILIZACI\u00d3N \u201cJ\u00d3VENES Y TABACO: QUE NO TE VENDAN HUMO\u00bb<\/h3>\n<p>[\/et_pb_text][et_pb_divider color=\u00bb#454545&#8243; divider_weight=\u00bb3px\u00bb admin_label=\u00bbSeparador\u00bb _builder_version=\u00bb4.16&#8243; _module_preset=\u00bbdefault\u00bb width=\u00bb40px\u00bb module_alignment=\u00bbleft\u00bb custom_margin=\u00bb||0px||false|false\u00bb custom_padding=\u00bb||0px||false|false\u00bb global_colors_info=\u00bb{}\u00bb][\/et_pb_divider][et_pb_text _builder_version=\u00bb4.22.1&#8243; _module_preset=\u00bbdefault\u00bb text_font=\u00bb||||||||\u00bb text_text_color=\u00bb#454545&#8243; locked=\u00bboff\u00bb global_colors_info=\u00bb{}\u00bb]<\/p>\n<p>La <strong>Asociaci\u00f3n Espa\u00f1ola Contra el C\u00e1ncer <\/strong>estar\u00e1 en distintos campus realizando estas jornadas para que seamos m\u00e1s conscientes de los da\u00f1os que el tabaco y los vapeadores provocan en nuestra salud. Habr\u00e1 un concurso, obsequios, din\u00e1micas\u2026 Ay\u00fadanos a ir construyendo cada vez m\u00e1s espacios sin humos y p\u00e1sate a conocer m\u00e1s sobre este importante tema, para ti o para ser promotor\/a de salud en tu entorno:\u00a0<\/p>\n<p>[\/et_pb_text][et_pb_text _builder_version=\u00bb4.22.1&#8243; _module_preset=\u00bbdefault\u00bb text_font=\u00bb||||||||\u00bb ul_font=\u00bb||||||||\u00bb ul_text_color=\u00bb#454545&#8243; text_orientation=\u00bbjustified\u00bb custom_margin=\u00bb||10px||false|false\u00bb locked=\u00bboff\u00bb global_colors_info=\u00bb{}\u00bb]<\/p>\n<ul><\/ul>\n<p style=\"font-weight: 400;\"><strong>URJC M\u00d3STOLES<\/strong>: 2 de octubre 2023 de 15-17h. Estaremos en la entrada del Aulario II.<\/p>\n<p style=\"font-weight: 400;\"><strong>URJC ALCORC\u00d3N<\/strong>: 4 de octubre 2023 de 15-17h. Estaremos en el hall de entrada\/salida de la cafeter\u00eda.<\/p>\n<p style=\"font-weight: 400;\"><strong>URJC FUENLABRADA<\/strong>: 6 de octubre 2023 de 10-12h. Estaremos en la entrada de la cafeter\u00eda del edificio de restauraci\u00f3n.<\/p>\n<p style=\"font-weight: 400;\"><strong>URJC VIC\u00c1LVARO<\/strong>: 9 de octubre 2023 de 10-12h. <strong><span>Estaremos en el hall del Aulario en la salida m\u00e1s cercana a la Biblioteca.<\/span><\/strong><\/p>\n<p style=\"font-weight: 400;\">\n<p style=\"font-weight: 400;\"><em><span>**Acci\u00f3n sin cr\u00e9ditos.<\/span><\/em><\/p>\n<p>[\/et_pb_text][\/et_pb_column][\/et_pb_row][et_pb_row _builder_version=\u00bb4.16&#8243; _module_preset=\u00bbdefault\u00bb custom_padding=\u00bb4px||||false|false\u00bb locked=\u00bboff\u00bb global_colors_info=\u00bb{}\u00bb][et_pb_column type=\u00bb4_4&#8243; _builder_version=\u00bb4.16&#8243; _module_preset=\u00bbdefault\u00bb global_colors_info=\u00bb{}\u00bb][et_pb_text module_class=\u00bbcolor-grey\u00bb _builder_version=\u00bb4.22.1&#8243; _module_preset=\u00bbdefault\u00bb text_font=\u00bbBebas Neue||||||||\u00bb text_font_size=\u00bb14px\u00bb header_2_font_size=\u00bb48px\u00bb header_2_line_height=\u00bb1.4em\u00bb header_3_font=\u00bb|300|||||||\u00bb header_3_text_color=\u00bb#cb0017&#8243; header_3_font_size=\u00bb30px\u00bb custom_margin=\u00bb||1%||false|false\u00bb animation_style=\u00bbfade\u00bb header_2_font_size_tablet=\u00bb40px\u00bb header_2_font_size_phone=\u00bb40px\u00bb header_2_font_size_last_edited=\u00bbon|tablet\u00bb global_colors_info=\u00bb{}\u00bb]<\/p>\n<h3>DONACI\u00d3N DE SANGRE: \u201c\u00daNETE AL RETO 10.000 DONACIONES\u201d<\/h3>\n<p>[\/et_pb_text][et_pb_divider color=\u00bb#454545&#8243; divider_weight=\u00bb3px\u00bb admin_label=\u00bbSeparador\u00bb _builder_version=\u00bb4.16&#8243; _module_preset=\u00bbdefault\u00bb width=\u00bb40px\u00bb module_alignment=\u00bbleft\u00bb custom_margin=\u00bb||0px||false|false\u00bb custom_padding=\u00bb||0px||false|false\u00bb global_colors_info=\u00bb{}\u00bb][\/et_pb_divider][et_pb_text _builder_version=\u00bb4.22.1&#8243; _module_preset=\u00bbdefault\u00bb text_font=\u00bb||||||||\u00bb text_text_color=\u00bb#454545&#8243; locked=\u00bboff\u00bb global_colors_info=\u00bb{}\u00bb]<\/p>\n<p><span>El <strong>Reto 10.000 donaciones<\/strong> es una iniciativa conjunta de las Universidades Promotoras de Salud para conseguir conjuntamente 10.000 donaciones de sangre durante el mes de octubre. Para ello <\/span><span><strong>Cruz Roja<\/strong><\/span><span> pasar\u00e1 por muchos de los campus de la URJC. \u00bfNos ayudas?<\/span><\/p>\n<p>[\/et_pb_text][et_pb_text _builder_version=\u00bb4.22.1&#8243; _module_preset=\u00bbdefault\u00bb text_font=\u00bb||||||||\u00bb ul_font=\u00bb||||||||\u00bb ul_text_color=\u00bb#454545&#8243; text_orientation=\u00bbjustified\u00bb custom_margin=\u00bb||10px||false|false\u00bb locked=\u00bboff\u00bb global_colors_info=\u00bb{}\u00bb]<\/p>\n<ul><\/ul>\n<p style=\"font-weight: 400;\"><strong>URJC FERRAZ<\/strong>: 17 de octubre 2023 (ma\u00f1ana y de tarde)<\/p>\n<p style=\"font-weight: 400;\"><strong>URJC ALCORC\u00d3N<\/strong>: 17 y 18 de octubre 2023 (ma\u00f1ana y tarde<strong>)<\/strong><\/p>\n<p style=\"font-weight: 400;\"><strong>URJC FUENLABRADA<\/strong>: 18 y 19 de octubre 2023 (ma\u00f1ana y tarde)<\/p>\n<p style=\"font-weight: 400;\"><strong>URJC M\u00d3STOLES<\/strong>: 17, 18 y 19 de octubre 2023 (ma\u00f1ana y tarde)<\/p>\n<p style=\"font-weight: 400;\"><strong>URJC VIC\u00c1LVARO<\/strong>: 18 y 19 de octubre 2023 (ma\u00f1ana y tarde)<\/p>\n<p style=\"font-weight: 400;\"><em>\u00a0<\/em><\/p>\n<p style=\"font-weight: 400;\"><em><span>**Acci\u00f3n sin cr\u00e9ditos.<\/span><\/em><\/p>\n<p>[\/et_pb_text][\/et_pb_column][\/et_pb_row][\/et_pb_section]<\/p>\n","protected":false},"excerpt":{"rendered":"<p>Actividades Estudiantes &gt; 2023-2024 &gt; OctubreOctubreMES DE LAS UNIVERSIDADES PROMOTORAS DE SALUD\u00bbACTIVIDADES PARA ESTUDIANTESS\u00f3lo pueden inscribirse estudiantes de la URJCTALLER \u201cPILATES SALUDABLE\u201dLa Oficina Universidad Saludable organiza, con motivo del D\u00eda de las Universidades Saludables, un taller te\u00f3rico-pr\u00e1ctico con el objetivo de conocer el pilates y sus beneficios en nuestra salud. Fechas y horarios:\u00a010 de octubre [&hellip;]<\/p>\n","protected":false},"author":10,"featured_media":37,"parent":2666,"menu_order":0,"comment_status":"closed","ping_status":"closed","template":"","meta":{"_et_pb_use_builder":"on","_et_pb_old_content":"","_et_gb_content_width":"","cybocfi_hide_featured_image":"","footnotes":""},"class_list":["post-2707","page","type-page","status-publish","has-post-thumbnail","hentry"],"yoast_head":"<!-- This site is optimized with the Yoast SEO plugin v27.5 - https:\/\/yoast.com\/product\/yoast-seo-wordpress\/ -->\n<title>Actividades Estudiantes Octubre - Oficina Universidad Saludable<\/title>\n<meta name=\"robots\" content=\"index, follow, max-snippet:-1, max-image-preview:large, max-video-preview:-1\" \/>\n<link rel=\"canonical\" href=\"https:\/\/www.urjc2030.es\/prus\/actividades-prus\/estudiantes-2023-2024\/octubre\/\" \/>\n<meta property=\"og:locale\" content=\"es_ES\" \/>\n<meta property=\"og:type\" content=\"article\" \/>\n<meta property=\"og:title\" content=\"Actividades Estudiantes Octubre - Oficina Universidad Saludable\" \/>\n<meta property=\"og:description\" content=\"Actividades Estudiantes &gt; 2023-2024 &gt; OctubreOctubreMES DE LAS UNIVERSIDADES PROMOTORAS DE SALUD&quot;ACTIVIDADES PARA ESTUDIANTESS\u00f3lo pueden inscribirse estudiantes de la URJCTALLER \u201cPILATES SALUDABLE\u201dLa Oficina Universidad Saludable organiza, con motivo del D\u00eda de las Universidades Saludables, un taller te\u00f3rico-pr\u00e1ctico con el objetivo de conocer el pilates y sus beneficios en nuestra salud. Fechas y horarios:\u00a010 de octubre [&hellip;]\" \/>\n<meta property=\"og:url\" content=\"https:\/\/www.urjc2030.es\/prus\/actividades-prus\/estudiantes-2023-2024\/octubre\/\" \/>\n<meta property=\"og:site_name\" content=\"Oficina Universidad Saludable\" \/>\n<meta property=\"article:publisher\" content=\"https:\/\/www.facebook.com\/universidadreyjuancarlos\" \/>\n<meta property=\"article:modified_time\" content=\"2024-09-04T08:00:04+00:00\" \/>\n<meta property=\"og:image\" content=\"https:\/\/www.urjc2030.es\/prus\/wp-content\/uploads\/sites\/11\/2020\/10\/img-post.jpg\" \/>\n\t<meta property=\"og:image:width\" content=\"600\" \/>\n\t<meta property=\"og:image:height\" content=\"413\" \/>\n\t<meta property=\"og:image:type\" content=\"image\/jpeg\" \/>\n<meta name=\"twitter:card\" content=\"summary_large_image\" \/>\n<meta name=\"twitter:site\" content=\"@urjc\" \/>\n<script type=\"application\/ld+json\" class=\"yoast-schema-graph\">{\"@context\":\"https:\\\/\\\/schema.org\",\"@graph\":[{\"@type\":\"WebPage\",\"@id\":\"https:\\\/\\\/www.urjc2030.es\\\/prus\\\/actividades-prus\\\/estudiantes-2023-2024\\\/octubre\\\/\",\"url\":\"https:\\\/\\\/www.urjc2030.es\\\/prus\\\/actividades-prus\\\/estudiantes-2023-2024\\\/octubre\\\/\",\"name\":\"Actividades Estudiantes Octubre - Oficina Universidad Saludable\",\"isPartOf\":{\"@id\":\"https:\\\/\\\/www.urjc2030.es\\\/prus\\\/#website\"},\"primaryImageOfPage\":{\"@id\":\"https:\\\/\\\/www.urjc2030.es\\\/prus\\\/actividades-prus\\\/estudiantes-2023-2024\\\/octubre\\\/#primaryimage\"},\"image\":{\"@id\":\"https:\\\/\\\/www.urjc2030.es\\\/prus\\\/actividades-prus\\\/estudiantes-2023-2024\\\/octubre\\\/#primaryimage\"},\"thumbnailUrl\":\"https:\\\/\\\/www.urjc2030.es\\\/prus\\\/wp-content\\\/uploads\\\/sites\\\/11\\\/2020\\\/10\\\/img-post.jpg\",\"datePublished\":\"2023-09-22T16:23:34+00:00\",\"dateModified\":\"2024-09-04T08:00:04+00:00\",\"breadcrumb\":{\"@id\":\"https:\\\/\\\/www.urjc2030.es\\\/prus\\\/actividades-prus\\\/estudiantes-2023-2024\\\/octubre\\\/#breadcrumb\"},\"inLanguage\":\"es\",\"potentialAction\":[{\"@type\":\"ReadAction\",\"target\":[\"https:\\\/\\\/www.urjc2030.es\\\/prus\\\/actividades-prus\\\/estudiantes-2023-2024\\\/octubre\\\/\"]}]},{\"@type\":\"ImageObject\",\"inLanguage\":\"es\",\"@id\":\"https:\\\/\\\/www.urjc2030.es\\\/prus\\\/actividades-prus\\\/estudiantes-2023-2024\\\/octubre\\\/#primaryimage\",\"url\":\"https:\\\/\\\/www.urjc2030.es\\\/prus\\\/wp-content\\\/uploads\\\/sites\\\/11\\\/2020\\\/10\\\/img-post.jpg\",\"contentUrl\":\"https:\\\/\\\/www.urjc2030.es\\\/prus\\\/wp-content\\\/uploads\\\/sites\\\/11\\\/2020\\\/10\\\/img-post.jpg\",\"width\":600,\"height\":413,\"caption\":\"Logotipo Universidad Rey Juan Carlos\"},{\"@type\":\"BreadcrumbList\",\"@id\":\"https:\\\/\\\/www.urjc2030.es\\\/prus\\\/actividades-prus\\\/estudiantes-2023-2024\\\/octubre\\\/#breadcrumb\",\"itemListElement\":[{\"@type\":\"ListItem\",\"position\":1,\"name\":\"Portada\",\"item\":\"https:\\\/\\\/www.urjc2030.es\\\/prus\\\/\"},{\"@type\":\"ListItem\",\"position\":2,\"name\":\"Actividades Programa Universidad Saludable\",\"item\":\"https:\\\/\\\/www.urjc2030.es\\\/prus\\\/actividades-prus\\\/\"},{\"@type\":\"ListItem\",\"position\":3,\"name\":\"Actividades Estudiantes 2023-2024\",\"item\":\"https:\\\/\\\/www.urjc2030.es\\\/prus\\\/actividades-prus\\\/estudiantes-2023-2024\\\/\"},{\"@type\":\"ListItem\",\"position\":4,\"name\":\"Actividades Estudiantes Octubre\"}]},{\"@type\":\"WebSite\",\"@id\":\"https:\\\/\\\/www.urjc2030.es\\\/prus\\\/#website\",\"url\":\"https:\\\/\\\/www.urjc2030.es\\\/prus\\\/\",\"name\":\"Oficina Universidad Saludable\",\"description\":\"Colaboramos para hacer de la URJC un entorno promotor de salud para las personas que trabajamos y estudiamos en ella\",\"publisher\":{\"@id\":\"https:\\\/\\\/www.urjc2030.es\\\/prus\\\/#organization\"},\"potentialAction\":[{\"@type\":\"SearchAction\",\"target\":{\"@type\":\"EntryPoint\",\"urlTemplate\":\"https:\\\/\\\/www.urjc2030.es\\\/prus\\\/?s={search_term_string}\"},\"query-input\":{\"@type\":\"PropertyValueSpecification\",\"valueRequired\":true,\"valueName\":\"search_term_string\"}}],\"inLanguage\":\"es\"},{\"@type\":\"Organization\",\"@id\":\"https:\\\/\\\/www.urjc2030.es\\\/prus\\\/#organization\",\"name\":\"Universidad Rey Juan Carlos\",\"url\":\"https:\\\/\\\/www.urjc2030.es\\\/prus\\\/\",\"logo\":{\"@type\":\"ImageObject\",\"inLanguage\":\"es\",\"@id\":\"https:\\\/\\\/www.urjc2030.es\\\/prus\\\/#\\\/schema\\\/logo\\\/image\\\/\",\"url\":\"https:\\\/\\\/www.urjc2030.es\\\/prus\\\/wp-content\\\/uploads\\\/sites\\\/11\\\/2020\\\/10\\\/logoURJC.png\",\"contentUrl\":\"https:\\\/\\\/www.urjc2030.es\\\/prus\\\/wp-content\\\/uploads\\\/sites\\\/11\\\/2020\\\/10\\\/logoURJC.png\",\"width\":800,\"height\":305,\"caption\":\"Universidad Rey Juan Carlos\"},\"image\":{\"@id\":\"https:\\\/\\\/www.urjc2030.es\\\/prus\\\/#\\\/schema\\\/logo\\\/image\\\/\"},\"sameAs\":[\"https:\\\/\\\/www.facebook.com\\\/universidadreyjuancarlos\",\"https:\\\/\\\/x.com\\\/urjc\",\"https:\\\/\\\/www.instagram.com\\\/urjc_uni\\\/?hl=es\"]}]}<\/script>\n<!-- \/ Yoast SEO plugin. -->","yoast_head_json":{"title":"Actividades Estudiantes Octubre - Oficina Universidad Saludable","robots":{"index":"index","follow":"follow","max-snippet":"max-snippet:-1","max-image-preview":"max-image-preview:large","max-video-preview":"max-video-preview:-1"},"canonical":"https:\/\/www.urjc2030.es\/prus\/actividades-prus\/estudiantes-2023-2024\/octubre\/","og_locale":"es_ES","og_type":"article","og_title":"Actividades Estudiantes Octubre - Oficina Universidad Saludable","og_description":"Actividades Estudiantes &gt; 2023-2024 &gt; OctubreOctubreMES DE LAS UNIVERSIDADES PROMOTORAS DE SALUD\"ACTIVIDADES PARA ESTUDIANTESS\u00f3lo pueden inscribirse estudiantes de la URJCTALLER \u201cPILATES SALUDABLE\u201dLa Oficina Universidad Saludable organiza, con motivo del D\u00eda de las Universidades Saludables, un taller te\u00f3rico-pr\u00e1ctico con el objetivo de conocer el pilates y sus beneficios en nuestra salud. Fechas y horarios:\u00a010 de octubre [&hellip;]","og_url":"https:\/\/www.urjc2030.es\/prus\/actividades-prus\/estudiantes-2023-2024\/octubre\/","og_site_name":"Oficina Universidad Saludable","article_publisher":"https:\/\/www.facebook.com\/universidadreyjuancarlos","article_modified_time":"2024-09-04T08:00:04+00:00","og_image":[{"width":600,"height":413,"url":"https:\/\/www.urjc2030.es\/prus\/wp-content\/uploads\/sites\/11\/2020\/10\/img-post.jpg","type":"image\/jpeg"}],"twitter_card":"summary_large_image","twitter_site":"@urjc","schema":{"@context":"https:\/\/schema.org","@graph":[{"@type":"WebPage","@id":"https:\/\/www.urjc2030.es\/prus\/actividades-prus\/estudiantes-2023-2024\/octubre\/","url":"https:\/\/www.urjc2030.es\/prus\/actividades-prus\/estudiantes-2023-2024\/octubre\/","name":"Actividades Estudiantes Octubre - Oficina Universidad Saludable","isPartOf":{"@id":"https:\/\/www.urjc2030.es\/prus\/#website"},"primaryImageOfPage":{"@id":"https:\/\/www.urjc2030.es\/prus\/actividades-prus\/estudiantes-2023-2024\/octubre\/#primaryimage"},"image":{"@id":"https:\/\/www.urjc2030.es\/prus\/actividades-prus\/estudiantes-2023-2024\/octubre\/#primaryimage"},"thumbnailUrl":"https:\/\/www.urjc2030.es\/prus\/wp-content\/uploads\/sites\/11\/2020\/10\/img-post.jpg","datePublished":"2023-09-22T16:23:34+00:00","dateModified":"2024-09-04T08:00:04+00:00","breadcrumb":{"@id":"https:\/\/www.urjc2030.es\/prus\/actividades-prus\/estudiantes-2023-2024\/octubre\/#breadcrumb"},"inLanguage":"es","potentialAction":[{"@type":"ReadAction","target":["https:\/\/www.urjc2030.es\/prus\/actividades-prus\/estudiantes-2023-2024\/octubre\/"]}]},{"@type":"ImageObject","inLanguage":"es","@id":"https:\/\/www.urjc2030.es\/prus\/actividades-prus\/estudiantes-2023-2024\/octubre\/#primaryimage","url":"https:\/\/www.urjc2030.es\/prus\/wp-content\/uploads\/sites\/11\/2020\/10\/img-post.jpg","contentUrl":"https:\/\/www.urjc2030.es\/prus\/wp-content\/uploads\/sites\/11\/2020\/10\/img-post.jpg","width":600,"height":413,"caption":"Logotipo Universidad Rey Juan Carlos"},{"@type":"BreadcrumbList","@id":"https:\/\/www.urjc2030.es\/prus\/actividades-prus\/estudiantes-2023-2024\/octubre\/#breadcrumb","itemListElement":[{"@type":"ListItem","position":1,"name":"Portada","item":"https:\/\/www.urjc2030.es\/prus\/"},{"@type":"ListItem","position":2,"name":"Actividades Programa Universidad Saludable","item":"https:\/\/www.urjc2030.es\/prus\/actividades-prus\/"},{"@type":"ListItem","position":3,"name":"Actividades Estudiantes 2023-2024","item":"https:\/\/www.urjc2030.es\/prus\/actividades-prus\/estudiantes-2023-2024\/"},{"@type":"ListItem","position":4,"name":"Actividades Estudiantes Octubre"}]},{"@type":"WebSite","@id":"https:\/\/www.urjc2030.es\/prus\/#website","url":"https:\/\/www.urjc2030.es\/prus\/","name":"Oficina Universidad Saludable","description":"Colaboramos para hacer de la URJC un entorno promotor de salud para las personas que trabajamos y estudiamos en ella","publisher":{"@id":"https:\/\/www.urjc2030.es\/prus\/#organization"},"potentialAction":[{"@type":"SearchAction","target":{"@type":"EntryPoint","urlTemplate":"https:\/\/www.urjc2030.es\/prus\/?s={search_term_string}"},"query-input":{"@type":"PropertyValueSpecification","valueRequired":true,"valueName":"search_term_string"}}],"inLanguage":"es"},{"@type":"Organization","@id":"https:\/\/www.urjc2030.es\/prus\/#organization","name":"Universidad Rey Juan Carlos","url":"https:\/\/www.urjc2030.es\/prus\/","logo":{"@type":"ImageObject","inLanguage":"es","@id":"https:\/\/www.urjc2030.es\/prus\/#\/schema\/logo\/image\/","url":"https:\/\/www.urjc2030.es\/prus\/wp-content\/uploads\/sites\/11\/2020\/10\/logoURJC.png","contentUrl":"https:\/\/www.urjc2030.es\/prus\/wp-content\/uploads\/sites\/11\/2020\/10\/logoURJC.png","width":800,"height":305,"caption":"Universidad Rey Juan Carlos"},"image":{"@id":"https:\/\/www.urjc2030.es\/prus\/#\/schema\/logo\/image\/"},"sameAs":["https:\/\/www.facebook.com\/universidadreyjuancarlos","https:\/\/x.com\/urjc","https:\/\/www.instagram.com\/urjc_uni\/?hl=es"]}]}},"_links":{"self":[{"href":"https:\/\/www.urjc2030.es\/prus\/wp-json\/wp\/v2\/pages\/2707","targetHints":{"allow":["GET"]}}],"collection":[{"href":"https:\/\/www.urjc2030.es\/prus\/wp-json\/wp\/v2\/pages"}],"about":[{"href":"https:\/\/www.urjc2030.es\/prus\/wp-json\/wp\/v2\/types\/page"}],"author":[{"embeddable":true,"href":"https:\/\/www.urjc2030.es\/prus\/wp-json\/wp\/v2\/users\/10"}],"replies":[{"embeddable":true,"href":"https:\/\/www.urjc2030.es\/prus\/wp-json\/wp\/v2\/comments?post=2707"}],"version-history":[{"count":7,"href":"https:\/\/www.urjc2030.es\/prus\/wp-json\/wp\/v2\/pages\/2707\/revisions"}],"predecessor-version":[{"id":2729,"href":"https:\/\/www.urjc2030.es\/prus\/wp-json\/wp\/v2\/pages\/2707\/revisions\/2729"}],"up":[{"embeddable":true,"href":"https:\/\/www.urjc2030.es\/prus\/wp-json\/wp\/v2\/pages\/2666"}],"wp:featuredmedia":[{"embeddable":true,"href":"https:\/\/www.urjc2030.es\/prus\/wp-json\/wp\/v2\/media\/37"}],"wp:attachment":[{"href":"https:\/\/www.urjc2030.es\/prus\/wp-json\/wp\/v2\/media?parent=2707"}],"curies":[{"name":"wp","href":"https:\/\/api.w.org\/{rel}","templated":true}]}}