{"id":2999,"date":"2024-01-25T10:52:45","date_gmt":"2024-01-25T10:52:45","guid":{"rendered":"https:\/\/www.urjc2030.es\/prus\/?page_id=2999"},"modified":"2026-08-09T08:48:52","modified_gmt":"2026-08-09T08:48:52","slug":"febrero","status":"publish","type":"page","link":"https:\/\/www.urjc2030.es\/prus\/actividades-prus\/pdi-ptgas\/pdi-ptgas-2023-2024\/febrero\/","title":{"rendered":"Actividades PDI-PTGAS Febrero"},"content":{"rendered":"\n<div class=\"et_pb_section_0 et_pb_section et_section_regular et_block_section\"><div class=\"et_pb_row_0 et_pb_row et_block_row\"><div class=\"et_pb_column_0 et_pb_column et_pb_column_4_4 et-last-child et_block_column et_pb_css_mix_blend_mode_passthrough\"><div class=\"et_pb_text_0 et_pb_text et_pb_bg_layout_light et_pb_module et_block_module\"><div class=\"et_pb_text_inner\"><p><a href=\"https:\/\/www.urjc2030.es\/prus\/actividades-prus\/pdi-ptgas\/\" class=\"color-grey\">Actividades PDI y PTGAS<\/a> &gt; <a href=\"https:\/\/www.urjc2030.es\/prus\/actividades-prus\/pdi-ptgas\/pdi-ptgas-2023-2024\/\">2023-2024<\/a> &gt; Febrero<\/p>\n<\/div><\/div><\/div><\/div><\/div><div class=\"et_pb_section_1 et_pb_section et_section_regular et_block_section\" id=\"estudiantes\"><div class=\"et_pb_row_1 et_pb_row et_block_row\"><div class=\"et_pb_column_1 et_pb_column et_pb_column_4_4 et-last-child et_block_column et_pb_css_mix_blend_mode_passthrough\"><div class=\"et_pb_text_1 et_pb_text et_pb_bg_layout_light et_animated et_pb_module et_block_module color-grey uppercase\"><div class=\"et_pb_text_inner\"><h4>Febrero<\/h4>\n<\/div><\/div><div class=\"et_pb_text_2 et_pb_text et_pb_bg_layout_light et_animated et_pb_module et_block_module color-grey uppercase\"><div class=\"et_pb_text_inner\"><h2><strong>ACTIVIDADES PARA PDI-PTGAS<\/strong><\/h2>\n<\/div><\/div><div class=\"et_pb_text_3 et_pb_text et_pb_bg_layout_light et_pb_module et_block_module et_pb_text_align_center\"><div class=\"et_pb_text_inner\"><p>S\u00f3lo puede inscribirse el Personal Docente e Investigador y el Personal de Administraci\u00f3n y Servicios de la URJC<\/p>\n<\/div><\/div><div class=\"et_pb_divider_0 et_pb_divider et_pb_space et_pb_divider_position_top et_pb_module\"><div class=\"et_pb_divider_internal\"><\/div><\/div><\/div><\/div><div class=\"et_pb_row_2 et_pb_row et_block_row\"><div class=\"et_pb_column_2 et_pb_column et_pb_column_4_4 et-last-child et_block_column et_pb_css_mix_blend_mode_passthrough\"><div class=\"et_pb_text_4 et_pb_text et_pb_bg_layout_light et_animated et_pb_module et_block_module color-grey\"><div class=\"et_pb_text_inner\"><h3>H\u00c1BITOS SALUDABLES: C\u00d3MO CAMBIAR LO QUE NO FUNCIONA<\/h3>\n<\/div><\/div><div class=\"et_pb_divider_1 et_pb_divider et_pb_space et_pb_divider_position_top et_pb_module\"><div class=\"et_pb_divider_internal\"><\/div><\/div><\/div><\/div><div class=\"et_pb_row_3 et_pb_row et_block_row\"><div class=\"et_pb_column_3 et_pb_column et_pb_column_4_4 et-last-child et_block_column et_pb_css_mix_blend_mode_passthrough\"><div class=\"et_pb_text_5 et_pb_text et_pb_bg_layout_light et_pb_module et_block_module\"><div class=\"et_pb_text_inner\"><p>La Oficina Universidad Saludable organiza un seminario de dos sesiones <strong>dirigido s\u00f3lo a PDI-PTGAS<\/strong> para reflexionar sobre nuestros estilos de vida y trabajar sobre un plan de cambio personal para crear h\u00e1bitos m\u00e1s saludables y cambiar h\u00e1bitos perjudiciales.<\/p>\n<\/div><\/div><div class=\"et_pb_text_6 et_pb_text et_pb_bg_layout_light et_pb_module et_block_module et_pb_text_align_justified\"><div class=\"et_pb_text_inner\"><ul>\n<li><strong><u>Fec<\/u><u>has y horarios:<\/u> 12 y 19 de febrero de 2024 (12h-14h) \u00a0<\/strong><\/li>\n<li><strong><u>Modalidad:<\/u> ONLINE <\/strong>a trav\u00e9s de Teams <strong>(NO queda grabado)<\/strong><\/li>\n<li><strong><u>Impartido por:<\/u> Universidad Saludable <\/strong><\/li>\n<\/ul>\n<ul><\/ul>\n<p><strong><a href=\"https:\/\/www.urjc2030.es\/prus\/actividad\/habitos-saludables-como-cambiar-lo-que-no-funciona-pdi-ptgas\/\"><span style=\"text-decoration: underline;\">Programa aqu\u00ed<\/span><\/a><\/strong><\/p>\n<p><strong><span style=\"text-decoration: underline;\"><a href=\"https:\/\/forms.office.com\/e\/c6q5ktPfwi\" target=\"_blank\" rel=\"noopener\">Inscripci\u00f3n aqu\u00ed<\/a><\/span><\/strong><\/p>\n<\/div><\/div><\/div><\/div><div class=\"et_pb_row_4 et_pb_row et_block_row\"><div class=\"et_pb_column_4 et_pb_column et_pb_column_4_4 et-last-child et_block_column et_pb_css_mix_blend_mode_passthrough\"><div class=\"et_pb_text_7 et_pb_text et_pb_bg_layout_light et_animated et_pb_module et_block_module color-grey\"><div class=\"et_pb_text_inner\"><h3>DUELO DE PAREJA<\/h3>\n<\/div><\/div><div class=\"et_pb_divider_2 et_pb_divider et_pb_space et_pb_divider_position_top et_pb_module\"><div class=\"et_pb_divider_internal\"><\/div><\/div><\/div><\/div><div class=\"et_pb_row_5 et_pb_row et_block_row\"><div class=\"et_pb_column_5 et_pb_column et_pb_column_4_4 et-last-child et_block_column et_pb_css_mix_blend_mode_passthrough\"><div class=\"et_pb_text_8 et_pb_text et_pb_bg_layout_light et_pb_module et_block_module\"><div class=\"et_pb_text_inner\"><p>La Oficina Universidad Saludable organiza este taller pr\u00e1ctico-vivencial, donde se desarrollar\u00e1n din\u00e1micas, t\u00e9cnicas y herramientas contrastadas cient\u00edficamente, para la elaboraci\u00f3n de las diferentes fases, tareas e itinerario necesarios para elabora de manera saludable nuestros\u00a0 duelos de pareja\u00a0 e identificar\u00a0 nuestros patrones vinculares.<\/p>\n<\/div><\/div><div class=\"et_pb_text_9 et_pb_text et_pb_bg_layout_light et_pb_module et_block_module et_pb_text_align_justified\"><div class=\"et_pb_text_inner\"><ul>\n<li><strong><u>Fecha y horario<\/u><\/strong><strong>: 14 de febrero de 2024 (15.30 a 17.30h).<\/strong><\/li>\n<li><strong><u>Modalidad<\/u><\/strong><strong>: ONLINE (Queda grabado y alojado en URJC TV)<\/strong><\/li>\n<li><strong><u>Impartido por<\/u><\/strong>: <strong>Jos\u00e9 Gonz\u00e1lez Fern\u00e1ndez. Psic\u00f3logo<\/strong>. Coordinador del programa de duelo de Psic\u00f3logos Sin Fronteras, M\u00e1ster en Psicolog\u00eda Cl\u00ednica y de la Salud, Especialista universitario en cl\u00ednica y psicoterapia psicoanal\u00edtica. Director de Apertus Psic\u00f3logos. Autor de libros como \u2018Acompa\u00f1ar en duelo\u2019 y \u2018Crecer en la p\u00e9rdida\u2019<br \/><strong><\/strong><\/li>\n<\/ul>\n<ul><\/ul>\n<ul><\/ul>\n<p><strong><a href=\"https:\/\/www.urjc2030.es\/prus\/actividad\/duelo-de-pareja-pdi-ptgas\/\"><span style=\"text-decoration: underline;\">Programa aqu\u00ed<\/span><\/a><\/strong><\/p>\n<p><strong><span style=\"text-decoration: underline;\"><a href=\"https:\/\/forms.office.com\/e\/WUnPibhfDT\" target=\"_blank\" rel=\"noopener\">Inscripci\u00f3n aqu\u00ed<\/a><\/span><\/strong><\/p>\n<\/div><\/div><\/div><\/div><div class=\"et_pb_row_6 et_pb_row et_block_row\"><div class=\"et_pb_column_6 et_pb_column et_pb_column_4_4 et-last-child et_block_column et_pb_css_mix_blend_mode_passthrough\"><div class=\"et_pb_text_10 et_pb_text et_pb_bg_layout_light et_animated et_pb_module et_block_module color-grey\"><div class=\"et_pb_text_inner\"><h3>DUELOS VITALES<\/h3>\n<\/div><\/div><div class=\"et_pb_divider_3 et_pb_divider et_pb_space et_pb_divider_position_top et_pb_module\"><div class=\"et_pb_divider_internal\"><\/div><\/div><\/div><\/div><div class=\"et_pb_row_7 et_pb_row et_block_row\"><div class=\"et_pb_column_7 et_pb_column et_pb_column_4_4 et-last-child et_block_column et_pb_css_mix_blend_mode_passthrough\"><div class=\"et_pb_text_11 et_pb_text et_pb_bg_layout_light et_pb_module et_block_module\"><div class=\"et_pb_text_inner\"><p>La Oficina Universidad Saludable organiza este taller pr\u00e1ctico-vivencial donde se desarrollar\u00e1n din\u00e1micas, t\u00e9cnicas y herramientas contrastadas cient\u00edficamente, para la elaboraci\u00f3n de las diferentes fases, tareas e itinerario necesarios para elabora de manera saludable nuestros duelos vitales.<\/p>\n<\/div><\/div><div class=\"et_pb_text_12 et_pb_text et_pb_bg_layout_light et_pb_module et_block_module et_pb_text_align_justified\"><div class=\"et_pb_text_inner\"><ul><\/ul>\n<ul>\n<li><strong><u>Fecha y horario<\/u><\/strong><strong>: 21 de febrero de 2024 (15.30 a 17.30h).<\/strong><\/li>\n<\/ul>\n<ul>\n<li><strong><u>Modalidad<\/u><\/strong><strong>: ONLINE (Queda grabado y alojado en URJC TV)<\/strong><\/li>\n<li><strong><u>Impartido por<\/u><\/strong><strong>:<\/strong> <strong>Jos\u00e9 Gonz\u00e1lez Fern\u00e1ndez. Psic\u00f3logo<\/strong>. Coordinador del programa de duelo de Psic\u00f3logos Sin Fronteras, M\u00e1ster en Psicolog\u00eda Cl\u00ednica y de la Salud, Especialista universitario en cl\u00ednica y psicoterapia psicoanal\u00edtica. Director de Apertus Psic\u00f3logos. Autor de libros como \u2018Acompa\u00f1ar en duelo\u2019 y \u2018Crecer en la p\u00e9rdida\u2019<br \/><strong><\/strong><\/li>\n<\/ul>\n<p>&nbsp;<\/p>\n<p><strong><a href=\"https:\/\/www.urjc2030.es\/prus\/actividad\/duelos-vitales-pdi-ptgas\/\"><span style=\"text-decoration: underline;\">Programa aqu\u00ed<\/span><\/a><\/strong><\/p>\n<p><strong><span style=\"text-decoration: underline;\"><a href=\"https:\/\/forms.office.com\/e\/Ji260SqfXu\" target=\"_blank\" rel=\"noopener\">Inscripci\u00f3n aqu\u00ed<\/a><\/span><\/strong><\/p>\n<\/div><\/div><\/div><\/div><div class=\"et_pb_row_8 et_pb_row et_block_row\"><div class=\"et_pb_column_8 et_pb_column et_pb_column_4_4 et-last-child et_block_column et_pb_css_mix_blend_mode_passthrough\"><div class=\"et_pb_text_13 et_pb_text et_pb_bg_layout_light et_animated et_pb_module et_block_module color-grey\"><div class=\"et_pb_text_inner\"><h3>CUIDADO DEL SUELO P\u00c9LVICO FEMENINO Y MASCULINO<\/h3>\n<\/div><\/div><div class=\"et_pb_divider_4 et_pb_divider et_pb_space et_pb_divider_position_top et_pb_module\"><div class=\"et_pb_divider_internal\"><\/div><\/div><\/div><\/div><div class=\"et_pb_row_9 et_pb_row et_block_row\"><div class=\"et_pb_column_9 et_pb_column et_pb_column_4_4 et-last-child et_block_column et_pb_css_mix_blend_mode_passthrough\"><div class=\"et_pb_text_14 et_pb_text et_pb_bg_layout_light et_pb_module et_block_module\"><div class=\"et_pb_text_inner\"><p>La Oficina Universidad Saludable organiza un taller con motivo del <strong>D\u00eda Europeo de la Salud Sexual <\/strong>con el objetivo de conocer la importancia de cuidar el suelo p\u00e9lvico en todas las personas y de trabajar pautas que nos ayuden a hacerlo.<\/p>\n<\/div><\/div><div class=\"et_pb_text_15 et_pb_text et_pb_bg_layout_light et_pb_module et_block_module et_pb_text_align_justified\"><div class=\"et_pb_text_inner\"><ul>\n<li><strong><u>Fecha y horario<\/u><\/strong><strong>: 28 de febrero de 2024 (15\u201930-17\u201930h).<\/strong><\/li>\n<li><strong><u>Modalidad<\/u><\/strong><strong>: ONLINE (NO queda grabado)<\/strong><\/li>\n<li><strong><u>Impartido por<\/u><\/strong><strong>: <\/strong>.Aluhe Ben\u00edtez. Fisioterapeuta especializada en suelo p\u00e9lvico y fisiosexolog\u00eda. Desempe\u00f1a su labor en equipo de urolog\u00eda, ginecolog\u00eda y sexolog\u00eda en problemas sexuales, urinarios y ano-rectales.<\/li>\n<\/ul>\n<ul><\/ul>\n<ul><\/ul>\n<p><strong><a href=\"https:\/\/www.urjc2030.es\/prus\/actividad\/cuidado-del-suelo-pelvico-femenino-y-masculino-pdi-ptgas\/\"><span style=\"text-decoration: underline;\">Programa aqu\u00ed<\/span><\/a><\/strong><\/p>\n<p><strong><span style=\"text-decoration: underline;\"><a href=\"https:\/\/forms.office.com\/e\/GQCX8W62De\" target=\"_blank\" rel=\"noopener\">Inscripci\u00f3n aqu\u00ed<\/a><\/span><\/strong><\/p>\n<\/div><\/div><\/div><\/div><div class=\"et_pb_row_10 et_pb_row et_block_row\"><div class=\"et_pb_column_10 et_pb_column et_pb_column_4_4 et-last-child et_block_column et_pb_css_mix_blend_mode_passthrough\"><div class=\"et_pb_text_16 et_pb_text et_pb_bg_layout_light et_animated et_pb_module et_block_module color-grey\"><div class=\"et_pb_text_inner\"><h3>EL BUEN DORMIR: SUE\u00d1O Y SALUD<\/h3>\n<\/div><\/div><div class=\"et_pb_divider_5 et_pb_divider et_pb_space et_pb_divider_position_top et_pb_module\"><div class=\"et_pb_divider_internal\"><\/div><\/div><\/div><\/div><div class=\"et_pb_row_11 et_pb_row et_block_row\"><div class=\"et_pb_column_11 et_pb_column et_pb_column_4_4 et-last-child et_block_column et_pb_css_mix_blend_mode_passthrough\"><div class=\"et_pb_text_17 et_pb_text et_pb_bg_layout_light et_pb_module et_block_module\"><div class=\"et_pb_text_inner\"><p>La Oficina Universidad Saludable organiza esta actividad de la mano de uno de los mejores expertos en sue\u00f1o con el objetivo de conocer mejor la gran relevancia que tiene el sue\u00f1o sobre nuestra salud y de conocer pautas para tener un sue\u00f1o saludable en nuestro d\u00eda a d\u00eda.<\/p>\n<\/div><\/div><div class=\"et_pb_text_18 et_pb_text et_pb_bg_layout_light et_pb_module et_block_module et_pb_text_align_justified\"><div class=\"et_pb_text_inner\"><ul>\n<li><strong><u>Fecha y horario<\/u><\/strong><strong>: 29 de febrero de 2024 (15.30 a 17.30h).<\/strong><\/li>\n<li><strong><u>Modalidad<\/u><\/strong><strong>: ONLINE (Queda grabado y alojado en URJC TV)<\/strong><strong>\u00a0<\/strong><\/li>\n<li><strong><u>Impartido por<\/u><\/strong><strong>:<\/strong> <strong>Javier Albares<\/strong>. Licenciado en Medicina y Cirug\u00eda, Especialista en Neurofisiolog\u00eda Cl\u00ednica y Medicina del Sue\u00f1o con amplia experiencia en la divulgaci\u00f3n, la investigaci\u00f3n y el tratamiento de los trastornos del sue\u00f1o. Autor de numerosas publicaciones como el libro \u2018La ciencia del buen dormir\u201d.<\/li>\n<\/ul>\n<p>&nbsp;<\/p>\n<p><strong><span style=\"text-decoration: underline;\"><a href=\"https:\/\/www.urjc2030.es\/prus\/actividad\/el-buen-dormir-sueno-y-salud-pdi-ptgas\/\">Programa aqu\u00ed<\/span><\/a><\/strong><\/p>\n<p><strong><span style=\"text-decoration: underline;\"><a href=\"https:\/\/forms.office.com\/e\/8Ciu87unEe\" target=\"_blank\" rel=\"noopener\">Inscripci\u00f3n aqu\u00ed<\/a><\/span><\/strong><\/p>\n<\/div><\/div><\/div><\/div><\/div>\n","protected":false},"excerpt":{"rendered":"","protected":false},"author":10,"featured_media":37,"parent":2688,"menu_order":0,"comment_status":"closed","ping_status":"closed","template":"","meta":{"cybocfi_hide_featured_image":"","footnotes":""},"class_list":["post-2999","page","type-page","status-publish","has-post-thumbnail","hentry"],"yoast_head":"<!-- This site is optimized with the Yoast SEO plugin v28.4 - https:\/\/yoast.com\/product\/yoast-seo-wordpress\/ -->\n<title>Actividades PDI-PTGAS Febrero - Oficina Universidad Saludable<\/title>\n<meta name=\"robots\" content=\"index, follow, max-snippet:-1, max-image-preview:large, max-video-preview:-1\" \/>\n<link rel=\"canonical\" href=\"https:\/\/www.urjc2030.es\/prus\/actividades-prus\/pdi-ptgas\/pdi-ptgas-2023-2024\/febrero\/\" \/>\n<meta property=\"og:locale\" content=\"es_ES\" \/>\n<meta property=\"og:type\" content=\"article\" \/>\n<meta property=\"og:title\" content=\"Actividades PDI-PTGAS Febrero - Oficina Universidad Saludable\" \/>\n<meta property=\"og:url\" content=\"https:\/\/www.urjc2030.es\/prus\/actividades-prus\/pdi-ptgas\/pdi-ptgas-2023-2024\/febrero\/\" \/>\n<meta property=\"og:site_name\" content=\"Oficina Universidad Saludable\" \/>\n<meta property=\"article:publisher\" content=\"https:\/\/www.facebook.com\/universidadreyjuancarlos\" \/>\n<meta property=\"article:modified_time\" content=\"2026-08-09T08:48:52+00:00\" \/>\n<meta property=\"og:image\" content=\"https:\/\/www.urjc2030.es\/prus\/wp-content\/uploads\/sites\/11\/2020\/10\/img-post.jpg\" \/>\n\t<meta property=\"og:image:width\" content=\"600\" \/>\n\t<meta property=\"og:image:height\" content=\"413\" \/>\n\t<meta property=\"og:image:type\" content=\"image\/jpeg\" \/>\n<meta name=\"twitter:card\" content=\"summary_large_image\" \/>\n<meta name=\"twitter:site\" content=\"@urjc\" \/>\n<script type=\"application\/ld+json\" class=\"yoast-schema-graph\">{\"@context\":\"https:\\\/\\\/schema.org\",\"@graph\":[{\"@type\":\"WebPage\",\"@id\":\"https:\\\/\\\/www.urjc2030.es\\\/prus\\\/actividades-prus\\\/pdi-ptgas\\\/pdi-ptgas-2023-2024\\\/febrero\\\/\",\"url\":\"https:\\\/\\\/www.urjc2030.es\\\/prus\\\/actividades-prus\\\/pdi-ptgas\\\/pdi-ptgas-2023-2024\\\/febrero\\\/\",\"name\":\"Actividades PDI-PTGAS Febrero - Oficina Universidad Saludable\",\"isPartOf\":{\"@id\":\"https:\\\/\\\/www.urjc2030.es\\\/prus\\\/#website\"},\"primaryImageOfPage\":{\"@id\":\"https:\\\/\\\/www.urjc2030.es\\\/prus\\\/actividades-prus\\\/pdi-ptgas\\\/pdi-ptgas-2023-2024\\\/febrero\\\/#primaryimage\"},\"image\":{\"@id\":\"https:\\\/\\\/www.urjc2030.es\\\/prus\\\/actividades-prus\\\/pdi-ptgas\\\/pdi-ptgas-2023-2024\\\/febrero\\\/#primaryimage\"},\"thumbnailUrl\":\"https:\\\/\\\/www.urjc2030.es\\\/prus\\\/wp-content\\\/uploads\\\/sites\\\/11\\\/2020\\\/10\\\/img-post.jpg\",\"datePublished\":\"2024-01-25T10:52:45+00:00\",\"dateModified\":\"2026-08-09T08:48:52+00:00\",\"breadcrumb\":{\"@id\":\"https:\\\/\\\/www.urjc2030.es\\\/prus\\\/actividades-prus\\\/pdi-ptgas\\\/pdi-ptgas-2023-2024\\\/febrero\\\/#breadcrumb\"},\"inLanguage\":\"es\",\"potentialAction\":[{\"@type\":\"ReadAction\",\"target\":[\"https:\\\/\\\/www.urjc2030.es\\\/prus\\\/actividades-prus\\\/pdi-ptgas\\\/pdi-ptgas-2023-2024\\\/febrero\\\/\"]}]},{\"@type\":\"ImageObject\",\"inLanguage\":\"es\",\"@id\":\"https:\\\/\\\/www.urjc2030.es\\\/prus\\\/actividades-prus\\\/pdi-ptgas\\\/pdi-ptgas-2023-2024\\\/febrero\\\/#primaryimage\",\"url\":\"https:\\\/\\\/www.urjc2030.es\\\/prus\\\/wp-content\\\/uploads\\\/sites\\\/11\\\/2020\\\/10\\\/img-post.jpg\",\"contentUrl\":\"https:\\\/\\\/www.urjc2030.es\\\/prus\\\/wp-content\\\/uploads\\\/sites\\\/11\\\/2020\\\/10\\\/img-post.jpg\",\"width\":600,\"height\":413,\"caption\":\"Logotipo Universidad Rey Juan Carlos\"},{\"@type\":\"BreadcrumbList\",\"@id\":\"https:\\\/\\\/www.urjc2030.es\\\/prus\\\/actividades-prus\\\/pdi-ptgas\\\/pdi-ptgas-2023-2024\\\/febrero\\\/#breadcrumb\",\"itemListElement\":[{\"@type\":\"ListItem\",\"position\":1,\"name\":\"Portada\",\"item\":\"https:\\\/\\\/www.urjc2030.es\\\/prus\\\/\"},{\"@type\":\"ListItem\",\"position\":2,\"name\":\"Actividades Programa Universidad Saludable\",\"item\":\"https:\\\/\\\/www.urjc2030.es\\\/prus\\\/actividades-prus\\\/\"},{\"@type\":\"ListItem\",\"position\":3,\"name\":\"Actividades PDI-PTGAS\",\"item\":\"https:\\\/\\\/www.urjc2030.es\\\/prus\\\/actividades-prus\\\/pdi-ptgas\\\/\"},{\"@type\":\"ListItem\",\"position\":4,\"name\":\"Actividades PDI-PTGAS 2023-2024\",\"item\":\"https:\\\/\\\/www.urjc2030.es\\\/prus\\\/actividades-prus\\\/pdi-ptgas\\\/pdi-ptgas-2023-2024\\\/\"},{\"@type\":\"ListItem\",\"position\":5,\"name\":\"Actividades PDI-PTGAS Febrero\"}]},{\"@type\":\"WebSite\",\"@id\":\"https:\\\/\\\/www.urjc2030.es\\\/prus\\\/#website\",\"url\":\"https:\\\/\\\/www.urjc2030.es\\\/prus\\\/\",\"name\":\"Oficina Universidad Saludable\",\"description\":\"Colaboramos para hacer de la URJC un entorno promotor de salud para las personas que trabajamos y estudiamos en ella\",\"publisher\":{\"@id\":\"https:\\\/\\\/www.urjc2030.es\\\/prus\\\/#organization\"},\"potentialAction\":[{\"@type\":\"SearchAction\",\"target\":{\"@type\":\"EntryPoint\",\"urlTemplate\":\"https:\\\/\\\/www.urjc2030.es\\\/prus\\\/?s={search_term_string}\"},\"query-input\":{\"@type\":\"PropertyValueSpecification\",\"valueRequired\":true,\"valueName\":\"search_term_string\"}}],\"inLanguage\":\"es\"},{\"@type\":\"Organization\",\"@id\":\"https:\\\/\\\/www.urjc2030.es\\\/prus\\\/#organization\",\"name\":\"Universidad Rey Juan Carlos\",\"url\":\"https:\\\/\\\/www.urjc2030.es\\\/prus\\\/\",\"logo\":{\"@type\":\"ImageObject\",\"inLanguage\":\"es\",\"@id\":\"https:\\\/\\\/www.urjc2030.es\\\/prus\\\/#\\\/schema\\\/logo\\\/image\\\/\",\"url\":\"https:\\\/\\\/www.urjc2030.es\\\/prus\\\/wp-content\\\/uploads\\\/sites\\\/11\\\/2020\\\/10\\\/logoURJC.png\",\"contentUrl\":\"https:\\\/\\\/www.urjc2030.es\\\/prus\\\/wp-content\\\/uploads\\\/sites\\\/11\\\/2020\\\/10\\\/logoURJC.png\",\"width\":800,\"height\":305,\"caption\":\"Universidad Rey Juan Carlos\"},\"image\":{\"@id\":\"https:\\\/\\\/www.urjc2030.es\\\/prus\\\/#\\\/schema\\\/logo\\\/image\\\/\"},\"sameAs\":[\"https:\\\/\\\/www.facebook.com\\\/universidadreyjuancarlos\",\"https:\\\/\\\/x.com\\\/urjc\",\"https:\\\/\\\/www.instagram.com\\\/urjc_uni\\\/?hl=es\"]}]}<\/script>\n<!-- \/ Yoast SEO plugin. -->","yoast_head_json":{"title":"Actividades PDI-PTGAS Febrero - Oficina Universidad Saludable","robots":{"index":"index","follow":"follow","max-snippet":"max-snippet:-1","max-image-preview":"max-image-preview:large","max-video-preview":"max-video-preview:-1"},"canonical":"https:\/\/www.urjc2030.es\/prus\/actividades-prus\/pdi-ptgas\/pdi-ptgas-2023-2024\/febrero\/","og_locale":"es_ES","og_type":"article","og_title":"Actividades PDI-PTGAS Febrero - Oficina Universidad Saludable","og_url":"https:\/\/www.urjc2030.es\/prus\/actividades-prus\/pdi-ptgas\/pdi-ptgas-2023-2024\/febrero\/","og_site_name":"Oficina Universidad Saludable","article_publisher":"https:\/\/www.facebook.com\/universidadreyjuancarlos","article_modified_time":"2026-08-09T08:48:52+00:00","og_image":[{"width":600,"height":413,"url":"https:\/\/www.urjc2030.es\/prus\/wp-content\/uploads\/sites\/11\/2020\/10\/img-post.jpg","type":"image\/jpeg"}],"twitter_card":"summary_large_image","twitter_site":"@urjc","schema":{"@context":"https:\/\/schema.org","@graph":[{"@type":"WebPage","@id":"https:\/\/www.urjc2030.es\/prus\/actividades-prus\/pdi-ptgas\/pdi-ptgas-2023-2024\/febrero\/","url":"https:\/\/www.urjc2030.es\/prus\/actividades-prus\/pdi-ptgas\/pdi-ptgas-2023-2024\/febrero\/","name":"Actividades PDI-PTGAS Febrero - Oficina Universidad Saludable","isPartOf":{"@id":"https:\/\/www.urjc2030.es\/prus\/#website"},"primaryImageOfPage":{"@id":"https:\/\/www.urjc2030.es\/prus\/actividades-prus\/pdi-ptgas\/pdi-ptgas-2023-2024\/febrero\/#primaryimage"},"image":{"@id":"https:\/\/www.urjc2030.es\/prus\/actividades-prus\/pdi-ptgas\/pdi-ptgas-2023-2024\/febrero\/#primaryimage"},"thumbnailUrl":"https:\/\/www.urjc2030.es\/prus\/wp-content\/uploads\/sites\/11\/2020\/10\/img-post.jpg","datePublished":"2024-01-25T10:52:45+00:00","dateModified":"2026-08-09T08:48:52+00:00","breadcrumb":{"@id":"https:\/\/www.urjc2030.es\/prus\/actividades-prus\/pdi-ptgas\/pdi-ptgas-2023-2024\/febrero\/#breadcrumb"},"inLanguage":"es","potentialAction":[{"@type":"ReadAction","target":["https:\/\/www.urjc2030.es\/prus\/actividades-prus\/pdi-ptgas\/pdi-ptgas-2023-2024\/febrero\/"]}]},{"@type":"ImageObject","inLanguage":"es","@id":"https:\/\/www.urjc2030.es\/prus\/actividades-prus\/pdi-ptgas\/pdi-ptgas-2023-2024\/febrero\/#primaryimage","url":"https:\/\/www.urjc2030.es\/prus\/wp-content\/uploads\/sites\/11\/2020\/10\/img-post.jpg","contentUrl":"https:\/\/www.urjc2030.es\/prus\/wp-content\/uploads\/sites\/11\/2020\/10\/img-post.jpg","width":600,"height":413,"caption":"Logotipo Universidad Rey Juan Carlos"},{"@type":"BreadcrumbList","@id":"https:\/\/www.urjc2030.es\/prus\/actividades-prus\/pdi-ptgas\/pdi-ptgas-2023-2024\/febrero\/#breadcrumb","itemListElement":[{"@type":"ListItem","position":1,"name":"Portada","item":"https:\/\/www.urjc2030.es\/prus\/"},{"@type":"ListItem","position":2,"name":"Actividades Programa Universidad Saludable","item":"https:\/\/www.urjc2030.es\/prus\/actividades-prus\/"},{"@type":"ListItem","position":3,"name":"Actividades PDI-PTGAS","item":"https:\/\/www.urjc2030.es\/prus\/actividades-prus\/pdi-ptgas\/"},{"@type":"ListItem","position":4,"name":"Actividades PDI-PTGAS 2023-2024","item":"https:\/\/www.urjc2030.es\/prus\/actividades-prus\/pdi-ptgas\/pdi-ptgas-2023-2024\/"},{"@type":"ListItem","position":5,"name":"Actividades PDI-PTGAS Febrero"}]},{"@type":"WebSite","@id":"https:\/\/www.urjc2030.es\/prus\/#website","url":"https:\/\/www.urjc2030.es\/prus\/","name":"Oficina Universidad Saludable","description":"Colaboramos para hacer de la URJC un entorno promotor de salud para las personas que trabajamos y estudiamos en ella","publisher":{"@id":"https:\/\/www.urjc2030.es\/prus\/#organization"},"potentialAction":[{"@type":"SearchAction","target":{"@type":"EntryPoint","urlTemplate":"https:\/\/www.urjc2030.es\/prus\/?s={search_term_string}"},"query-input":{"@type":"PropertyValueSpecification","valueRequired":true,"valueName":"search_term_string"}}],"inLanguage":"es"},{"@type":"Organization","@id":"https:\/\/www.urjc2030.es\/prus\/#organization","name":"Universidad Rey Juan Carlos","url":"https:\/\/www.urjc2030.es\/prus\/","logo":{"@type":"ImageObject","inLanguage":"es","@id":"https:\/\/www.urjc2030.es\/prus\/#\/schema\/logo\/image\/","url":"https:\/\/www.urjc2030.es\/prus\/wp-content\/uploads\/sites\/11\/2020\/10\/logoURJC.png","contentUrl":"https:\/\/www.urjc2030.es\/prus\/wp-content\/uploads\/sites\/11\/2020\/10\/logoURJC.png","width":800,"height":305,"caption":"Universidad Rey Juan Carlos"},"image":{"@id":"https:\/\/www.urjc2030.es\/prus\/#\/schema\/logo\/image\/"},"sameAs":["https:\/\/www.facebook.com\/universidadreyjuancarlos","https:\/\/x.com\/urjc","https:\/\/www.instagram.com\/urjc_uni\/?hl=es"]}]}},"_links":{"self":[{"href":"https:\/\/www.urjc2030.es\/prus\/wp-json\/wp\/v2\/pages\/2999","targetHints":{"allow":["GET"]}}],"collection":[{"href":"https:\/\/www.urjc2030.es\/prus\/wp-json\/wp\/v2\/pages"}],"about":[{"href":"https:\/\/www.urjc2030.es\/prus\/wp-json\/wp\/v2\/types\/page"}],"author":[{"embeddable":true,"href":"https:\/\/www.urjc2030.es\/prus\/wp-json\/wp\/v2\/users\/10"}],"replies":[{"embeddable":true,"href":"https:\/\/www.urjc2030.es\/prus\/wp-json\/wp\/v2\/comments?post=2999"}],"version-history":[{"count":5,"href":"https:\/\/www.urjc2030.es\/prus\/wp-json\/wp\/v2\/pages\/2999\/revisions"}],"predecessor-version":[{"id":4141,"href":"https:\/\/www.urjc2030.es\/prus\/wp-json\/wp\/v2\/pages\/2999\/revisions\/4141"}],"up":[{"embeddable":true,"href":"https:\/\/www.urjc2030.es\/prus\/wp-json\/wp\/v2\/pages\/2688"}],"wp:featuredmedia":[{"embeddable":true,"href":"https:\/\/www.urjc2030.es\/prus\/wp-json\/wp\/v2\/media\/37"}],"wp:attachment":[{"href":"https:\/\/www.urjc2030.es\/prus\/wp-json\/wp\/v2\/media?parent=2999"}],"curies":[{"name":"wp","href":"https:\/\/api.w.org\/{rel}","templated":true}]}}