{"id":3409,"date":"2024-12-20T11:10:14","date_gmt":"2024-12-20T11:10:14","guid":{"rendered":"https:\/\/www.urjc2030.es\/prus\/?page_id=3409"},"modified":"2025-12-19T09:48:55","modified_gmt":"2025-12-19T09:48:55","slug":"agentes-healthy-urjc-2025","status":"publish","type":"page","link":"https:\/\/www.urjc2030.es\/prus\/participa\/agentes-healthy-urjc-2025\/","title":{"rendered":"Agentes Healthy URJC 2025"},"content":{"rendered":"<p>[et_pb_section fb_built=\u00bb1&#8243; admin_label=\u00bbCABECERA\u00bb _builder_version=\u00bb4.23&#8243; _module_preset=\u00bbdefault\u00bb background_image=\u00bbhttps:\/\/www.urjc2030.es\/prus\/wp-content\/uploads\/sites\/11\/2024\/01\/header-healthy-urjc-min.jpg\u00bb custom_padding=\u00bb||||false|false\u00bb bottom_divider_style=\u00bbmountains2&#8243; bottom_divider_color=\u00bb#ffffff\u00bb da_disable_devices=\u00bboff|off|off\u00bb locked=\u00bboff\u00bb global_colors_info=\u00bb{}\u00bb da_is_popup=\u00bboff\u00bb da_exit_intent=\u00bboff\u00bb da_has_close=\u00bbon\u00bb da_alt_close=\u00bboff\u00bb da_dark_close=\u00bboff\u00bb da_not_modal=\u00bbon\u00bb da_is_singular=\u00bboff\u00bb da_with_loader=\u00bboff\u00bb da_has_shadow=\u00bbon\u00bb][et_pb_row _builder_version=\u00bb4.16&#8243; _module_preset=\u00bbdefault\u00bb global_colors_info=\u00bb{}\u00bb][et_pb_column type=\u00bb4_4&#8243; _builder_version=\u00bb4.16&#8243; _module_preset=\u00bbdefault\u00bb global_colors_info=\u00bb{}\u00bb][et_pb_text module_class=\u00bbcolor-grey uppercase\u00bb _builder_version=\u00bb4.27.5&#8243; _module_preset=\u00bbdefault\u00bb text_font=\u00bbBebas Neue||||||||\u00bb text_font_size=\u00bb14px\u00bb header_font=\u00bb|700||on|||||\u00bb header_text_align=\u00bbcenter\u00bb header_text_color=\u00bb#ffffff\u00bb header_font_size=\u00bb50px\u00bb header_2_font_size=\u00bb50px\u00bb text_orientation=\u00bbcenter\u00bb custom_margin=\u00bb||1%||false|false\u00bb animation_style=\u00bbslide\u00bb animation_direction=\u00bbbottom\u00bb hover_enabled=\u00bb0&#8243; header_font_size_tablet=\u00bb40px\u00bb header_font_size_phone=\u00bb35px\u00bb header_font_size_last_edited=\u00bbon|phone\u00bb header_2_font_size_tablet=\u00bb40px\u00bb header_2_font_size_phone=\u00bb36px\u00bb header_2_font_size_last_edited=\u00bbon|phone\u00bb global_colors_info=\u00bb{}\u00bb sticky_enabled=\u00bb0&#8243;]<\/p>\n<h1>Programa de Voluntariado<br \/><span class=\"color-red\">\u00abAgentes Healthy URJC 2026\u00bb<\/span><\/h1>\n<p>[\/et_pb_text][\/et_pb_column][\/et_pb_row][\/et_pb_section][et_pb_section fb_built=\u00bb1&#8243; disabled_on=\u00bboff|off|off\u00bb admin_label=\u00bbSERVICIOS\u00bb module_id=\u00bbdescripcion-programa\u00bb _builder_version=\u00bb4.23&#8243; _module_preset=\u00bbdefault\u00bb background_color=\u00bb#FFFFFF\u00bb custom_padding=\u00bb50px||50px||false|false\u00bb da_popup_slug=\u00bbdescripcion-programa\u00bb da_disable_devices=\u00bboff|off|off\u00bb locked=\u00bboff\u00bb global_colors_info=\u00bb{}\u00bb da_is_popup=\u00bboff\u00bb da_exit_intent=\u00bboff\u00bb da_has_close=\u00bbon\u00bb da_alt_close=\u00bboff\u00bb da_dark_close=\u00bboff\u00bb da_not_modal=\u00bbon\u00bb da_is_singular=\u00bboff\u00bb da_with_loader=\u00bboff\u00bb da_has_shadow=\u00bbon\u00bb][et_pb_row _builder_version=\u00bb4.23&#8243; _module_preset=\u00bbdefault\u00bb max_width=\u00bb800px\u00bb module_alignment=\u00bbcenter\u00bb custom_margin=\u00bb||0px||false|false\u00bb custom_padding=\u00bb0px||0px||false|false\u00bb global_colors_info=\u00bb{}\u00bb][et_pb_column type=\u00bb4_4&#8243; _builder_version=\u00bb4.23&#8243; _module_preset=\u00bbdefault\u00bb global_colors_info=\u00bb{}\u00bb][et_pb_text _builder_version=\u00bb4.27.4&#8243; _module_preset=\u00bbdefault\u00bb text_font=\u00bb||||||||\u00bb text_font_size=\u00bb16px\u00bb text_orientation=\u00bbcenter\u00bb global_colors_info=\u00bb{}\u00bb]La Universidad Rey Juan Carlos, como Universidad Promotora de Salud, quiere fomentar la participaci\u00f3n del estudiantado en la vida universitaria como <span class=\"color-red\"><strong>agentes promotores de salud<\/strong><\/span> que asumen un papel protagonista en la construcci\u00f3n de una comunidad universitaria m\u00e1s saludable, solidaria y cooperativa. Si eres estudiante URJC y tienes ganas de crecer y ayudar<br \/> <strong>\u00a1Te esperamos!<\/strong>[\/et_pb_text][\/et_pb_column][\/et_pb_row][et_pb_row _builder_version=\u00bb4.23&#8243; _module_preset=\u00bbdefault\u00bb custom_padding=\u00bb||0px||false|false\u00bb global_colors_info=\u00bb{}\u00bb][et_pb_column type=\u00bb4_4&#8243; _builder_version=\u00bb4.23&#8243; _module_preset=\u00bbdefault\u00bb global_colors_info=\u00bb{}\u00bb][et_pb_text module_class=\u00bbcolor-grey uppercase\u00bb _builder_version=\u00bb4.23&#8243; _module_preset=\u00bbdefault\u00bb text_font=\u00bbBebas Neue||||||||\u00bb text_font_size=\u00bb14px\u00bb header_2_font_size=\u00bb48px\u00bb header_2_line_height=\u00bb1.4em\u00bb text_orientation=\u00bbcenter\u00bb custom_margin=\u00bb||1%||false|false\u00bb animation_style=\u00bbfade\u00bb header_2_font_size_tablet=\u00bb40px\u00bb header_2_font_size_phone=\u00bb40px\u00bb header_2_font_size_last_edited=\u00bbon|desktop\u00bb locked=\u00bboff\u00bb global_colors_info=\u00bb{}\u00bb]<\/p>\n<h2>Descripci\u00f3n del <span class=\"color-red\">programa<\/span><\/h2>\n<p>[\/et_pb_text][et_pb_divider divider_weight=\u00bb3px\u00bb _builder_version=\u00bb4.16&#8243; _module_preset=\u00bbdefault\u00bb width=\u00bb75px\u00bb module_alignment=\u00bbcenter\u00bb custom_margin=\u00bb||1%||false|false\u00bb locked=\u00bboff\u00bb global_colors_info=\u00bb{}\u00bb][\/et_pb_divider][\/et_pb_column][\/et_pb_row][et_pb_row use_custom_gutter=\u00bbon\u00bb _builder_version=\u00bb4.27.4&#8243; _module_preset=\u00bbdefault\u00bb custom_padding=\u00bb0px||||false|false\u00bb global_colors_info=\u00bb{}\u00bb][et_pb_column type=\u00bb4_4&#8243; _builder_version=\u00bb4.23&#8243; _module_preset=\u00bbdefault\u00bb custom_padding=\u00bb||||false|false\u00bb global_colors_info=\u00bb{}\u00bb][et_pb_text _builder_version=\u00bb4.27.5&#8243; _module_preset=\u00bbdefault\u00bb text_font=\u00bb||||||||\u00bb text_orientation=\u00bbjustified\u00bb width=\u00bb96.8%\u00bb custom_margin=\u00bb||||false|false\u00bb custom_margin_tablet=\u00bb||||false|false\u00bb custom_margin_phone=\u00bb||||false|false\u00bb custom_margin_last_edited=\u00bbon|desktop\u00bb custom_padding=\u00bb||||false|false\u00bb hover_enabled=\u00bb0&#8243; global_colors_info=\u00bb{}\u00bb sticky_enabled=\u00bb0&#8243;]<\/p>\n<p>La 3\u00aa edici\u00f3n de este programa de voluntariado tiene una periodicidad anual y pretende seleccionar un m\u00e1ximo de <strong>20 estudiantes<\/strong> de la Universidad Rey Juan Carlos para formar parte del grupo \u201c<em>Agentes Healthy URJC<\/em>\u201d para el a\u00f1o 2026.<\/p>\n<p>Las personas seleccionadas colaborar\u00e1n durante el a\u00f1o natural 2026, en las fechas que se vayan acordando en funci\u00f3n de las acciones que se realicen.<\/p>\n<p>El estudiantado seleccionado tendr\u00e1 que acudir a una reuni\u00f3n informativa online en la que se especificar\u00e1n todos los aspectos relacionados con el programa y se resolver\u00e1n dudas. Se realizar\u00e1 a primeros de febrero de 2026 tanto en turno de ma\u00f1ana como de tarde.<\/p>\n<p>Al estudiantado participante se le ir\u00e1 ofreciendo una propuesta de acciones promotoras de salud (salud sexual, salud mental, donaciones de sangre, alimentaci\u00f3n saludable, actividad f\u00edsica\u2026), indicando campus y fechas para que se apunten voluntariamente seg\u00fan su disponibilidad. Posteriormente se contactar\u00e1 con las personas que han manifestado su inter\u00e9s para realizar una breve formaci\u00f3n online sobre el tema elegido y concretar la propuesta de tareas a realizar, bien individualmente o bien en grupo.<\/p>\n<p>Adicionalmente, las personas inscritas podr\u00e1n presentar propuestas de acciones que sean de su inter\u00e9s y cuya viabilidad ser\u00e1 valorada por las psic\u00f3logas responsables de la Oficina Universidad Saludable.<\/p>\n<p>Se pueden realizar tantas acciones como se quiera siempre y cuando el m\u00ednimo de horas sean 4 (0\u20192 cr\u00e9ditos) y el m\u00e1ximo sean 40 horas (equivalente a 2 cr\u00e9ditos ECTS).<\/p>\n<p>[\/et_pb_text][\/et_pb_column][\/et_pb_row][\/et_pb_section][et_pb_section fb_built=\u00bb1&#8243; disabled_on=\u00bboff|off|off\u00bb admin_label=\u00bbSection\u00bb module_id=\u00bbseleccion-participantes\u00bb _builder_version=\u00bb4.27.4&#8243; _module_preset=\u00bbdefault\u00bb background_color=\u00bb#f9f9f9&#8243; da_popup_slug=\u00bbseleccion-participantes\u00bb da_disable_devices=\u00bboff|off|off\u00bb global_colors_info=\u00bb{}\u00bb da_is_popup=\u00bboff\u00bb da_exit_intent=\u00bboff\u00bb da_has_close=\u00bbon\u00bb da_alt_close=\u00bboff\u00bb da_dark_close=\u00bboff\u00bb da_not_modal=\u00bbon\u00bb da_is_singular=\u00bboff\u00bb da_with_loader=\u00bboff\u00bb da_has_shadow=\u00bbon\u00bb][et_pb_row column_structure=\u00bb2_3,1_3&#8243; use_custom_gutter=\u00bbon\u00bb module_class=\u00bbrowFlexOrder\u00bb _builder_version=\u00bb4.23&#8243; _module_preset=\u00bbdefault\u00bb custom_padding=\u00bb||||false|false\u00bb locked=\u00bboff\u00bb global_colors_info=\u00bb{}\u00bb][et_pb_column type=\u00bb2_3&#8243; module_class=\u00bbsecond-on-mobile\u00bb _builder_version=\u00bb4.23&#8243; _module_preset=\u00bbdefault\u00bb global_colors_info=\u00bb{}\u00bb][et_pb_text _builder_version=\u00bb4.27.5&#8243; _module_preset=\u00bbdefault\u00bb text_font=\u00bb||||||||\u00bb text_orientation=\u00bbjustified\u00bb custom_margin=\u00bb||||false|false\u00bb custom_padding=\u00bb||||false|false\u00bb hover_enabled=\u00bb0&#8243; global_colors_info=\u00bb{}\u00bb sticky_enabled=\u00bb0&#8243;]<\/p>\n<p>La selecci\u00f3n se realizar\u00e1 siguiendo el orden de inscripci\u00f3n. No obstante, ser\u00e1 motivo de no continuar en el programa la falta de compromiso, el incumplimiento de la formaci\u00f3n requerida para la acci\u00f3n, mostrar actitudes contrarias a los valores de la iniciativa (empat\u00eda, trabajo en equipo, respeto, proactividad\u2026).<\/p>\n<p>Finalizado el plazo de inscripci\u00f3n, <strong>las personas solicitantes recibir\u00e1n un correo confirmando la admisi\u00f3n o denegaci\u00f3n de la plaza<\/strong>, generando una lista de espera por estricto orden de recepci\u00f3n de solicitudes.<\/p>\n<p>Si la persona seleccionada finalmente decide no participar deber\u00e1 comunicarlo lo antes posible al correo <a href=\"mailto:universidadsaludable@urjc.es\"><strong>universidadsaludable@urjc.es<\/strong><\/a>. Esto permitir\u00e1 que otra persona pueda cubrir su plaza por lista de espera y, a su vez, evitar\u00e1 que se le penalice no pudiendo acudir a convocatorias futuras (lo cual ocurrir\u00eda si la persona abandona el proyecto o no se presenta sin previo aviso). Haberlo hecho en convocatorias anteriores ser\u00e1 motivo tambi\u00e9n de exclusi\u00f3n en la presente convocatoria.<\/p>\n<p>[\/et_pb_text][\/et_pb_column][et_pb_column type=\u00bb1_3&#8243; module_class=\u00bbfirst-on-mobile\u00bb _builder_version=\u00bb4.23&#8243; _module_preset=\u00bbdefault\u00bb global_colors_info=\u00bb{}\u00bb][et_pb_text module_class=\u00bbcolor-grey uppercase\u00bb _builder_version=\u00bb4.23&#8243; _module_preset=\u00bbdefault\u00bb text_font=\u00bbBebas Neue||||||||\u00bb text_font_size=\u00bb14px\u00bb header_2_text_align=\u00bbleft\u00bb header_2_font_size=\u00bb48px\u00bb header_2_line_height=\u00bb1.1em\u00bb text_orientation=\u00bbcenter\u00bb custom_margin=\u00bb||1%||false|false\u00bb animation_style=\u00bbfade\u00bb header_2_font_size_tablet=\u00bb40px\u00bb header_2_font_size_phone=\u00bb40px\u00bb header_2_font_size_last_edited=\u00bbon|tablet\u00bb global_colors_info=\u00bb{}\u00bb]<\/p>\n<h2>SELECCI\u00d3N DE LOS\/AS <span class=\"color-red\">PARTICIPANTES<\/span><\/h2>\n<p>[\/et_pb_text][et_pb_divider divider_weight=\u00bb3px\u00bb _builder_version=\u00bb4.16&#8243; _module_preset=\u00bbdefault\u00bb width=\u00bb75px\u00bb module_alignment=\u00bbleft\u00bb custom_margin=\u00bb||1%||false|false\u00bb global_colors_info=\u00bb{}\u00bb][\/et_pb_divider][\/et_pb_column][\/et_pb_row][\/et_pb_section][et_pb_section fb_built=\u00bb1&#8243; admin_label=\u00bbSection\u00bb module_id=\u00bbque-obtengo\u00bb _builder_version=\u00bb4.23&#8243; _module_preset=\u00bbdefault\u00bb background_color=\u00bb#FFFFFF\u00bb da_popup_slug=\u00bbque-obtengo\u00bb da_disable_devices=\u00bboff|off|off\u00bb global_colors_info=\u00bb{}\u00bb da_is_popup=\u00bboff\u00bb da_exit_intent=\u00bboff\u00bb da_has_close=\u00bbon\u00bb da_alt_close=\u00bboff\u00bb da_dark_close=\u00bboff\u00bb da_not_modal=\u00bbon\u00bb da_is_singular=\u00bboff\u00bb da_with_loader=\u00bboff\u00bb da_has_shadow=\u00bbon\u00bb][et_pb_row column_structure=\u00bb1_3,2_3&#8243; _builder_version=\u00bb4.16&#8243; _module_preset=\u00bbdefault\u00bb locked=\u00bboff\u00bb global_colors_info=\u00bb{}\u00bb][et_pb_column type=\u00bb1_3&#8243; _builder_version=\u00bb4.16&#8243; _module_preset=\u00bbdefault\u00bb global_colors_info=\u00bb{}\u00bb][et_pb_text module_class=\u00bbcolor-grey uppercase\u00bb _builder_version=\u00bb4.23&#8243; _module_preset=\u00bbdefault\u00bb text_font=\u00bbBebas Neue||||||||\u00bb text_font_size=\u00bb14px\u00bb header_2_text_align=\u00bbleft\u00bb header_2_font_size=\u00bb48px\u00bb header_2_line_height=\u00bb1.1em\u00bb text_orientation=\u00bbcenter\u00bb custom_margin=\u00bb||1%||false|false\u00bb animation_style=\u00bbfade\u00bb header_2_font_size_tablet=\u00bb40px\u00bb header_2_font_size_phone=\u00bb40px\u00bb header_2_font_size_last_edited=\u00bbon|tablet\u00bb global_colors_info=\u00bb{}\u00bb]<\/p>\n<h2>\u00bfQU\u00c9 OBTENGO POR <span class=\"color-red\">PARTICIPAR?<\/span><\/h2>\n<p>[\/et_pb_text][et_pb_divider divider_weight=\u00bb3px\u00bb _builder_version=\u00bb4.16&#8243; _module_preset=\u00bbdefault\u00bb width=\u00bb75px\u00bb module_alignment=\u00bbleft\u00bb custom_margin=\u00bb||1%||false|false\u00bb global_colors_info=\u00bb{}\u00bb][\/et_pb_divider][\/et_pb_column][et_pb_column type=\u00bb2_3&#8243; _builder_version=\u00bb4.16&#8243; _module_preset=\u00bbdefault\u00bb global_colors_info=\u00bb{}\u00bb][et_pb_text _builder_version=\u00bb4.27.5&#8243; _module_preset=\u00bbdefault\u00bb text_font=\u00bb||||||||\u00bb text_orientation=\u00bbjustified\u00bb custom_margin=\u00bb||||false|false\u00bb custom_padding=\u00bb||||false|false\u00bb hover_enabled=\u00bb0&#8243; global_colors_info=\u00bb{}\u00bb sticky_enabled=\u00bb0&#8243;]<\/p>\n<p>Lo primero que ganar\u00e1s con tu participaci\u00f3n en esta iniciativa es un aprendizaje valioso que complementar\u00e1 tu formaci\u00f3n y experiencia en la universidad, contribuyendo con tu colaboraci\u00f3n y compromiso a construir una comunidad universitaria m\u00e1s saludable y cooperativa.<\/p>\n<p>Adem\u00e1s, obtendr\u00e1s cr\u00e9ditos para la asignatura RAC y un certificado de colaboraci\u00f3n.<\/p>\n<p><strong><u>Reconocimiento de cr\u00e9ditos y certificado de colaboraci\u00f3n:<\/u><\/strong><\/p>\n<p>En base a las horas invertidas, ser\u00e1n reconocidos los cr\u00e9ditos correspondientes para la asignatura RAC. Las horas de dedicaci\u00f3n comprenden desde un m\u00ednimo de 4 horas hasta un m\u00e1ximo de 40 horas. Por tanto, los cr\u00e9ditos reconocidos para los participantes podr\u00edan ir desde 0.2 (4h) hasta 2 cr\u00e9ditos ECTS (40h).<\/p>\n<p>\u00a0Adem\u00e1s, al finalizar la iniciativa, se emitir\u00e1 un certificado de colaboraci\u00f3n con el programa de voluntariado \u201c<em>Agentes Healthy URJC<\/em>\u201d, especificando las horas invertidas y las funciones realizadas.<\/p>\n<p>Para poder reconocer cr\u00e9ditos y emitir certificado por la participaci\u00f3n en este programa se deben cumplir los siguientes <strong><u>requisitos m\u00ednimos<\/u><\/strong>:<\/p>\n<ol>\n<li>Asistir a la <strong>sesi\u00f3n informativa inicial<\/strong>.<\/li>\n<li><strong>Realizar al menos 4 horas de participaci\u00f3n<\/strong> en una o varias acciones con su formaci\u00f3n asociada.<\/li>\n<\/ol>\n<p>En ning\u00fan caso, se reconocer\u00e1n cr\u00e9ditos o se emitir\u00e1 certificado si el participante no completa estas horas m\u00ednimas (4h).<\/p>\n<p>El requisito para participar es estar matriculados\/as como estudiantes en la Universidad Rey Juan Carlos en el curso 2025-2026 (estudios de grado, posgrado, doctorado\u2026) y tener motivaci\u00f3n y compromiso con el proyecto, empat\u00eda y ciertas habilidades b\u00e1sicas para hablar en p\u00fablico o comunicar informaci\u00f3n a grupos.<\/p>\n<p>[\/et_pb_text][\/et_pb_column][\/et_pb_row][\/et_pb_section][et_pb_section fb_built=\u00bb1&#8243; disabled_on=\u00bboff|off|off\u00bb admin_label=\u00bbSection\u00bb module_id=\u00bbrequisitos\u00bb _builder_version=\u00bb4.27.4&#8243; _module_preset=\u00bbdefault\u00bb background_color=\u00bb#f9f9f9&#8243; da_popup_slug=\u00bbrequisitos\u00bb da_disable_devices=\u00bboff|off|off\u00bb locked=\u00bboff\u00bb global_colors_info=\u00bb{}\u00bb da_is_popup=\u00bboff\u00bb da_exit_intent=\u00bboff\u00bb da_has_close=\u00bbon\u00bb da_alt_close=\u00bboff\u00bb da_dark_close=\u00bboff\u00bb da_not_modal=\u00bbon\u00bb da_is_singular=\u00bboff\u00bb da_with_loader=\u00bboff\u00bb da_has_shadow=\u00bbon\u00bb][et_pb_row column_structure=\u00bb2_3,1_3&#8243; use_custom_gutter=\u00bbon\u00bb module_class=\u00bbrowFlexOrder\u00bb _builder_version=\u00bb4.23&#8243; _module_preset=\u00bbdefault\u00bb custom_padding=\u00bb||||false|false\u00bb locked=\u00bboff\u00bb global_colors_info=\u00bb{}\u00bb][et_pb_column type=\u00bb2_3&#8243; module_class=\u00bbsecond-on-mobile\u00bb _builder_version=\u00bb4.23&#8243; _module_preset=\u00bbdefault\u00bb global_colors_info=\u00bb{}\u00bb][et_pb_text _builder_version=\u00bb4.27.5&#8243; _module_preset=\u00bbdefault\u00bb text_font=\u00bb||||||||\u00bb text_orientation=\u00bbjustified\u00bb custom_margin=\u00bb||||false|false\u00bb custom_padding=\u00bb||||false|false\u00bb hover_enabled=\u00bb0&#8243; global_colors_info=\u00bb{}\u00bb sticky_enabled=\u00bb0&#8243;]<\/p>\n<p>El requisito para participar es <strong>estar matriculados\/as como estudiantes en la Universidad Rey Juan Carlos en el curso 2025-2026<\/strong> (estudios de grado, posgrado, doctorado\u2026) <strong>y tener motivaci\u00f3n y compromiso<\/strong> con el proyecto, empat\u00eda y ciertas habilidades b\u00e1sicas para hablar en p\u00fablico o comunicar informaci\u00f3n a grupos.<\/p>\n<p>[\/et_pb_text][\/et_pb_column][et_pb_column type=\u00bb1_3&#8243; module_class=\u00bbfirst-on-mobile\u00bb _builder_version=\u00bb4.23&#8243; _module_preset=\u00bbdefault\u00bb global_colors_info=\u00bb{}\u00bb][et_pb_text module_class=\u00bbcolor-grey uppercase\u00bb _builder_version=\u00bb4.23&#8243; _module_preset=\u00bbdefault\u00bb text_font=\u00bbBebas Neue||||||||\u00bb text_font_size=\u00bb14px\u00bb header_2_text_align=\u00bbleft\u00bb header_2_font_size=\u00bb48px\u00bb header_2_line_height=\u00bb1.1em\u00bb text_orientation=\u00bbcenter\u00bb custom_margin=\u00bb||1%||false|false\u00bb animation_style=\u00bbfade\u00bb header_2_font_size_tablet=\u00bb40px\u00bb header_2_font_size_phone=\u00bb40px\u00bb header_2_font_size_last_edited=\u00bbon|tablet\u00bb global_colors_info=\u00bb{}\u00bb]<\/p>\n<h2><span class=\"color-red\">REQUISITOS<\/span> PARA PARTICIPAR<\/h2>\n<p>[\/et_pb_text][et_pb_divider divider_weight=\u00bb3px\u00bb _builder_version=\u00bb4.16&#8243; _module_preset=\u00bbdefault\u00bb width=\u00bb75px\u00bb module_alignment=\u00bbleft\u00bb custom_margin=\u00bb||1%||false|false\u00bb global_colors_info=\u00bb{}\u00bb][\/et_pb_divider][\/et_pb_column][\/et_pb_row][\/et_pb_section][et_pb_section fb_built=\u00bb1&#8243; disabled_on=\u00bboff|off|off\u00bb admin_label=\u00bbSERVICIOS\u00bb module_id=\u00bbinscripcion\u00bb _builder_version=\u00bb4.23&#8243; _module_preset=\u00bbdefault\u00bb background_color=\u00bb#FFFFFF\u00bb custom_padding=\u00bb50px||50px||false|false\u00bb da_popup_slug=\u00bbinscripcion\u00bb da_disable_devices=\u00bboff|off|off\u00bb locked=\u00bboff\u00bb global_colors_info=\u00bb{}\u00bb da_is_popup=\u00bboff\u00bb da_exit_intent=\u00bboff\u00bb da_has_close=\u00bbon\u00bb da_alt_close=\u00bboff\u00bb da_dark_close=\u00bboff\u00bb da_not_modal=\u00bbon\u00bb da_is_singular=\u00bboff\u00bb da_with_loader=\u00bboff\u00bb da_has_shadow=\u00bbon\u00bb][et_pb_row _builder_version=\u00bb4.23&#8243; _module_preset=\u00bbdefault\u00bb custom_padding=\u00bb0px||0px||false|false\u00bb global_colors_info=\u00bb{}\u00bb][et_pb_column type=\u00bb4_4&#8243; _builder_version=\u00bb4.23&#8243; _module_preset=\u00bbdefault\u00bb global_colors_info=\u00bb{}\u00bb][et_pb_text module_class=\u00bbcolor-grey uppercase\u00bb _builder_version=\u00bb4.23&#8243; _module_preset=\u00bbdefault\u00bb text_font=\u00bbBebas Neue||||||||\u00bb text_font_size=\u00bb14px\u00bb header_text_color=\u00bb#cb0017&#8243; header_2_text_color=\u00bb#cb0017&#8243; header_2_font_size=\u00bb48px\u00bb header_2_line_height=\u00bb1.4em\u00bb text_orientation=\u00bbcenter\u00bb custom_margin=\u00bb||1%||false|false\u00bb animation_style=\u00bbfade\u00bb header_2_font_size_tablet=\u00bb40px\u00bb header_2_font_size_phone=\u00bb40px\u00bb header_2_font_size_last_edited=\u00bbon|desktop\u00bb locked=\u00bboff\u00bb global_colors_info=\u00bb{}\u00bb]<\/p>\n<h2>Inscripci\u00f3n<\/h2>\n<p>[\/et_pb_text][et_pb_divider divider_weight=\u00bb3px\u00bb _builder_version=\u00bb4.16&#8243; _module_preset=\u00bbdefault\u00bb width=\u00bb75px\u00bb module_alignment=\u00bbcenter\u00bb custom_margin=\u00bb||1%||false|false\u00bb locked=\u00bboff\u00bb global_colors_info=\u00bb{}\u00bb][\/et_pb_divider][\/et_pb_column][\/et_pb_row][et_pb_row use_custom_gutter=\u00bbon\u00bb _builder_version=\u00bb4.23&#8243; _module_preset=\u00bbdefault\u00bb custom_padding=\u00bb0px||||false|false\u00bb global_colors_info=\u00bb{}\u00bb][et_pb_column type=\u00bb4_4&#8243; _builder_version=\u00bb4.23&#8243; _module_preset=\u00bbdefault\u00bb custom_padding=\u00bb||||false|false\u00bb global_colors_info=\u00bb{}\u00bb][et_pb_text _builder_version=\u00bb4.27.5&#8243; _module_preset=\u00bbdefault\u00bb text_font=\u00bb||||||||\u00bb text_font_size=\u00bb16px\u00bb text_orientation=\u00bbcenter\u00bb custom_margin=\u00bb||||false|false\u00bb custom_padding=\u00bb||||false|false\u00bb hover_enabled=\u00bb0&#8243; locked=\u00bboff\u00bb global_colors_info=\u00bb{}\u00bb sticky_enabled=\u00bb0&#8243;]<\/p>\n<p><strong>Plazo de inscripci\u00f3n:<\/strong>\u00a0Desde el\u00a0<strong>15 de enero de 2026<\/strong>\u00a0hasta el\u00a0<strong>30 de enero de 2026<\/strong>\u00a0(ambos incluidos).<\/p>\n<p><em>*Recibir\u00e1s un correo electr\u00f3nico a tu cuenta URJC una vez finalizado el plazo de inscripciones.<\/em><em><\/em><\/p>\n<p>[\/et_pb_text][et_pb_button button_url=\u00bbhttps:\/\/forms.office.com\/e\/A33rDwqBZW\u00bb url_new_window=\u00bbon\u00bb button_text=\u00bbFormulario de inscripci\u00f3n\u00bb button_alignment=\u00bbcenter\u00bb _builder_version=\u00bb4.27.5&#8243; _module_preset=\u00bbdefault\u00bb custom_button=\u00bbon\u00bb button_text_size=\u00bb16px\u00bb button_border_width=\u00bb2px\u00bb button_border_radius=\u00bb5px\u00bb button_font=\u00bb||||||||\u00bb button_icon=\u00bb&#x6c;||divi||400&#8243; button_icon_placement=\u00bbleft\u00bb button_on_hover=\u00bboff\u00bb custom_margin=\u00bb15px||||false|false\u00bb custom_padding=\u00bb10px||10px||false|false\u00bb hover_enabled=\u00bb0&#8243; box_shadow_style=\u00bbpreset3&#8243; box_shadow_color=\u00bbrgba(203,0,23,0.2)\u00bb locked=\u00bboff\u00bb global_colors_info=\u00bb{}\u00bb sticky_enabled=\u00bb0&#8243;][\/et_pb_button][et_pb_button button_url=\u00bbmailto:universidadsaludable@urjc.es\u00bb url_new_window=\u00bbon\u00bb button_text=\u00bbEscr\u00edbenos para dudas o consultas\u00bb button_alignment=\u00bbcenter\u00bb _builder_version=\u00bb4.23&#8243; _module_preset=\u00bbdefault\u00bb custom_button=\u00bbon\u00bb button_text_size=\u00bb16px\u00bb button_border_width=\u00bb2px\u00bb button_border_radius=\u00bb5px\u00bb button_font=\u00bb||||||||\u00bb button_icon=\u00bb&#x74;||divi||400&#8243; button_icon_placement=\u00bbleft\u00bb button_on_hover=\u00bboff\u00bb custom_margin=\u00bb15px||||false|false\u00bb custom_padding=\u00bb10px||10px||false|false\u00bb box_shadow_style=\u00bbpreset3&#8243; box_shadow_color=\u00bbrgba(203,0,23,0.2)\u00bb locked=\u00bboff\u00bb global_colors_info=\u00bb{}\u00bb][\/et_pb_button][\/et_pb_column][\/et_pb_row][\/et_pb_section]<\/p>\n","protected":false},"excerpt":{"rendered":"<p>Programa de Voluntariado\u00bbAgentes Healthy URJC 2026&#8243;La Universidad Rey Juan Carlos, como Universidad Promotora de Salud, quiere fomentar la participaci\u00f3n del estudiantado en la vida universitaria como agentes promotores de salud que asumen un papel protagonista en la construcci\u00f3n de una comunidad universitaria m\u00e1s saludable, solidaria y cooperativa. Si eres estudiante URJC y tienes ganas de [&hellip;]<\/p>\n","protected":false},"author":10,"featured_media":37,"parent":1777,"menu_order":0,"comment_status":"closed","ping_status":"closed","template":"","meta":{"_et_pb_use_builder":"on","_et_pb_old_content":"","_et_gb_content_width":"","cybocfi_hide_featured_image":"","footnotes":""},"class_list":["post-3409","page","type-page","status-publish","has-post-thumbnail","hentry"],"yoast_head":"<!-- This site is optimized with the Yoast SEO plugin v27.5 - https:\/\/yoast.com\/product\/yoast-seo-wordpress\/ -->\n<title>Agentes Healthy URJC 2025 - Oficina Universidad Saludable<\/title>\n<meta name=\"robots\" content=\"index, follow, max-snippet:-1, max-image-preview:large, max-video-preview:-1\" \/>\n<link rel=\"canonical\" href=\"https:\/\/www.urjc2030.es\/prus\/participa\/agentes-healthy-urjc-2025\/\" \/>\n<meta property=\"og:locale\" content=\"es_ES\" \/>\n<meta property=\"og:type\" content=\"article\" \/>\n<meta property=\"og:title\" content=\"Agentes Healthy URJC 2025 - Oficina Universidad Saludable\" \/>\n<meta property=\"og:description\" content=\"Programa de Voluntariado&quot;Agentes Healthy URJC 2026&quot;La Universidad Rey Juan Carlos, como Universidad Promotora de Salud, quiere fomentar la participaci\u00f3n del estudiantado en la vida universitaria como agentes promotores de salud que asumen un papel protagonista en la construcci\u00f3n de una comunidad universitaria m\u00e1s saludable, solidaria y cooperativa. Si eres estudiante URJC y tienes ganas de [&hellip;]\" \/>\n<meta property=\"og:url\" content=\"https:\/\/www.urjc2030.es\/prus\/participa\/agentes-healthy-urjc-2025\/\" \/>\n<meta property=\"og:site_name\" content=\"Oficina Universidad Saludable\" \/>\n<meta property=\"article:publisher\" content=\"https:\/\/www.facebook.com\/universidadreyjuancarlos\" \/>\n<meta property=\"article:modified_time\" content=\"2025-12-19T09:48:55+00:00\" \/>\n<meta property=\"og:image\" content=\"https:\/\/www.urjc2030.es\/prus\/wp-content\/uploads\/sites\/11\/2020\/10\/img-post.jpg\" \/>\n\t<meta property=\"og:image:width\" content=\"600\" \/>\n\t<meta property=\"og:image:height\" content=\"413\" \/>\n\t<meta property=\"og:image:type\" content=\"image\/jpeg\" \/>\n<meta name=\"twitter:card\" content=\"summary_large_image\" \/>\n<meta name=\"twitter:site\" content=\"@urjc\" \/>\n<script type=\"application\/ld+json\" class=\"yoast-schema-graph\">{\"@context\":\"https:\\\/\\\/schema.org\",\"@graph\":[{\"@type\":\"WebPage\",\"@id\":\"https:\\\/\\\/www.urjc2030.es\\\/prus\\\/participa\\\/agentes-healthy-urjc-2025\\\/\",\"url\":\"https:\\\/\\\/www.urjc2030.es\\\/prus\\\/participa\\\/agentes-healthy-urjc-2025\\\/\",\"name\":\"Agentes Healthy URJC 2025 - Oficina Universidad Saludable\",\"isPartOf\":{\"@id\":\"https:\\\/\\\/www.urjc2030.es\\\/prus\\\/#website\"},\"primaryImageOfPage\":{\"@id\":\"https:\\\/\\\/www.urjc2030.es\\\/prus\\\/participa\\\/agentes-healthy-urjc-2025\\\/#primaryimage\"},\"image\":{\"@id\":\"https:\\\/\\\/www.urjc2030.es\\\/prus\\\/participa\\\/agentes-healthy-urjc-2025\\\/#primaryimage\"},\"thumbnailUrl\":\"https:\\\/\\\/www.urjc2030.es\\\/prus\\\/wp-content\\\/uploads\\\/sites\\\/11\\\/2020\\\/10\\\/img-post.jpg\",\"datePublished\":\"2024-12-20T11:10:14+00:00\",\"dateModified\":\"2025-12-19T09:48:55+00:00\",\"breadcrumb\":{\"@id\":\"https:\\\/\\\/www.urjc2030.es\\\/prus\\\/participa\\\/agentes-healthy-urjc-2025\\\/#breadcrumb\"},\"inLanguage\":\"es\",\"potentialAction\":[{\"@type\":\"ReadAction\",\"target\":[\"https:\\\/\\\/www.urjc2030.es\\\/prus\\\/participa\\\/agentes-healthy-urjc-2025\\\/\"]}]},{\"@type\":\"ImageObject\",\"inLanguage\":\"es\",\"@id\":\"https:\\\/\\\/www.urjc2030.es\\\/prus\\\/participa\\\/agentes-healthy-urjc-2025\\\/#primaryimage\",\"url\":\"https:\\\/\\\/www.urjc2030.es\\\/prus\\\/wp-content\\\/uploads\\\/sites\\\/11\\\/2020\\\/10\\\/img-post.jpg\",\"contentUrl\":\"https:\\\/\\\/www.urjc2030.es\\\/prus\\\/wp-content\\\/uploads\\\/sites\\\/11\\\/2020\\\/10\\\/img-post.jpg\",\"width\":600,\"height\":413,\"caption\":\"Logotipo Universidad Rey Juan Carlos\"},{\"@type\":\"BreadcrumbList\",\"@id\":\"https:\\\/\\\/www.urjc2030.es\\\/prus\\\/participa\\\/agentes-healthy-urjc-2025\\\/#breadcrumb\",\"itemListElement\":[{\"@type\":\"ListItem\",\"position\":1,\"name\":\"Portada\",\"item\":\"https:\\\/\\\/www.urjc2030.es\\\/prus\\\/\"},{\"@type\":\"ListItem\",\"position\":2,\"name\":\"Participa\",\"item\":\"https:\\\/\\\/www.urjc2030.es\\\/prus\\\/participa\\\/\"},{\"@type\":\"ListItem\",\"position\":3,\"name\":\"Agentes Healthy URJC 2025\"}]},{\"@type\":\"WebSite\",\"@id\":\"https:\\\/\\\/www.urjc2030.es\\\/prus\\\/#website\",\"url\":\"https:\\\/\\\/www.urjc2030.es\\\/prus\\\/\",\"name\":\"Oficina Universidad Saludable\",\"description\":\"Colaboramos para hacer de la URJC un entorno promotor de salud para las personas que trabajamos y estudiamos en ella\",\"publisher\":{\"@id\":\"https:\\\/\\\/www.urjc2030.es\\\/prus\\\/#organization\"},\"potentialAction\":[{\"@type\":\"SearchAction\",\"target\":{\"@type\":\"EntryPoint\",\"urlTemplate\":\"https:\\\/\\\/www.urjc2030.es\\\/prus\\\/?s={search_term_string}\"},\"query-input\":{\"@type\":\"PropertyValueSpecification\",\"valueRequired\":true,\"valueName\":\"search_term_string\"}}],\"inLanguage\":\"es\"},{\"@type\":\"Organization\",\"@id\":\"https:\\\/\\\/www.urjc2030.es\\\/prus\\\/#organization\",\"name\":\"Universidad Rey Juan Carlos\",\"url\":\"https:\\\/\\\/www.urjc2030.es\\\/prus\\\/\",\"logo\":{\"@type\":\"ImageObject\",\"inLanguage\":\"es\",\"@id\":\"https:\\\/\\\/www.urjc2030.es\\\/prus\\\/#\\\/schema\\\/logo\\\/image\\\/\",\"url\":\"https:\\\/\\\/www.urjc2030.es\\\/prus\\\/wp-content\\\/uploads\\\/sites\\\/11\\\/2020\\\/10\\\/logoURJC.png\",\"contentUrl\":\"https:\\\/\\\/www.urjc2030.es\\\/prus\\\/wp-content\\\/uploads\\\/sites\\\/11\\\/2020\\\/10\\\/logoURJC.png\",\"width\":800,\"height\":305,\"caption\":\"Universidad Rey Juan Carlos\"},\"image\":{\"@id\":\"https:\\\/\\\/www.urjc2030.es\\\/prus\\\/#\\\/schema\\\/logo\\\/image\\\/\"},\"sameAs\":[\"https:\\\/\\\/www.facebook.com\\\/universidadreyjuancarlos\",\"https:\\\/\\\/x.com\\\/urjc\",\"https:\\\/\\\/www.instagram.com\\\/urjc_uni\\\/?hl=es\"]}]}<\/script>\n<!-- \/ Yoast SEO plugin. -->","yoast_head_json":{"title":"Agentes Healthy URJC 2025 - Oficina Universidad Saludable","robots":{"index":"index","follow":"follow","max-snippet":"max-snippet:-1","max-image-preview":"max-image-preview:large","max-video-preview":"max-video-preview:-1"},"canonical":"https:\/\/www.urjc2030.es\/prus\/participa\/agentes-healthy-urjc-2025\/","og_locale":"es_ES","og_type":"article","og_title":"Agentes Healthy URJC 2025 - Oficina Universidad Saludable","og_description":"Programa de Voluntariado\"Agentes Healthy URJC 2026\"La Universidad Rey Juan Carlos, como Universidad Promotora de Salud, quiere fomentar la participaci\u00f3n del estudiantado en la vida universitaria como agentes promotores de salud que asumen un papel protagonista en la construcci\u00f3n de una comunidad universitaria m\u00e1s saludable, solidaria y cooperativa. Si eres estudiante URJC y tienes ganas de [&hellip;]","og_url":"https:\/\/www.urjc2030.es\/prus\/participa\/agentes-healthy-urjc-2025\/","og_site_name":"Oficina Universidad Saludable","article_publisher":"https:\/\/www.facebook.com\/universidadreyjuancarlos","article_modified_time":"2025-12-19T09:48:55+00:00","og_image":[{"width":600,"height":413,"url":"https:\/\/www.urjc2030.es\/prus\/wp-content\/uploads\/sites\/11\/2020\/10\/img-post.jpg","type":"image\/jpeg"}],"twitter_card":"summary_large_image","twitter_site":"@urjc","schema":{"@context":"https:\/\/schema.org","@graph":[{"@type":"WebPage","@id":"https:\/\/www.urjc2030.es\/prus\/participa\/agentes-healthy-urjc-2025\/","url":"https:\/\/www.urjc2030.es\/prus\/participa\/agentes-healthy-urjc-2025\/","name":"Agentes Healthy URJC 2025 - Oficina Universidad Saludable","isPartOf":{"@id":"https:\/\/www.urjc2030.es\/prus\/#website"},"primaryImageOfPage":{"@id":"https:\/\/www.urjc2030.es\/prus\/participa\/agentes-healthy-urjc-2025\/#primaryimage"},"image":{"@id":"https:\/\/www.urjc2030.es\/prus\/participa\/agentes-healthy-urjc-2025\/#primaryimage"},"thumbnailUrl":"https:\/\/www.urjc2030.es\/prus\/wp-content\/uploads\/sites\/11\/2020\/10\/img-post.jpg","datePublished":"2024-12-20T11:10:14+00:00","dateModified":"2025-12-19T09:48:55+00:00","breadcrumb":{"@id":"https:\/\/www.urjc2030.es\/prus\/participa\/agentes-healthy-urjc-2025\/#breadcrumb"},"inLanguage":"es","potentialAction":[{"@type":"ReadAction","target":["https:\/\/www.urjc2030.es\/prus\/participa\/agentes-healthy-urjc-2025\/"]}]},{"@type":"ImageObject","inLanguage":"es","@id":"https:\/\/www.urjc2030.es\/prus\/participa\/agentes-healthy-urjc-2025\/#primaryimage","url":"https:\/\/www.urjc2030.es\/prus\/wp-content\/uploads\/sites\/11\/2020\/10\/img-post.jpg","contentUrl":"https:\/\/www.urjc2030.es\/prus\/wp-content\/uploads\/sites\/11\/2020\/10\/img-post.jpg","width":600,"height":413,"caption":"Logotipo Universidad Rey Juan Carlos"},{"@type":"BreadcrumbList","@id":"https:\/\/www.urjc2030.es\/prus\/participa\/agentes-healthy-urjc-2025\/#breadcrumb","itemListElement":[{"@type":"ListItem","position":1,"name":"Portada","item":"https:\/\/www.urjc2030.es\/prus\/"},{"@type":"ListItem","position":2,"name":"Participa","item":"https:\/\/www.urjc2030.es\/prus\/participa\/"},{"@type":"ListItem","position":3,"name":"Agentes Healthy URJC 2025"}]},{"@type":"WebSite","@id":"https:\/\/www.urjc2030.es\/prus\/#website","url":"https:\/\/www.urjc2030.es\/prus\/","name":"Oficina Universidad Saludable","description":"Colaboramos para hacer de la URJC un entorno promotor de salud para las personas que trabajamos y estudiamos en ella","publisher":{"@id":"https:\/\/www.urjc2030.es\/prus\/#organization"},"potentialAction":[{"@type":"SearchAction","target":{"@type":"EntryPoint","urlTemplate":"https:\/\/www.urjc2030.es\/prus\/?s={search_term_string}"},"query-input":{"@type":"PropertyValueSpecification","valueRequired":true,"valueName":"search_term_string"}}],"inLanguage":"es"},{"@type":"Organization","@id":"https:\/\/www.urjc2030.es\/prus\/#organization","name":"Universidad Rey Juan Carlos","url":"https:\/\/www.urjc2030.es\/prus\/","logo":{"@type":"ImageObject","inLanguage":"es","@id":"https:\/\/www.urjc2030.es\/prus\/#\/schema\/logo\/image\/","url":"https:\/\/www.urjc2030.es\/prus\/wp-content\/uploads\/sites\/11\/2020\/10\/logoURJC.png","contentUrl":"https:\/\/www.urjc2030.es\/prus\/wp-content\/uploads\/sites\/11\/2020\/10\/logoURJC.png","width":800,"height":305,"caption":"Universidad Rey Juan Carlos"},"image":{"@id":"https:\/\/www.urjc2030.es\/prus\/#\/schema\/logo\/image\/"},"sameAs":["https:\/\/www.facebook.com\/universidadreyjuancarlos","https:\/\/x.com\/urjc","https:\/\/www.instagram.com\/urjc_uni\/?hl=es"]}]}},"_links":{"self":[{"href":"https:\/\/www.urjc2030.es\/prus\/wp-json\/wp\/v2\/pages\/3409","targetHints":{"allow":["GET"]}}],"collection":[{"href":"https:\/\/www.urjc2030.es\/prus\/wp-json\/wp\/v2\/pages"}],"about":[{"href":"https:\/\/www.urjc2030.es\/prus\/wp-json\/wp\/v2\/types\/page"}],"author":[{"embeddable":true,"href":"https:\/\/www.urjc2030.es\/prus\/wp-json\/wp\/v2\/users\/10"}],"replies":[{"embeddable":true,"href":"https:\/\/www.urjc2030.es\/prus\/wp-json\/wp\/v2\/comments?post=3409"}],"version-history":[{"count":7,"href":"https:\/\/www.urjc2030.es\/prus\/wp-json\/wp\/v2\/pages\/3409\/revisions"}],"predecessor-version":[{"id":3833,"href":"https:\/\/www.urjc2030.es\/prus\/wp-json\/wp\/v2\/pages\/3409\/revisions\/3833"}],"up":[{"embeddable":true,"href":"https:\/\/www.urjc2030.es\/prus\/wp-json\/wp\/v2\/pages\/1777"}],"wp:featuredmedia":[{"embeddable":true,"href":"https:\/\/www.urjc2030.es\/prus\/wp-json\/wp\/v2\/media\/37"}],"wp:attachment":[{"href":"https:\/\/www.urjc2030.es\/prus\/wp-json\/wp\/v2\/media?parent=3409"}],"curies":[{"name":"wp","href":"https:\/\/api.w.org\/{rel}","templated":true}]}}