{"id":6,"date":"2022-11-10T15:43:27","date_gmt":"2022-11-10T14:43:27","guid":{"rendered":"https:\/\/www.urjc2030.es\/ud\/?page_id=6"},"modified":"2026-02-27T09:24:35","modified_gmt":"2026-02-27T08:24:35","slug":"unidad-de-diversidad","status":"publish","type":"page","link":"https:\/\/www.urjc2030.es\/ud\/","title":{"rendered":"Unidad de Diversidad"},"content":{"rendered":"<p>[et_pb_section fb_built=\u00bb1&#8243; next_background_color=\u00bb#ffffff\u00bb admin_label=\u00bbCABECERA\u00bb _builder_version=\u00bb4.27.4&#8243; _module_preset=\u00bbdefault\u00bb background_color=\u00bbrgba(0,0,0,0.5)\u00bb background_image=\u00bbhttps:\/\/www.urjc2030.es\/ud\/wp-content\/uploads\/sites\/13\/2025\/09\/diversidad-bg.webp\u00bb background_blend=\u00bboverlay\u00bb custom_padding=\u00bb||||false|false\u00bb bottom_divider_style=\u00bbasymmetric2&#8243; da_disable_devices=\u00bboff|off|off\u00bb global_colors_info=\u00bb{}\u00bb da_is_popup=\u00bboff\u00bb da_exit_intent=\u00bboff\u00bb da_has_close=\u00bbon\u00bb da_alt_close=\u00bboff\u00bb da_dark_close=\u00bboff\u00bb da_not_modal=\u00bbon\u00bb da_is_singular=\u00bboff\u00bb da_with_loader=\u00bboff\u00bb da_has_shadow=\u00bbon\u00bb][et_pb_row _builder_version=\u00bb4.16&#8243; _module_preset=\u00bbdefault\u00bb global_colors_info=\u00bb{}\u00bb][et_pb_column type=\u00bb4_4&#8243; _builder_version=\u00bb4.16&#8243; _module_preset=\u00bbdefault\u00bb global_colors_info=\u00bb{}\u00bb][et_pb_text module_class=\u00bbcolor-grey uppercase\u00bb _builder_version=\u00bb4.19.0&#8243; _module_preset=\u00bbdefault\u00bb text_font=\u00bbBebas Neue||||||||\u00bb text_font_size=\u00bb14px\u00bb header_font=\u00bb|700||on|||||\u00bb header_text_align=\u00bbcenter\u00bb header_text_color=\u00bb#ffffff\u00bb header_font_size=\u00bb50px\u00bb header_2_font_size=\u00bb50px\u00bb text_orientation=\u00bbcenter\u00bb custom_margin=\u00bb||1%||false|false\u00bb animation_style=\u00bbslide\u00bb animation_direction=\u00bbbottom\u00bb header_font_size_tablet=\u00bb40px\u00bb header_font_size_phone=\u00bb35px\u00bb header_font_size_last_edited=\u00bbon|phone\u00bb header_2_font_size_tablet=\u00bb40px\u00bb header_2_font_size_phone=\u00bb36px\u00bb header_2_font_size_last_edited=\u00bbon|phone\u00bb global_colors_info=\u00bb{}\u00bb]<\/p>\n<h1>Unidad de Diversidad<\/h1>\n<p>[\/et_pb_text][\/et_pb_column][\/et_pb_row][\/et_pb_section][et_pb_section fb_built=\u00bb1&#8243; admin_label=\u00bbLA UNIDAD\u00bb module_id=\u00bbla-unidad\u00bb _builder_version=\u00bb4.19.0&#8243; _module_preset=\u00bbdefault\u00bb custom_padding=\u00bb0px||50px||false|false\u00bb bottom_divider_flip=\u00bbvertical|horizontal\u00bb da_popup_slug=\u00bbla-unidad\u00bb da_disable_devices=\u00bboff|off|off\u00bb global_colors_info=\u00bb{}\u00bb da_is_popup=\u00bboff\u00bb da_exit_intent=\u00bboff\u00bb da_has_close=\u00bbon\u00bb da_alt_close=\u00bboff\u00bb da_dark_close=\u00bboff\u00bb da_not_modal=\u00bbon\u00bb da_is_singular=\u00bboff\u00bb da_with_loader=\u00bboff\u00bb da_has_shadow=\u00bbon\u00bb][et_pb_row _builder_version=\u00bb4.16&#8243; _module_preset=\u00bbdefault\u00bb custom_padding=\u00bb||0px||false|false\u00bb global_colors_info=\u00bb{}\u00bb][et_pb_column type=\u00bb4_4&#8243; _builder_version=\u00bb4.16&#8243; _module_preset=\u00bbdefault\u00bb global_colors_info=\u00bb{}\u00bb][et_pb_text module_class=\u00bbcolor-grey uppercase\u00bb _builder_version=\u00bb4.16&#8243; _module_preset=\u00bbdefault\u00bb text_font=\u00bbBebas Neue||||||||\u00bb text_font_size=\u00bb14px\u00bb header_2_font_size=\u00bb48px\u00bb header_2_line_height=\u00bb1.4em\u00bb text_orientation=\u00bbcenter\u00bb custom_margin=\u00bb||1%||false|false\u00bb animation_style=\u00bbfade\u00bb header_2_font_size_tablet=\u00bb40px\u00bb header_2_font_size_phone=\u00bb40px\u00bb header_2_font_size_last_edited=\u00bbon|desktop\u00bb global_colors_info=\u00bb{}\u00bb]<\/p>\n<h2>La Unidad<\/h2>\n<p>[\/et_pb_text][et_pb_divider divider_weight=\u00bb3px\u00bb _builder_version=\u00bb4.16&#8243; _module_preset=\u00bbdefault\u00bb width=\u00bb75px\u00bb module_alignment=\u00bbcenter\u00bb custom_margin=\u00bb||1%||false|false\u00bb global_colors_info=\u00bb{}\u00bb][\/et_pb_divider][\/et_pb_column][\/et_pb_row][et_pb_row column_structure=\u00bb3_5,2_5&#8243; _builder_version=\u00bb4.16&#8243; _module_preset=\u00bbdefault\u00bb global_colors_info=\u00bb{}\u00bb][et_pb_column type=\u00bb3_5&#8243; _builder_version=\u00bb4.16&#8243; _module_preset=\u00bbdefault\u00bb global_colors_info=\u00bb{}\u00bb][et_pb_text _builder_version=\u00bb4.27.4&#8243; _module_preset=\u00bbdefault\u00bb text_font=\u00bb||||||||\u00bb text_orientation=\u00bbjustified\u00bb global_colors_info=\u00bb{}\u00bb]<\/p>\n<p>La Unidad de Diversidad de la URJC tiene como objetivo trabajar de manera interseccional con toda la comunidad universitaria; todo lo que respecta a la diversidad <strong>LGBTIAQ+<\/strong> (personas lesbianas, gais, bisexuales, trans, intersex, asexuales y otras realidades sexogen\u00e9ricas)<strong>, \u00e9tnico-cultural y afines.<\/strong><\/p>\n<p>Para ello, desarrollamos varias l\u00edneas de actuaci\u00f3n: atenci\u00f3n, acompa\u00f1amiento y redes; formaci\u00f3n, sensibilizaci\u00f3n y divulgaci\u00f3n; investigaci\u00f3n, evaluaci\u00f3n y diagn\u00f3stico, compromisos, protocolos y pol\u00edticas universitarias.<\/p>\n<p>Entre otras cuestiones, aqu\u00ed puedes modificar el <strong>nombre e identidad de g\u00e9nero<\/strong> con el que apareces en la Universidad, a trav\u00e9s del \u201c<a href=\"#protocolo\"><span style=\"text-decoration: underline;\"><strong>Protocolo<\/strong><\/span><span style=\"text-decoration: underline;\"><strong> para la gesti\u00f3n y procedimientos relacionados con la identidad de <\/strong><\/span><\/a><span><a href=\"#protocolo\"><span style=\"text-decoration: underline;\"><strong>g\u00e9nero<\/strong><\/span><\/a>\u201d<\/span>.<\/p>\n<p>\u00a1Ven a conocernos! Si quieres compartir alguna cosa o simplemente visitarnos, saber mejor qu\u00e9 hacemos\u2026 podemos quedar y conocernos. Estamos en el Despacho 4009 de Ampliaci\u00f3n de Rectorado en M\u00f3stoles.<\/p>\n<p>[\/et_pb_text][\/et_pb_column][et_pb_column type=\u00bb2_5&#8243; _builder_version=\u00bb4.16&#8243; _module_preset=\u00bbdefault\u00bb global_colors_info=\u00bb{}\u00bb][et_pb_text admin_label=\u00bbTexto\u00bb _builder_version=\u00bb4.27.4&#8243; _module_preset=\u00bbdefault\u00bb text_font=\u00bb||||||||\u00bb text_line_height=\u00bb1.4em\u00bb custom_margin=\u00bb||0px||false|false\u00bb custom_padding=\u00bb15px|15px|15px|15px|false|false\u00bb border_width_bottom=\u00bb1px\u00bb border_color_bottom=\u00bb#eee\u00bb global_colors_info=\u00bb{}\u00bb]<\/p>\n<p><b><span>Director de la Unidad: <\/span><\/b>Prof. Dr. Miguel \u00c1ngel L\u00f3pez S\u00e1ez<\/p>\n<p>[\/et_pb_text][et_pb_text admin_label=\u00bbTexto\u00bb _builder_version=\u00bb4.27.4&#8243; _module_preset=\u00bbdefault\u00bb text_font=\u00bb||||||||\u00bb text_line_height=\u00bb1.4em\u00bb custom_margin=\u00bb||0px||false|false\u00bb custom_padding=\u00bb15px|15px|15px|15px|false|false\u00bb border_width_bottom=\u00bb1px\u00bb border_color_bottom=\u00bb#eee\u00bb global_colors_info=\u00bb{}\u00bb]<\/p>\n<p><b><span>Jefa de Secci\u00f3n: <\/span><\/b><span>D\u00aa.<b> <\/b>Ana Isabel Gomez-Escalonilla Mart\u00edn<\/span><\/p>\n<p>[\/et_pb_text][et_pb_text admin_label=\u00bbTexto\u00bb _builder_version=\u00bb4.19.0&#8243; _module_preset=\u00bbdefault\u00bb text_font=\u00bb||||||||\u00bb text_line_height=\u00bb1.4em\u00bb custom_margin=\u00bb||0px||false|false\u00bb custom_padding=\u00bb15px|15px|15px|15px|false|false\u00bb border_width_bottom=\u00bb1px\u00bb border_color_bottom=\u00bb#eee\u00bb global_colors_info=\u00bb{}\u00bb]<\/p>\n<p><strong>Direcci\u00f3n:<\/strong> Despacho 4009, Ampliaci\u00f3n de Rectorado. <br \/>C\/ Tulip\u00e1n s\/n, 28933 M\u00f3stoles (Madrid)<\/p>\n<p>[\/et_pb_text][et_pb_text admin_label=\u00bbTexto\u00bb _builder_version=\u00bb4.19.0&#8243; _module_preset=\u00bbdefault\u00bb text_font=\u00bb||||||||\u00bb text_line_height=\u00bb1.4em\u00bb custom_margin=\u00bb||0px||false|false\u00bb custom_padding=\u00bb15px|15px|15px|15px|false|false\u00bb border_width_bottom=\u00bb1px\u00bb border_color_bottom=\u00bb#eee\u00bb global_colors_info=\u00bb{}\u00bb]<\/p>\n<p><strong>Tel\u00e9fono:<\/strong> 914887678, 914888569<\/p>\n<p>[\/et_pb_text][et_pb_text admin_label=\u00bbTexto\u00bb _builder_version=\u00bb4.19.0&#8243; _module_preset=\u00bbdefault\u00bb text_font=\u00bb||||||||\u00bb text_line_height=\u00bb1.4em\u00bb custom_margin=\u00bb||0px||false|false\u00bb custom_padding=\u00bb15px|15px|15px|15px|false|false\u00bb border_width_bottom=\u00bb1px\u00bb border_color_bottom=\u00bb#eee\u00bb global_colors_info=\u00bb{}\u00bb]<strong>Correo electr\u00f3nico:<\/strong> <a class=\"icon-envelope-alt\" href=\"mailto:unidad.diversidad@urjc.es\">unidad.diversidad@urjc.es<\/a>[\/et_pb_text][et_pb_text admin_label=\u00bbTexto\u00bb _builder_version=\u00bb4.16&#8243; _module_preset=\u00bbdefault\u00bb text_font=\u00bb||||||||\u00bb text_line_height=\u00bb1.4em\u00bb custom_margin=\u00bb||0px||false|false\u00bb custom_padding=\u00bb15px|15px|15px|15px|false|false\u00bb border_width_bottom=\u00bb1px\u00bb border_color_bottom=\u00bb#eee\u00bb global_colors_info=\u00bb{}\u00bb]<\/p>\n<p><strong>Horarios:<\/strong> Para visitas concertar cita previa.<\/p>\n<p>[\/et_pb_text][\/et_pb_column][\/et_pb_row][\/et_pb_section][et_pb_section fb_built=\u00bb1&#8243; admin_label=\u00bbSERVICIOS\u00bb module_id=\u00bbservicios\u00bb _builder_version=\u00bb4.19.0&#8243; _module_preset=\u00bbdefault\u00bb background_color=\u00bb#f9f9f9&#8243; custom_padding=\u00bb50px||50px||false|false\u00bb da_popup_slug=\u00bbservicios\u00bb da_disable_devices=\u00bboff|off|off\u00bb global_colors_info=\u00bb{}\u00bb da_is_popup=\u00bboff\u00bb da_exit_intent=\u00bboff\u00bb da_has_close=\u00bbon\u00bb da_alt_close=\u00bboff\u00bb da_dark_close=\u00bboff\u00bb da_not_modal=\u00bbon\u00bb da_is_singular=\u00bboff\u00bb da_with_loader=\u00bboff\u00bb da_has_shadow=\u00bbon\u00bb][et_pb_row _builder_version=\u00bb4.20.4&#8243; _module_preset=\u00bbdefault\u00bb custom_padding=\u00bb0px||0px||false|false\u00bb locked=\u00bboff\u00bb global_colors_info=\u00bb{}\u00bb][et_pb_column type=\u00bb4_4&#8243; _builder_version=\u00bb4.16&#8243; _module_preset=\u00bbdefault\u00bb global_colors_info=\u00bb{}\u00bb][et_pb_text module_class=\u00bbcolor-grey uppercase\u00bb _builder_version=\u00bb4.19.0&#8243; _module_preset=\u00bbdefault\u00bb text_font=\u00bbBebas Neue||||||||\u00bb text_font_size=\u00bb14px\u00bb header_2_text_align=\u00bbleft\u00bb header_2_font_size=\u00bb48px\u00bb header_2_line_height=\u00bb1.4em\u00bb text_orientation=\u00bbcenter\u00bb custom_margin=\u00bb||1%||false|false\u00bb animation_style=\u00bbfade\u00bb header_2_font_size_tablet=\u00bb40px\u00bb header_2_font_size_phone=\u00bb40px\u00bb header_2_font_size_last_edited=\u00bbon|desktop\u00bb global_colors_info=\u00bb{}\u00bb]<\/p>\n<h2>SERVICIOS<\/h2>\n<p>[\/et_pb_text][et_pb_divider divider_weight=\u00bb3px\u00bb _builder_version=\u00bb4.19.0&#8243; _module_preset=\u00bbdefault\u00bb width=\u00bb75px\u00bb module_alignment=\u00bbleft\u00bb custom_margin=\u00bb||1%||false|false\u00bb global_colors_info=\u00bb{}\u00bb][\/et_pb_divider][\/et_pb_column][\/et_pb_row][et_pb_row use_custom_gutter=\u00bbon\u00bb _builder_version=\u00bb4.19.0&#8243; _module_preset=\u00bbdefault\u00bb custom_padding=\u00bb||0px||false|false\u00bb global_colors_info=\u00bb{}\u00bb][et_pb_column type=\u00bb4_4&#8243; _builder_version=\u00bb4.16&#8243; _module_preset=\u00bbdefault\u00bb global_colors_info=\u00bb{}\u00bb][et_pb_accordion closed_toggle_background_color=\u00bb#eeeeee\u00bb toggle_icon=\u00bb&#x50;||divi||400&#8243; icon_color=\u00bb#cb0017&#8243; use_icon_font_size=\u00bbon\u00bb icon_font_size=\u00bb25px\u00bb _builder_version=\u00bb4.27.4&#8243; _module_preset=\u00bbdefault\u00bb toggle_text_color=\u00bb#cb0017&#8243; toggle_font_size=\u00bb20px\u00bb toggle_letter_spacing=\u00bb1px\u00bb text_orientation=\u00bbleft\u00bb border_width_all=\u00bb0px\u00bb global_colors_info=\u00bb{}\u00bb toggle_icon__hover_enabled=\u00bboff|desktop\u00bb icon_color__hover_enabled=\u00bboff|desktop\u00bb][et_pb_accordion_item title=\u00bbEN BLANCO\u00bb open=\u00bbon\u00bb _builder_version=\u00bb4.19.1&#8243; _module_preset=\u00bbdefault\u00bb custom_css_main_element=\u00bbdisplay:none\u00bb global_colors_info=\u00bb{}\u00bb][\/et_pb_accordion_item][et_pb_accordion_item title=\u00bb1. Atenci\u00f3n y acompa\u00f1amiento\u00bb icon_color=\u00bb#cb0017&#8243; _builder_version=\u00bb4.27.4&#8243; _module_preset=\u00bbdefault\u00bb global_colors_info=\u00bb{}\u00bb open=\u00bboff\u00bb]<\/p>\n<h6>Acompa\u00f1amiento y seguimiento en los tr\u00e1mites relativos a cambio de nombre y\/o identidad de g\u00e9nero:<\/h6>\n<ul>\n<li><strong>Cambio de nombre <\/strong>en caso de que vayas a realizar <strong>la PAU<\/strong> en la URJC a efectos del llamamiento. Para ello, nos coordinamos con tu centro de Ense\u00f1anza Secundaria..<\/li>\n<li><strong>Cambio de<\/strong> <strong>nombre e identidad g\u00e9nero<\/strong> a efectos <strong>acad\u00e9micos<\/strong> en la Universidad. Te acompa\u00f1amos en el tr\u00e1mite para modificar los datos en listas de clase, actas, Campus Virtual y actividades deportivas, de forma \u00e1gil y respetuosa contigo. Adem\u00e1s, podemos ofrecerte una nueva cuenta de correo electr\u00f3nico URJC y una nueva Tarjeta Universitaria.<\/li>\n<li>Realizaci\u00f3n de <strong>informes<\/strong> <strong>para facilitar la modificaci\u00f3n de datos en el Registro Civil<\/strong>.<\/li>\n<li>Emisi\u00f3n de un <strong>duplicado del t\u00edtulo oficial<\/strong> con el nuevo nombre e identidad de g\u00e9nero, <strong>sin coste adicional<\/strong>, en el caso de haber tramitado el cambio en el Registro Civil y tener un nuevo DNI.<\/li>\n<li>Estas atenciones se realizan siguiendo el \u201cProtocolo (<a href=\"#protocolo\"><strong>CONSULTA NUESTRA SECCI\u00d3N<\/strong><\/a>)\u201d y en coordinaci\u00f3n con el resto de los \u00f3rganos acad\u00e9micos implicados (secretar\u00eda general, vicerrectorado de estudiantes, servicios inform\u00e1ticos, etc.).<\/li>\n<\/ul>\n<h6>Atenci\u00f3n en caso de discriminaci\u00f3n<\/h6>\n<p>Por LGTBIfobia en la Universidad, en coordinaci\u00f3n con la Unidad de Igualdad de la URJC. Escr\u00edbenos a <a href=\"mailto:unidad.diversidad@urjc.es\">unidad.diversidad@urjc.es<\/a> y te asesoramos.<\/p>\n<h6>Orientaci\u00f3n para trabajos acad\u00e9micos<\/h6>\n<p>\u00a1cu\u00e9ntanos tus ideas y preguntas! Escr\u00edbenos a <a href=\"mailto:unidad.diversidad@urjc.es\">unidad.diversidad@urjc.es<\/a> y te asesoramos.<\/p>\n<h6>Apoyo a entidades, instituciones (facultades, institutos universitarios, grupos de investigaci\u00f3n, grupos de trabajo, etc.) y asociaciones de estudiantes de la URJC<\/h6>\n<p>Escr\u00edbenos a <a href=\"mailto:unidad.diversidad@urjc.es\">unidad.diversidad@urjc.es<\/a> y te asesoramos.<\/p>\n<p>[\/et_pb_accordion_item][et_pb_accordion_item title=\u00bb2. Formaci\u00f3n, sensibilizaci\u00f3n y divulgaci\u00f3n\u00bb icon_color=\u00bb#E02B20&#8243; _builder_version=\u00bb4.27.4&#8243; _module_preset=\u00bbdefault\u00bb global_colors_info=\u00bb{}\u00bb open=\u00bboff\u00bb]<\/p>\n<h6>VISIBILIDAD<\/h6>\n<ul>\n<li>La Unidad de Diversidad de la URJC forma parte de Red de Universidades por la Diversidad (RUD), que re\u00fane todas las unidades, oficinas, observatorios, comisiones, secretariados de diversidad LGTBIQA+ y diversidad cultural de las universidades p\u00fablicas espa\u00f1olas y aquellas privadas que soliciten adhesi\u00f3n.<\/li>\n<li>Adem\u00e1s, participa activamente en la alianza europea EULiST (European Universities Linking Society and Technology), a trav\u00e9s del Task 1.6, enfocado en el desarrollo estrat\u00e9gico de pol\u00edticas que refuercen la gobernanza inclusiva y promuevan la igualdad y la diversidad en el marco universitario europeo.<\/li>\n<\/ul>\n<h6>Jornadas, Talleres y Congresos<\/h6>\n<p><a href=\"https:\/\/www.urjc2030.es\/ud\/agenda\/\"><span style=\"text-decoration: underline;\">Consulta nuestra Agenda<\/span><\/a><\/p>\n<h6>MOOC Y CAMPA\u00d1AS<\/h6>\n<p><a href=\"#mooc-cursos\"><span style=\"text-decoration: underline;\">Consulta nuestra secci\u00f3n MOOC-Cursos y Campa\u00f1as<\/span><\/a><\/p>\n<p>[\/et_pb_accordion_item][et_pb_accordion_item title=\u00bb3. Investigaci\u00f3n, evaluaci\u00f3n, y diagn\u00f3stico\u00bb _builder_version=\u00bb4.27.4&#8243; _module_preset=\u00bbdefault\u00bb global_colors_info=\u00bb{}\u00bb open=\u00bboff\u00bb]<\/p>\n<h6>Investigaci\u00f3n<\/h6>\n<ul>\n<li>En la URJC existen varios grupos de investigaci\u00f3n que trabajan las realidades LGBTIQA+ y la diversidad \u00e9tnico-cultural y afines.<\/li>\n<li>Adem\u00e1s, diferentes revistas de la URJC han desarrollado n\u00fameros tem\u00e1ticos:\n<ul>\n<li><a href=\"https:\/\/www.methaodos.org\/revista-methaodos\/index.php\/methaodos\/issue\/view\/19\" target=\"_blank\" rel=\"noopener\"><span style=\"text-decoration: underline;\">Methaodos<\/span><\/a><\/li>\n<\/ul>\n<\/li>\n<\/ul>\n<h6>Publicaciones<\/h6>\n<p><a href=\"#publicaciones\"><span style=\"text-decoration: underline;\">Consulta nuestra secci\u00f3n Publicaciones<\/span><\/a><\/p>\n<p>[\/et_pb_accordion_item][\/et_pb_accordion][\/et_pb_column][\/et_pb_row][\/et_pb_section][et_pb_section fb_built=\u00bb1&#8243; disabled_on=\u00bboff|off|off\u00bb admin_label=\u00bbVISIBILIDAD\u00bb module_id=\u00bbprotocolo\u00bb _builder_version=\u00bb4.27.4&#8243; _module_preset=\u00bbdefault\u00bb background_color=\u00bb#FFFFFF\u00bb custom_padding=\u00bb50px||50px||false|false\u00bb bottom_divider_flip=\u00bbhorizontal\u00bb da_popup_slug=\u00bbprotocolo\u00bb da_disable_devices=\u00bboff|off|off\u00bb global_colors_info=\u00bb{}\u00bb da_is_popup=\u00bboff\u00bb da_exit_intent=\u00bboff\u00bb da_has_close=\u00bbon\u00bb da_alt_close=\u00bboff\u00bb da_dark_close=\u00bboff\u00bb da_not_modal=\u00bbon\u00bb da_is_singular=\u00bboff\u00bb da_with_loader=\u00bboff\u00bb da_has_shadow=\u00bbon\u00bb][et_pb_row _builder_version=\u00bb4.19.0&#8243; _module_preset=\u00bbdefault\u00bb custom_margin=\u00bb||||false|false\u00bb custom_padding=\u00bb||||false|false\u00bb global_colors_info=\u00bb{}\u00bb][et_pb_column type=\u00bb4_4&#8243; _builder_version=\u00bb4.16&#8243; _module_preset=\u00bbdefault\u00bb global_colors_info=\u00bb{}\u00bb][et_pb_text module_class=\u00bbsize-40 color-grey uppercase\u00bb _builder_version=\u00bb4.19.0&#8243; _module_preset=\u00bbdefault\u00bb text_font=\u00bbBebas Neue||||||||\u00bb text_font_size=\u00bb14px\u00bb header_2_font_size=\u00bb48px\u00bb header_2_line_height=\u00bb1.4em\u00bb custom_margin=\u00bb||1%||false|false\u00bb animation_style=\u00bbfade\u00bb header_2_font_size_tablet=\u00bb40px\u00bb header_2_font_size_phone=\u00bb40px\u00bb header_2_font_size_last_edited=\u00bbon|tablet\u00bb global_colors_info=\u00bb{}\u00bb]<\/p>\n<h2>PROTOCOLO<\/h2>\n<p>[\/et_pb_text][et_pb_divider divider_weight=\u00bb3px\u00bb admin_label=\u00bbSeparador\u00bb _builder_version=\u00bb4.16&#8243; _module_preset=\u00bbdefault\u00bb width=\u00bb75px\u00bb module_alignment=\u00bbleft\u00bb custom_margin=\u00bb||||false|false\u00bb custom_padding=\u00bb||0px||false|false\u00bb global_colors_info=\u00bb{}\u00bb][\/et_pb_divider][\/et_pb_column][\/et_pb_row][et_pb_row use_custom_gutter=\u00bbon\u00bb gutter_width=\u00bb2&#8243; make_equal=\u00bbon\u00bb _builder_version=\u00bb4.19.0&#8243; _module_preset=\u00bbdefault\u00bb custom_padding=\u00bb0px||||false|false\u00bb locked=\u00bboff\u00bb global_colors_info=\u00bb{}\u00bb][et_pb_column type=\u00bb4_4&#8243; _builder_version=\u00bb4.16&#8243; _module_preset=\u00bbdefault\u00bb global_colors_info=\u00bb{}\u00bb][et_pb_blurb title=\u00bbProtocolo para la gesti\u00f3n y procedimientos relacionados con la identidad de g\u00e9nero\u00bb content_max_width=\u00bb100%\u00bb _builder_version=\u00bb4.27.4&#8243; _module_preset=\u00bbdefault\u00bb header_font_size=\u00bb22px\u00bb background_color=\u00bb#FFFFFF\u00bb custom_padding=\u00bb20px|20px|20px|20px|false|false\u00bb border_radii=\u00bbon|4px|4px|4px|4px\u00bb box_shadow_style=\u00bbpreset3&#8243; box_shadow_color=\u00bbrgba(0,0,0,0.1)\u00bb global_colors_info=\u00bb{}\u00bb]<\/p>\n<p>Desde la Unidad de Diversidad te acompa\u00f1amos en la gesti\u00f3n del cambio de nombre y\/o identidad de g\u00e9nero tal y como establece el <a href=\"https:\/\/www.urjc2030.es\/ud\/wp-content\/uploads\/sites\/13\/2025\/03\/protocolo_bourjc.pdf\" target=\"_blank\" rel=\"noopener\"><span style=\"text-decoration: underline;\"><strong>protocolo<\/strong><\/span><\/a>. Adem\u00e1s, puedes solicitar un informe acreditativo sobre el nombre de uso en la URJC si lo necesitas.<\/p>\n<p><strong>Consulta la <a href=\"https:\/\/burjcdigital.urjc.es\/server\/api\/core\/bitstreams\/9d8b145b-74ca-490b-bf5c-2eaa3b905cda\/content?authentication-token=eyJhbGciOiJIUzI1NiJ9.eyJlaWQiOiJlNGI0YzAxMy02MjZlLTRkM2MtYjAwYy05MTg4NWNhNjY2ZjciLCJzZyI6WyI5ZTFhODBlYS1mMWMzLTRjODQtYjgxZC04NTk0ZjJmMzNkNzAiXSwiYXV0aGVudGljYXRpb25NZXRob2QiOiJzaGliYm9sZXRoIiwiZXhwIjoxNzQ3OTA5NTg1fQ.l-PqmxclrKm2rg563XkXMTA-ik9Inm2nJ8H_7cSyLwM\" target=\"_blank\" rel=\"noopener\"><span style=\"text-decoration: underline;\">Gu\u00eda r\u00e1pida para el cambio de nombre y\/o identidad de g\u00e9nero en la URJC<\/span><\/a><\/strong>, donde encontrar\u00e1s los pasos detallados y recomendaciones pr\u00e1cticas para gestionar este procedimiento en nuestra universidad.<\/p>\n<p>Actualmente, puedes realizar la <strong>petici\u00f3n de cambio de nombre<\/strong> de forma completamente digital a trav\u00e9s de la <strong>Sede Electr\u00f3nica<\/strong>, sin necesidad de acudir presencialmente al registro. Accede a las solicitudes desde los siguientes enlaces:<\/p>\n<h5 class=\"color-red\">COMUNIDAD UNIVERSITARIA URJC (Estudiantes, PDI\/PPI, PTGAS):<\/h5>\n<p><strong>Accede con tu cuenta corporativa:<\/strong><\/p>\n<p><a href=\"https:\/\/sede.urjc.es\/catalogo-de-servicios\/CAMNOM\/\" target=\"_blank\" rel=\"noopener\" style=\"text-decoration: underline;\">Cambio de nombre y\/o id. gen\u00e9ro de uso com\u00fan<\/a><\/p>\n<p><a href=\"https:\/\/sede.urjc.es\/catalogo-de-servicios\/CAMREG\/\" target=\"_blank\" rel=\"noopener\"><span style=\"text-decoration: underline;\">Comunicaci\u00f3n de cambio de nombre registral y\/o modificaci\u00f3n de la id. g\u00e9nero<\/span><\/a><\/p>\n<h5 class=\"color-red\">ESTUDIANTES QUE REALIZAN LA PAU (Prueba de acceso a la Universidad) en la URJC:<\/h5>\n<p><a href=\"https:\/\/sede.urjc.es\/catalogo-de-servicios\/CAMNOE\/\" target=\"_blank\" rel=\"noopener\"><span style=\"text-decoration: underline;\">Con certificado electr\u00f3nico<\/span><\/a><\/p>\n<p><a href=\"https:\/\/forms.office.com\/e\/bd8XLvFg8L\" target=\"_blank\" rel=\"noopener\"><span style=\"text-decoration: underline;\">Sin certificado electr\u00f3nico<\/span><\/a><\/p>\n<p>No obstante, para cualquier pregunta no dudes en consultarnos: <span style=\"text-decoration: underline;\"><a href=\"mailto:unidad.diversidad@urjc.es\">unidad.diversidad@urjc.es<\/a><\/span><\/p>\n<p>[\/et_pb_blurb][\/et_pb_column][\/et_pb_row][\/et_pb_section][et_pb_section fb_built=\u00bb1&#8243; admin_label=\u00bbVISIBILIDAD\u00bb module_id=\u00bbnormativa\u00bb _builder_version=\u00bb4.27.4&#8243; _module_preset=\u00bbdefault\u00bb background_color=\u00bb#f9f9f9&#8243; custom_padding=\u00bb50px||50px||false|false\u00bb bottom_divider_flip=\u00bbhorizontal\u00bb da_popup_slug=\u00bbnormativa\u00bb da_disable_devices=\u00bboff|off|off\u00bb global_colors_info=\u00bb{}\u00bb da_is_popup=\u00bboff\u00bb da_exit_intent=\u00bboff\u00bb da_has_close=\u00bbon\u00bb da_alt_close=\u00bboff\u00bb da_dark_close=\u00bboff\u00bb da_not_modal=\u00bbon\u00bb da_is_singular=\u00bboff\u00bb da_with_loader=\u00bboff\u00bb da_has_shadow=\u00bbon\u00bb][et_pb_row _builder_version=\u00bb4.20.4&#8243; _module_preset=\u00bbdefault\u00bb custom_padding=\u00bb0px||||false|false\u00bb global_colors_info=\u00bb{}\u00bb][et_pb_column type=\u00bb4_4&#8243; _builder_version=\u00bb4.16&#8243; _module_preset=\u00bbdefault\u00bb global_colors_info=\u00bb{}\u00bb][et_pb_text module_class=\u00bbsize-40 color-grey uppercase\u00bb _builder_version=\u00bb4.16&#8243; _module_preset=\u00bbdefault\u00bb text_font=\u00bbBebas Neue||||||||\u00bb text_font_size=\u00bb14px\u00bb header_2_font_size=\u00bb48px\u00bb header_2_line_height=\u00bb1.4em\u00bb custom_margin=\u00bb||1%||false|false\u00bb animation_style=\u00bbfade\u00bb header_2_font_size_tablet=\u00bb40px\u00bb header_2_font_size_phone=\u00bb40px\u00bb header_2_font_size_last_edited=\u00bbon|tablet\u00bb global_colors_info=\u00bb{}\u00bb]<\/p>\n<h2>Convocatorias, NORMATIVA Y DOCUMENTACI\u00d3N<\/h2>\n<p>[\/et_pb_text][et_pb_divider divider_weight=\u00bb3px\u00bb admin_label=\u00bbSeparador\u00bb _builder_version=\u00bb4.16&#8243; _module_preset=\u00bbdefault\u00bb width=\u00bb75px\u00bb module_alignment=\u00bbleft\u00bb custom_margin=\u00bb||||false|false\u00bb custom_padding=\u00bb||0px||false|false\u00bb global_colors_info=\u00bb{}\u00bb][\/et_pb_divider][\/et_pb_column][\/et_pb_row][et_pb_row column_structure=\u00bb1_2,1_2&#8243; use_custom_gutter=\u00bbon\u00bb gutter_width=\u00bb2&#8243; make_equal=\u00bbon\u00bb _builder_version=\u00bb4.23&#8243; _module_preset=\u00bbdefault\u00bb custom_padding=\u00bb0px||||false|false\u00bb global_colors_info=\u00bb{}\u00bb][et_pb_column type=\u00bb1_2&#8243; _builder_version=\u00bb4.16&#8243; _module_preset=\u00bbdefault\u00bb global_colors_info=\u00bb{}\u00bb][et_pb_blurb title=\u00bbCompromisos, manifiestos y comunicados\u00bb _builder_version=\u00bb4.27.4&#8243; _module_preset=\u00bbdefault\u00bb header_font_size=\u00bb22px\u00bb background_color=\u00bb#FFFFFF\u00bb min_height=\u00bb125px\u00bb custom_padding=\u00bb20px|20px|20px|20px|false|false\u00bb border_radii=\u00bbon|4px|4px|4px|4px\u00bb box_shadow_style=\u00bbpreset3&#8243; box_shadow_color=\u00bbrgba(0,0,0,0.1)\u00bb global_colors_info=\u00bb{}\u00bb]<a href=\"https:\/\/www.urjc2030.es\/ud\/wp-content\/uploads\/sites\/13\/2024\/12\/Comunicado-Rector.pdf\" target=\"_blank\" rel=\"noopener\"><span style=\"text-decoration: underline;\">Comunicado del Rector de la Universidad Rey Juan Carlos<\/span><\/a><\/p>\n<p><a href=\"https:\/\/www.urjc2030.es\/ud\/wp-content\/uploads\/sites\/13\/2025\/07\/MANIFIESTO-RUD-2025_es.pdf\" target=\"_blank\" rel=\"noopener\"><span style=\"text-decoration: underline;\">Manifiesto Orgullo Universitario de la RUD 2025<\/span><\/a><\/p>\n<p><a href=\"https:\/\/www.urjc2030.es\/ud\/wp-content\/uploads\/sites\/13\/2025\/07\/MANIFIESTO-RUD-2024-castellano.pdf\" target=\"_blank\" rel=\"noopener\"><span style=\"text-decoration: underline;\">Manifiesto Orgullo Universitario de la RUD 2024<\/span><\/a><\/p>\n<p><a href=\"https:\/\/www.urjc2030.es\/ud\/wp-content\/uploads\/sites\/13\/2025\/07\/Manifiesto-Orgullo-RUD-2023.pdf\" target=\"_blank\" rel=\"noopener\"><span style=\"text-decoration: underline;\">Manifiesto Orgullo Universitario de la RUD 2023<\/span><\/a><\/p>\n<p><a href=\"https:\/\/www.urjc2030.es\/ud\/wp-content\/uploads\/sites\/13\/2022\/11\/Manifiesto-orgullo-universitario-2022.pdf\" target=\"_blank\" rel=\"noopener\"><span style=\"text-decoration: underline;\">Manifiesto Orgullo Universitario de la RUD 2022<\/span><\/a>[\/et_pb_blurb][\/et_pb_column][et_pb_column type=\u00bb1_2&#8243; _builder_version=\u00bb4.16&#8243; _module_preset=\u00bbdefault\u00bb global_colors_info=\u00bb{}\u00bb][et_pb_blurb title=\u00bbReglamentos\u00bb _builder_version=\u00bb4.27.4&#8243; _module_preset=\u00bbdefault\u00bb header_font_size=\u00bb22px\u00bb background_color=\u00bb#FFFFFF\u00bb min_height=\u00bb125px\u00bb custom_padding=\u00bb20px|20px|20px|20px|false|false\u00bb border_radii=\u00bbon|4px|4px|4px|4px\u00bb box_shadow_style=\u00bbpreset3&#8243; box_shadow_color=\u00bbrgba(0,0,0,0.1)\u00bb global_colors_info=\u00bb{}\u00bb]<a href=\"https:\/\/www.urjc2030.es\/ud\/wp-content\/uploads\/sites\/13\/2022\/11\/REGLAMENTO.pdf\" target=\"_blank\" rel=\"noopener\"><span style=\"text-decoration: underline;\">Reglamento de la Unidad de Diversidad<\/span><\/a>[\/et_pb_blurb][\/et_pb_column][\/et_pb_row][et_pb_row column_structure=\u00bb1_2,1_2&#8243; use_custom_gutter=\u00bbon\u00bb gutter_width=\u00bb2&#8243; make_equal=\u00bbon\u00bb _builder_version=\u00bb4.23&#8243; _module_preset=\u00bbdefault\u00bb custom_padding=\u00bb0px||||false|false\u00bb global_colors_info=\u00bb{}\u00bb][et_pb_column type=\u00bb1_2&#8243; _builder_version=\u00bb4.16&#8243; _module_preset=\u00bbdefault\u00bb global_colors_info=\u00bb{}\u00bb][et_pb_blurb title=\u00bbInstrucciones para descargar certificados\u00bb _builder_version=\u00bb4.27.4&#8243; _module_preset=\u00bbdefault\u00bb header_font_size=\u00bb22px\u00bb background_color=\u00bb#FFFFFF\u00bb min_height=\u00bb125px\u00bb custom_padding=\u00bb20px|20px|20px|20px|false|false\u00bb border_radii=\u00bbon|4px|4px|4px|4px\u00bb box_shadow_style=\u00bbpreset3&#8243; box_shadow_color=\u00bbrgba(0,0,0,0.1)\u00bb global_colors_info=\u00bb{}\u00bb]<a href=\"https:\/\/www.urjc2030.es\/ud\/wp-content\/uploads\/sites\/13\/2023\/12\/INSTRUCCIONES-PARA-CERTIFICADOS-DE-ACTIVIDADES-O-EVENTOS.pdf\" target=\"_blank\" rel=\"noopener\"><span style=\"text-decoration: underline;\">Instrucciones para descargar certificados de actividades o eventos<\/span><\/a>[\/et_pb_blurb][\/et_pb_column][et_pb_column type=\u00bb1_2&#8243; _builder_version=\u00bb4.16&#8243; _module_preset=\u00bbdefault\u00bb global_colors_info=\u00bb{}\u00bb][et_pb_blurb title=\u00bbPremios\u00bb _builder_version=\u00bb4.27.4&#8243; _module_preset=\u00bbdefault\u00bb header_font_size=\u00bb22px\u00bb background_color=\u00bb#FFFFFF\u00bb min_height=\u00bb125px\u00bb custom_padding=\u00bb20px|20px|20px|20px|false|false\u00bb border_radii=\u00bbon|4px|4px|4px|4px\u00bb box_shadow_style=\u00bbpreset3&#8243; box_shadow_color=\u00bbrgba(0,0,0,0.1)\u00bb global_colors_info=\u00bb{}\u00bb]<\/p>\n<p><a href=\"https:\/\/www.urjc2030.es\/premios-gloria-fuertes\/\"><span style=\"text-decoration: underline;\">Premios Gloria Fuertes a TFGS, TFMS y Tesis Doctorales<\/span><\/a><\/p>\n<p>[\/et_pb_blurb][\/et_pb_column][\/et_pb_row][\/et_pb_section][et_pb_section fb_built=\u00bb1&#8243; admin_label=\u00bbVISIBILIDAD\u00bb module_id=\u00bbmooc-cursos\u00bb _builder_version=\u00bb4.23&#8243; _module_preset=\u00bbdefault\u00bb background_color=\u00bb#FFFFFF\u00bb custom_padding=\u00bb50px||50px||false|false\u00bb bottom_divider_flip=\u00bbhorizontal\u00bb da_popup_slug=\u00bbmooc-cursos\u00bb da_disable_devices=\u00bboff|off|off\u00bb global_colors_info=\u00bb{}\u00bb da_is_popup=\u00bboff\u00bb da_exit_intent=\u00bboff\u00bb da_has_close=\u00bbon\u00bb da_alt_close=\u00bboff\u00bb da_dark_close=\u00bboff\u00bb da_not_modal=\u00bbon\u00bb da_is_singular=\u00bboff\u00bb da_with_loader=\u00bboff\u00bb da_has_shadow=\u00bbon\u00bb][et_pb_row _builder_version=\u00bb4.19.0&#8243; _module_preset=\u00bbdefault\u00bb custom_margin=\u00bb||||false|false\u00bb custom_padding=\u00bb4px||||false|false\u00bb global_colors_info=\u00bb{}\u00bb][et_pb_column type=\u00bb4_4&#8243; _builder_version=\u00bb4.16&#8243; _module_preset=\u00bbdefault\u00bb global_colors_info=\u00bb{}\u00bb][et_pb_text module_class=\u00bbsize-40 color-grey uppercase\u00bb _builder_version=\u00bb4.27.4&#8243; _module_preset=\u00bbdefault\u00bb text_font=\u00bbBebas Neue||||||||\u00bb text_font_size=\u00bb14px\u00bb header_2_font_size=\u00bb48px\u00bb header_2_line_height=\u00bb1.4em\u00bb custom_margin=\u00bb||1%||false|false\u00bb animation_style=\u00bbfade\u00bb header_2_font_size_tablet=\u00bb40px\u00bb header_2_font_size_phone=\u00bb40px\u00bb header_2_font_size_last_edited=\u00bbon|tablet\u00bb global_colors_info=\u00bb{}\u00bb]<\/p>\n<h2>MOOC &#8211; Cursos y Campa\u00f1as<\/h2>\n<p>[\/et_pb_text][et_pb_divider divider_weight=\u00bb3px\u00bb admin_label=\u00bbSeparador\u00bb _builder_version=\u00bb4.16&#8243; _module_preset=\u00bbdefault\u00bb width=\u00bb75px\u00bb module_alignment=\u00bbleft\u00bb custom_margin=\u00bb||||false|false\u00bb custom_padding=\u00bb||0px||false|false\u00bb global_colors_info=\u00bb{}\u00bb][\/et_pb_divider][\/et_pb_column][\/et_pb_row][et_pb_row _builder_version=\u00bb4.19.0&#8243; _module_preset=\u00bbdefault\u00bb custom_padding=\u00bb0px||0px||false|false\u00bb global_colors_info=\u00bb{}\u00bb][et_pb_column type=\u00bb4_4&#8243; _builder_version=\u00bb4.16&#8243; _module_preset=\u00bbdefault\u00bb global_colors_info=\u00bb{}\u00bb][et_pb_blog fullwidth=\u00bboff\u00bb posts_number=\u00bb9&#8243; include_categories=\u00bb29&#8243; excerpt_length=\u00bb100&#8243; show_author=\u00bboff\u00bb show_date=\u00bboff\u00bb show_pagination=\u00bboff\u00bb masonry_tile_background_color=\u00bb#ffffff\u00bb _builder_version=\u00bb4.23&#8243; _module_preset=\u00bbdefault\u00bb header_level=\u00bbh3&#8243; header_text_color=\u00bb#222222&#8243; header_font_size=\u00bb22px\u00bb border_radii=\u00bbon|4px|4px|4px|4px\u00bb border_width_all=\u00bb0px\u00bb box_shadow_style=\u00bbpreset3&#8243; box_shadow_color=\u00bbrgba(0,0,0,0.1)\u00bb locked=\u00bboff\u00bb global_colors_info=\u00bb{}\u00bb][\/et_pb_blog][\/et_pb_column][\/et_pb_row][\/et_pb_section][et_pb_section fb_built=\u00bb1&#8243; admin_label=\u00bbVISIBILIDAD\u00bb module_id=\u00bbpublicaciones\u00bb _builder_version=\u00bb4.27.4&#8243; _module_preset=\u00bbdefault\u00bb background_color=\u00bb#f9f9f9&#8243; custom_padding=\u00bb50px||50px||false|false\u00bb bottom_divider_flip=\u00bbhorizontal\u00bb da_popup_slug=\u00bbpublicaciones\u00bb da_disable_devices=\u00bboff|off|off\u00bb locked=\u00bboff\u00bb global_colors_info=\u00bb{}\u00bb da_is_popup=\u00bboff\u00bb da_exit_intent=\u00bboff\u00bb da_has_close=\u00bbon\u00bb da_alt_close=\u00bboff\u00bb da_dark_close=\u00bboff\u00bb da_not_modal=\u00bbon\u00bb da_is_singular=\u00bboff\u00bb da_with_loader=\u00bboff\u00bb da_has_shadow=\u00bbon\u00bb][et_pb_row _builder_version=\u00bb4.19.0&#8243; _module_preset=\u00bbdefault\u00bb custom_margin=\u00bb||||false|false\u00bb custom_padding=\u00bb4px||||false|false\u00bb global_colors_info=\u00bb{}\u00bb][et_pb_column type=\u00bb4_4&#8243; _builder_version=\u00bb4.16&#8243; _module_preset=\u00bbdefault\u00bb global_colors_info=\u00bb{}\u00bb][et_pb_text module_class=\u00bbsize-40 color-grey uppercase\u00bb _builder_version=\u00bb4.27.4&#8243; _module_preset=\u00bbdefault\u00bb text_font=\u00bbBebas Neue||||||||\u00bb text_font_size=\u00bb14px\u00bb header_2_font_size=\u00bb48px\u00bb header_2_line_height=\u00bb1.4em\u00bb custom_margin=\u00bb||1%||false|false\u00bb animation_style=\u00bbfade\u00bb header_2_font_size_tablet=\u00bb40px\u00bb header_2_font_size_phone=\u00bb40px\u00bb header_2_font_size_last_edited=\u00bbon|tablet\u00bb global_colors_info=\u00bb{}\u00bb]<\/p>\n<h2>Publicaciones<\/h2>\n<p>[\/et_pb_text][et_pb_divider divider_weight=\u00bb3px\u00bb admin_label=\u00bbSeparador\u00bb _builder_version=\u00bb4.16&#8243; _module_preset=\u00bbdefault\u00bb width=\u00bb75px\u00bb module_alignment=\u00bbleft\u00bb custom_margin=\u00bb||||false|false\u00bb custom_padding=\u00bb||0px||false|false\u00bb global_colors_info=\u00bb{}\u00bb][\/et_pb_divider][\/et_pb_column][\/et_pb_row][et_pb_row _builder_version=\u00bb4.19.0&#8243; _module_preset=\u00bbdefault\u00bb custom_padding=\u00bb0px||0px||false|false\u00bb global_colors_info=\u00bb{}\u00bb][et_pb_column type=\u00bb4_4&#8243; _builder_version=\u00bb4.16&#8243; _module_preset=\u00bbdefault\u00bb global_colors_info=\u00bb{}\u00bb][et_pb_portfolio fullwidth=\u00bboff\u00bb posts_number=\u00bb8&#8243; include_categories=\u00bb39&#8243; show_pagination=\u00bboff\u00bb hover_icon=\u00bb&#xe050;||divi||400&#8243; _builder_version=\u00bb4.27.4&#8243; _module_preset=\u00bbdefault\u00bb title_level=\u00bbh4&#8243; title_text_align=\u00bbleft\u00bb title_text_color=\u00bb#222222&#8243; title_font_size=\u00bb22px\u00bb title_line_height=\u00bb1em\u00bb custom_margin=\u00bb||0px||false|false\u00bb custom_padding=\u00bb||0px||false|false\u00bb animation_style=\u00bbfade\u00bb border_radii=\u00bbon|4px|4px|4px|4px\u00bb border_radii_image=\u00bbon|4px|4px|4px|4px\u00bb box_shadow_style_image=\u00bbpreset3&#8243; locked=\u00bboff\u00bb global_colors_info=\u00bb{}\u00bb][\/et_pb_portfolio][\/et_pb_column][\/et_pb_row][\/et_pb_section][et_pb_section fb_built=\u00bb1&#8243; admin_label=\u00bbVISIBILIDAD\u00bb module_id=\u00bbactividades\u00bb _builder_version=\u00bb4.27.4&#8243; _module_preset=\u00bbdefault\u00bb background_color=\u00bb#FFFFFF\u00bb custom_padding=\u00bb50px||50px||false|false\u00bb bottom_divider_flip=\u00bbhorizontal\u00bb da_popup_slug=\u00bbactividades\u00bb da_disable_devices=\u00bboff|off|off\u00bb global_colors_info=\u00bb{}\u00bb da_is_popup=\u00bboff\u00bb da_exit_intent=\u00bboff\u00bb da_has_close=\u00bbon\u00bb da_alt_close=\u00bboff\u00bb da_dark_close=\u00bboff\u00bb da_not_modal=\u00bbon\u00bb da_is_singular=\u00bboff\u00bb da_with_loader=\u00bboff\u00bb da_has_shadow=\u00bbon\u00bb][et_pb_row _builder_version=\u00bb4.19.0&#8243; _module_preset=\u00bbdefault\u00bb custom_margin=\u00bb||||false|false\u00bb custom_padding=\u00bb||||false|false\u00bb global_colors_info=\u00bb{}\u00bb][et_pb_column type=\u00bb4_4&#8243; _builder_version=\u00bb4.16&#8243; _module_preset=\u00bbdefault\u00bb global_colors_info=\u00bb{}\u00bb][et_pb_text module_class=\u00bbsize-40 color-grey uppercase\u00bb _builder_version=\u00bb4.23&#8243; _module_preset=\u00bbdefault\u00bb text_font=\u00bbBebas Neue||||||||\u00bb text_font_size=\u00bb14px\u00bb header_2_font_size=\u00bb48px\u00bb header_2_line_height=\u00bb1.4em\u00bb custom_margin=\u00bb||1%||false|false\u00bb animation_style=\u00bbfade\u00bb header_2_font_size_tablet=\u00bb40px\u00bb header_2_font_size_phone=\u00bb40px\u00bb header_2_font_size_last_edited=\u00bbon|tablet\u00bb global_colors_info=\u00bb{}\u00bb]<\/p>\n<h2>HIST\u00d3RICO de ACTIVIDADES<\/h2>\n<p>[\/et_pb_text][et_pb_divider divider_weight=\u00bb3px\u00bb admin_label=\u00bbSeparador\u00bb _builder_version=\u00bb4.16&#8243; _module_preset=\u00bbdefault\u00bb width=\u00bb75px\u00bb module_alignment=\u00bbleft\u00bb custom_margin=\u00bb||||false|false\u00bb custom_padding=\u00bb||0px||false|false\u00bb global_colors_info=\u00bb{}\u00bb][\/et_pb_divider][\/et_pb_column][\/et_pb_row][et_pb_row _builder_version=\u00bb4.19.0&#8243; _module_preset=\u00bbdefault\u00bb custom_padding=\u00bb0px||0px||false|false\u00bb global_colors_info=\u00bb{}\u00bb][et_pb_column type=\u00bb4_4&#8243; _builder_version=\u00bb4.16&#8243; _module_preset=\u00bbdefault\u00bb global_colors_info=\u00bb{}\u00bb][et_pb_blog fullwidth=\u00bboff\u00bb posts_number=\u00bb9&#8243; include_categories=\u00bb2&#8243; excerpt_length=\u00bb100&#8243; show_author=\u00bboff\u00bb show_date=\u00bboff\u00bb show_pagination=\u00bboff\u00bb masonry_tile_background_color=\u00bb#ffffff\u00bb _builder_version=\u00bb4.23&#8243; _module_preset=\u00bbdefault\u00bb header_level=\u00bbh3&#8243; header_text_color=\u00bb#222222&#8243; header_font_size=\u00bb22px\u00bb border_radii=\u00bbon|4px|4px|4px|4px\u00bb border_width_all=\u00bb0px\u00bb box_shadow_style=\u00bbpreset3&#8243; box_shadow_color=\u00bbrgba(0,0,0,0.1)\u00bb locked=\u00bboff\u00bb global_colors_info=\u00bb{}\u00bb][\/et_pb_blog][\/et_pb_column][\/et_pb_row][\/et_pb_section][et_pb_section fb_built=\u00bb1&#8243; admin_label=\u00bbEQUIPO Y CONTACTO\u00bb module_id=\u00bbcontacto\u00bb _builder_version=\u00bb4.27.4&#8243; _module_preset=\u00bbdefault\u00bb background_color=\u00bb#f9f9f9&#8243; custom_padding=\u00bb50px||50px||false|false\u00bb da_popup_slug=\u00bbcontacto\u00bb da_disable_devices=\u00bboff|off|off\u00bb global_colors_info=\u00bb{}\u00bb da_is_popup=\u00bboff\u00bb da_exit_intent=\u00bboff\u00bb da_has_close=\u00bbon\u00bb da_alt_close=\u00bboff\u00bb da_dark_close=\u00bboff\u00bb da_not_modal=\u00bbon\u00bb da_is_singular=\u00bboff\u00bb da_with_loader=\u00bboff\u00bb da_has_shadow=\u00bbon\u00bb][et_pb_row _builder_version=\u00bb4.19.0&#8243; _module_preset=\u00bbdefault\u00bb custom_margin=\u00bb||||false|false\u00bb custom_padding=\u00bb||15px||false|false\u00bb global_colors_info=\u00bb{}\u00bb][et_pb_column type=\u00bb4_4&#8243; _builder_version=\u00bb4.16&#8243; _module_preset=\u00bbdefault\u00bb global_colors_info=\u00bb{}\u00bb][et_pb_text module_class=\u00bbsize-40 color-grey uppercase\u00bb _builder_version=\u00bb4.27.3&#8243; _module_preset=\u00bbdefault\u00bb text_font=\u00bbBebas Neue||||||||\u00bb text_font_size=\u00bb14px\u00bb header_2_font_size=\u00bb48px\u00bb header_2_line_height=\u00bb1.4em\u00bb custom_margin=\u00bb||1%||false|false\u00bb animation_style=\u00bbfade\u00bb header_2_font_size_tablet=\u00bb40px\u00bb header_2_font_size_phone=\u00bb40px\u00bb header_2_font_size_last_edited=\u00bbon|tablet\u00bb global_colors_info=\u00bb{}\u00bb]<\/p>\n<h2>Equipo y contacto<\/h2>\n<p>[\/et_pb_text][et_pb_divider divider_weight=\u00bb3px\u00bb admin_label=\u00bbSeparador\u00bb _builder_version=\u00bb4.16&#8243; _module_preset=\u00bbdefault\u00bb width=\u00bb75px\u00bb module_alignment=\u00bbleft\u00bb custom_margin=\u00bb||||false|false\u00bb custom_padding=\u00bb||0px||false|false\u00bb global_colors_info=\u00bb{}\u00bb][\/et_pb_divider][\/et_pb_column][\/et_pb_row][et_pb_row _builder_version=\u00bb4.19.0&#8243; _module_preset=\u00bbdefault\u00bb custom_padding=\u00bb0px||0px||false|false\u00bb global_colors_info=\u00bb{}\u00bb][et_pb_column type=\u00bb4_4&#8243; _builder_version=\u00bb4.16&#8243; _module_preset=\u00bbdefault\u00bb global_colors_info=\u00bb{}\u00bb][et_pb_text _builder_version=\u00bb4.19.0&#8243; _module_preset=\u00bbdefault\u00bb text_font=\u00bb||||||||\u00bb text_orientation=\u00bbjustified\u00bb custom_margin=\u00bb||25px||false|false\u00bb locked=\u00bboff\u00bb global_colors_info=\u00bb{}\u00bb]<\/p>\n<p>Puedes contactar a trav\u00e9s de:<\/p>\n<p>[\/et_pb_text][\/et_pb_column][\/et_pb_row][et_pb_row _builder_version=\u00bb4.16&#8243; _module_preset=\u00bbdefault\u00bb custom_padding=\u00bb0px||||false|false\u00bb global_colors_info=\u00bb{}\u00bb][et_pb_column type=\u00bb4_4&#8243; _builder_version=\u00bb4.16&#8243; _module_preset=\u00bbdefault\u00bb global_colors_info=\u00bb{}\u00bb][et_pb_text admin_label=\u00bbTexto\u00bb _builder_version=\u00bb4.19.0&#8243; _module_preset=\u00bbdefault\u00bb text_font=\u00bb||||||||\u00bb text_line_height=\u00bb1.4em\u00bb custom_margin=\u00bb||0px||false|false\u00bb custom_padding=\u00bb15px|15px|15px|15px|false|false\u00bb border_width_bottom=\u00bb1px\u00bb border_color_bottom=\u00bb#eee\u00bb global_colors_info=\u00bb{}\u00bb]<\/p>\n<p><strong>Email:<\/strong> <a href=\"mailto:unidad.diversidad@urjc.es\">unidad.diversidad@urjc.es<\/a><\/p>\n<p>[\/et_pb_text][et_pb_text admin_label=\u00bbTexto\u00bb _builder_version=\u00bb4.19.0&#8243; _module_preset=\u00bbdefault\u00bb text_font=\u00bb||||||||\u00bb text_line_height=\u00bb1.4em\u00bb custom_margin=\u00bb||0px||false|false\u00bb custom_padding=\u00bb15px|15px|15px|15px|false|false\u00bb border_width_bottom=\u00bb1px\u00bb border_color_bottom=\u00bb#eee\u00bb global_colors_info=\u00bb{}\u00bb]<\/p>\n<p><strong>Tel\u00e9fonos: <\/strong>914887678, 914888569<\/p>\n<p>[\/et_pb_text][et_pb_text admin_label=\u00bbTexto\u00bb _builder_version=\u00bb4.19.0&#8243; _module_preset=\u00bbdefault\u00bb text_font=\u00bb||||||||\u00bb text_line_height=\u00bb1.4em\u00bb custom_margin=\u00bb||0px||false|false\u00bb custom_padding=\u00bb15px|15px|15px|15px|false|false\u00bb border_width_bottom=\u00bb1px\u00bb border_color_bottom=\u00bb#eee\u00bb global_colors_info=\u00bb{}\u00bb]<\/p>\n<p><strong>Twitter:<\/strong> @U_diversidad<\/p>\n<p>[\/et_pb_text][\/et_pb_column][\/et_pb_row][et_pb_row _builder_version=\u00bb4.19.0&#8243; _module_preset=\u00bbdefault\u00bb custom_padding=\u00bb0px||0px||false|false\u00bb global_colors_info=\u00bb{}\u00bb][et_pb_column type=\u00bb4_4&#8243; _builder_version=\u00bb4.19.0&#8243; _module_preset=\u00bbdefault\u00bb global_colors_info=\u00bb{}\u00bb][et_pb_text _builder_version=\u00bb4.27.4&#8243; _module_preset=\u00bbdefault\u00bb text_font=\u00bb||||||||\u00bb header_3_text_align=\u00bbleft\u00bb header_4_font=\u00bb||||||||\u00bb header_4_font_size=\u00bb22px\u00bb text_orientation=\u00bbjustified\u00bb custom_margin=\u00bb||0px||false|false\u00bb locked=\u00bboff\u00bb global_colors_info=\u00bb{}\u00bb]<\/p>\n<h3>Director de la Unidad<\/h3>\n<p>[\/et_pb_text][et_pb_text admin_label=\u00bbTexto\u00bb _builder_version=\u00bb4.27.4&#8243; _module_preset=\u00bbdefault\u00bb text_font=\u00bb||||||||\u00bb text_line_height=\u00bb1.4em\u00bb custom_margin=\u00bb||25px||false|false\u00bb custom_padding=\u00bb15px|15px|15px|15px|false|false\u00bb border_width_bottom=\u00bb1px\u00bb border_color_bottom=\u00bb#eee\u00bb locked=\u00bboff\u00bb global_colors_info=\u00bb{}\u00bb]<\/p>\n<p><span>Prof. D. Miguel \u00c1ngel L\u00f3pez S\u00e1ez<\/span><\/p>\n<p>[\/et_pb_text][et_pb_text _builder_version=\u00bb4.27.4&#8243; _module_preset=\u00bbdefault\u00bb text_font=\u00bb||||||||\u00bb header_3_text_align=\u00bbleft\u00bb header_4_font=\u00bb||||||||\u00bb header_4_font_size=\u00bb22px\u00bb text_orientation=\u00bbjustified\u00bb custom_margin=\u00bb||0px||false|false\u00bb locked=\u00bboff\u00bb global_colors_info=\u00bb{}\u00bb]<\/p>\n<h3>jefa de secci\u00f3n<\/h3>\n<p>[\/et_pb_text][et_pb_text admin_label=\u00bbTexto\u00bb _builder_version=\u00bb4.27.4&#8243; _module_preset=\u00bbdefault\u00bb text_font=\u00bb||||||||\u00bb text_line_height=\u00bb1.4em\u00bb custom_margin=\u00bb||25px||false|false\u00bb custom_padding=\u00bb15px|15px|15px|15px|false|false\u00bb border_width_bottom=\u00bb1px\u00bb border_color_bottom=\u00bb#eee\u00bb locked=\u00bboff\u00bb global_colors_info=\u00bb{}\u00bb]<\/p>\n<p><span>D\u00aa.<\/span><b> <\/b><span>Ana Isabel Gomez-Escalonilla Mart\u00edn<\/span><\/p>\n<p>[\/et_pb_text][et_pb_text _builder_version=\u00bb4.19.0&#8243; _module_preset=\u00bbdefault\u00bb text_font=\u00bb||||||||\u00bb header_3_text_align=\u00bbleft\u00bb header_4_font=\u00bb||||||||\u00bb header_4_font_size=\u00bb22px\u00bb text_orientation=\u00bbjustified\u00bb custom_margin=\u00bb||0px||false|false\u00bb locked=\u00bboff\u00bb global_colors_info=\u00bb{}\u00bb]<\/p>\n<h3>REPRESENTANTES PERSONAL DOCENTE E INVESTIGADOR<\/h3>\n<p>[\/et_pb_text][\/et_pb_column][\/et_pb_row][et_pb_row column_structure=\u00bb1_2,1_2&#8243; _builder_version=\u00bb4.16&#8243; _module_preset=\u00bbdefault\u00bb custom_padding=\u00bb0px||||false|false\u00bb global_colors_info=\u00bb{}\u00bb][et_pb_column type=\u00bb1_2&#8243; _builder_version=\u00bb4.16&#8243; _module_preset=\u00bbdefault\u00bb global_colors_info=\u00bb{}\u00bb][et_pb_text admin_label=\u00bbTexto\u00bb _builder_version=\u00bb4.19.0&#8243; _module_preset=\u00bbdefault\u00bb text_font=\u00bb||||||||\u00bb text_line_height=\u00bb1.4em\u00bb custom_margin=\u00bb||0px||false|false\u00bb custom_padding=\u00bb15px|15px|15px|15px|false|false\u00bb border_width_bottom=\u00bb1px\u00bb border_color_bottom=\u00bb#eee\u00bb global_colors_info=\u00bb{}\u00bb]<\/p>\n<p>Lucas Platero M\u00e9ndez (V)<\/p>\n<p>[\/et_pb_text][et_pb_text admin_label=\u00bbTexto\u00bb _builder_version=\u00bb4.19.0&#8243; _module_preset=\u00bbdefault\u00bb text_font=\u00bb||||||||\u00bb text_line_height=\u00bb1.4em\u00bb custom_margin=\u00bb||0px||false|false\u00bb custom_padding=\u00bb15px|15px|15px|15px|false|false\u00bb border_width_bottom=\u00bb1px\u00bb border_color_bottom=\u00bb#eee\u00bb global_colors_info=\u00bb{}\u00bb]<\/p>\n<p>Antonio Alfredo Caballero (V)<\/p>\n<p>[\/et_pb_text][et_pb_text admin_label=\u00bbTexto\u00bb _builder_version=\u00bb4.27.3&#8243; _module_preset=\u00bbdefault\u00bb text_font=\u00bb||||||||\u00bb text_line_height=\u00bb1.4em\u00bb custom_margin=\u00bb||0px||false|false\u00bb custom_padding=\u00bb15px|15px|15px|15px|false|false\u00bb border_width_bottom=\u00bb1px\u00bb border_color_bottom=\u00bb#eee\u00bb global_colors_info=\u00bb{}\u00bb]<\/p>\n<p>Florencia Claes (V)<\/p>\n<p>[\/et_pb_text][et_pb_text admin_label=\u00bbTexto\u00bb _builder_version=\u00bb4.27.3&#8243; _module_preset=\u00bbdefault\u00bb text_font=\u00bb||||||||\u00bb text_line_height=\u00bb1.4em\u00bb custom_margin=\u00bb||0px||false|false\u00bb custom_padding=\u00bb15px|15px|15px|15px|false|false\u00bb border_width_bottom=\u00bb1px\u00bb border_color_bottom=\u00bb#eee\u00bb global_colors_info=\u00bb{}\u00bb]<\/p>\n<p>Cristina Fern\u00e1ndez Laso (V)<\/p>\n<p>[\/et_pb_text][\/et_pb_column][et_pb_column type=\u00bb1_2&#8243; disabled_on=\u00bbon|on|off\u00bb _builder_version=\u00bb4.16&#8243; _module_preset=\u00bbdefault\u00bb global_colors_info=\u00bb{}\u00bb][et_pb_text admin_label=\u00bbTexto\u00bb _builder_version=\u00bb4.27.3&#8243; _module_preset=\u00bbdefault\u00bb text_font=\u00bb||||||||\u00bb text_line_height=\u00bb1.4em\u00bb custom_margin=\u00bb||0px||false|false\u00bb custom_padding=\u00bb15px|15px|15px|15px|false|false\u00bb border_width_bottom=\u00bb1px\u00bb border_color_bottom=\u00bb#eee\u00bb global_colors_info=\u00bb{}\u00bb]<\/p>\n<p>Mereces Ruiz Garijo (S)<\/p>\n<p>[\/et_pb_text][et_pb_text admin_label=\u00bbTexto\u00bb _builder_version=\u00bb4.19.0&#8243; _module_preset=\u00bbdefault\u00bb text_font=\u00bb||||||||\u00bb text_line_height=\u00bb1.4em\u00bb custom_margin=\u00bb||0px||false|false\u00bb custom_padding=\u00bb15px|15px|15px|15px|false|false\u00bb border_width_bottom=\u00bb1px\u00bb border_color_bottom=\u00bb#eee\u00bb global_colors_info=\u00bb{}\u00bb]<\/p>\n<p><span>Sara de Rivas Hermosilla (S)<\/span><\/p>\n<p>[\/et_pb_text][et_pb_text admin_label=\u00bbTexto\u00bb _builder_version=\u00bb4.19.0&#8243; _module_preset=\u00bbdefault\u00bb text_font=\u00bb||||||||\u00bb text_line_height=\u00bb1.4em\u00bb custom_margin=\u00bb||0px||false|false\u00bb custom_padding=\u00bb15px|15px|15px|15px|false|false\u00bb border_width_bottom=\u00bb1px\u00bb border_color_bottom=\u00bb#eee\u00bb global_colors_info=\u00bb{}\u00bb]Oriol Borr\u00e1s Gen\u00e9 (S)[\/et_pb_text][et_pb_text admin_label=\u00bbTexto\u00bb _builder_version=\u00bb4.27.3&#8243; _module_preset=\u00bbdefault\u00bb text_font=\u00bb||||||||\u00bb text_line_height=\u00bb1.4em\u00bb custom_margin=\u00bb||0px||false|false\u00bb custom_padding=\u00bb15px|15px|15px|15px|false|false\u00bb border_width_bottom=\u00bb1px\u00bb border_color_bottom=\u00bb#eee\u00bb global_colors_info=\u00bb{}\u00bb]<\/p>\n<p>Laura Arroyo Mart\u00ednez (S)<\/p>\n<p>[\/et_pb_text][\/et_pb_column][\/et_pb_row][et_pb_row _builder_version=\u00bb4.19.0&#8243; _module_preset=\u00bbdefault\u00bb custom_padding=\u00bb0px||0px||false|false\u00bb global_colors_info=\u00bb{}\u00bb][et_pb_column type=\u00bb4_4&#8243; _builder_version=\u00bb4.19.0&#8243; _module_preset=\u00bbdefault\u00bb global_colors_info=\u00bb{}\u00bb][et_pb_text _builder_version=\u00bb4.19.0&#8243; _module_preset=\u00bbdefault\u00bb text_font=\u00bb||||||||\u00bb header_3_text_align=\u00bbleft\u00bb header_4_font=\u00bb||||||||\u00bb header_4_font_size=\u00bb22px\u00bb text_orientation=\u00bbjustified\u00bb custom_margin=\u00bb||0px||false|false\u00bb locked=\u00bboff\u00bb global_colors_info=\u00bb{}\u00bb]<\/p>\n<h3>REPRESENTANTES PERSONAL DE ADMINISTRACI\u00d3N Y SERVICIOS<\/h3>\n<p>[\/et_pb_text][\/et_pb_column][\/et_pb_row][et_pb_row column_structure=\u00bb1_2,1_2&#8243; _builder_version=\u00bb4.16&#8243; _module_preset=\u00bbdefault\u00bb custom_padding=\u00bb0px||||false|false\u00bb locked=\u00bboff\u00bb global_colors_info=\u00bb{}\u00bb][et_pb_column type=\u00bb1_2&#8243; _builder_version=\u00bb4.16&#8243; _module_preset=\u00bbdefault\u00bb global_colors_info=\u00bb{}\u00bb][et_pb_text admin_label=\u00bbTexto\u00bb _builder_version=\u00bb4.27.3&#8243; _module_preset=\u00bbdefault\u00bb text_font=\u00bb||||||||\u00bb text_line_height=\u00bb1.4em\u00bb custom_margin=\u00bb||0px||false|false\u00bb custom_padding=\u00bb15px|15px|15px|15px|false|false\u00bb border_width_bottom=\u00bb1px\u00bb border_color_bottom=\u00bb#eee\u00bb global_colors_info=\u00bb{}\u00bb]<\/p>\n<p><span>Ana G\u00f3mez-Escalonilla (V)<\/span><\/p>\n<p>[\/et_pb_text][et_pb_text admin_label=\u00bbTexto\u00bb _builder_version=\u00bb4.27.3&#8243; _module_preset=\u00bbdefault\u00bb text_font=\u00bb||||||||\u00bb text_line_height=\u00bb1.4em\u00bb custom_margin=\u00bb||0px||false|false\u00bb custom_padding=\u00bb15px|15px|15px|15px|false|false\u00bb border_width_bottom=\u00bb1px\u00bb border_color_bottom=\u00bb#eee\u00bb global_colors_info=\u00bb{}\u00bb]<\/p>\n<p><span>Cristina Rinc\u00f3n Moreno (V)<\/span><\/p>\n<p>[\/et_pb_text][\/et_pb_column][et_pb_column type=\u00bb1_2&#8243; disabled_on=\u00bbon|on|off\u00bb _builder_version=\u00bb4.16&#8243; _module_preset=\u00bbdefault\u00bb global_colors_info=\u00bb{}\u00bb][et_pb_text admin_label=\u00bbTexto\u00bb _builder_version=\u00bb4.27.3&#8243; _module_preset=\u00bbdefault\u00bb text_font=\u00bb||||||||\u00bb text_line_height=\u00bb1.4em\u00bb custom_margin=\u00bb||0px||false|false\u00bb custom_padding=\u00bb15px|15px|15px|15px|false|false\u00bb border_width_bottom=\u00bb1px\u00bb border_color_bottom=\u00bb#eee\u00bb global_colors_info=\u00bb{}\u00bb]<\/p>\n<p><span>Rosa Rodr\u00edguez Saavedra (S)<\/span><\/p>\n<p>[\/et_pb_text][et_pb_text admin_label=\u00bbTexto\u00bb _builder_version=\u00bb4.19.0&#8243; _module_preset=\u00bbdefault\u00bb text_font=\u00bb||||||||\u00bb text_line_height=\u00bb1.4em\u00bb custom_margin=\u00bb||0px||false|false\u00bb custom_padding=\u00bb15px|15px|15px|15px|false|false\u00bb border_width_bottom=\u00bb1px\u00bb border_color_bottom=\u00bb#eee\u00bb global_colors_info=\u00bb{}\u00bb]<\/p>\n<p><span>Ainhoa Romero Hern\u00e1ndez (S)<\/span><\/p>\n<p>[\/et_pb_text][\/et_pb_column][\/et_pb_row][et_pb_row _builder_version=\u00bb4.19.0&#8243; _module_preset=\u00bbdefault\u00bb custom_padding=\u00bb0px||0px||false|false\u00bb locked=\u00bboff\u00bb global_colors_info=\u00bb{}\u00bb][et_pb_column type=\u00bb4_4&#8243; _builder_version=\u00bb4.19.0&#8243; _module_preset=\u00bbdefault\u00bb global_colors_info=\u00bb{}\u00bb][et_pb_text _builder_version=\u00bb4.19.0&#8243; _module_preset=\u00bbdefault\u00bb text_font=\u00bb||||||||\u00bb header_3_text_align=\u00bbleft\u00bb header_4_font=\u00bb||||||||\u00bb header_4_font_size=\u00bb22px\u00bb text_orientation=\u00bbjustified\u00bb custom_margin=\u00bb||0px||false|false\u00bb locked=\u00bboff\u00bb global_colors_info=\u00bb{}\u00bb]<\/p>\n<h3>REPRESENTANTES ESTUDIANTES<\/h3>\n<p>[\/et_pb_text][\/et_pb_column][\/et_pb_row][et_pb_row column_structure=\u00bb1_2,1_2&#8243; _builder_version=\u00bb4.16&#8243; _module_preset=\u00bbdefault\u00bb custom_padding=\u00bb0px||||false|false\u00bb locked=\u00bboff\u00bb global_colors_info=\u00bb{}\u00bb][et_pb_column type=\u00bb1_2&#8243; _builder_version=\u00bb4.16&#8243; _module_preset=\u00bbdefault\u00bb global_colors_info=\u00bb{}\u00bb][et_pb_text admin_label=\u00bbTexto\u00bb _builder_version=\u00bb4.27.3&#8243; _module_preset=\u00bbdefault\u00bb text_font=\u00bb||||||||\u00bb text_line_height=\u00bb1.4em\u00bb custom_margin=\u00bb||0px||false|false\u00bb custom_padding=\u00bb15px|15px|15px|15px|false|false\u00bb border_width_bottom=\u00bb1px\u00bb border_color_bottom=\u00bb#eee\u00bb global_colors_info=\u00bb{}\u00bb]<\/p>\n<p>Carlos Alonso Menchero (V)<\/p>\n<p>[\/et_pb_text][\/et_pb_column][et_pb_column type=\u00bb1_2&#8243; disabled_on=\u00bbon|on|off\u00bb _builder_version=\u00bb4.16&#8243; _module_preset=\u00bbdefault\u00bb global_colors_info=\u00bb{}\u00bb][et_pb_text admin_label=\u00bbTexto\u00bb _builder_version=\u00bb4.27.3&#8243; _module_preset=\u00bbdefault\u00bb text_font=\u00bb||||||||\u00bb text_line_height=\u00bb1.4em\u00bb custom_margin=\u00bb||0px||false|false\u00bb custom_padding=\u00bb15px|15px|15px|15px|false|false\u00bb border_width_bottom=\u00bb1px\u00bb border_color_bottom=\u00bb#eee\u00bb global_colors_info=\u00bb{}\u00bb]<\/p>\n<p>Daisy Yanina Lara Galv\u00e1n (S)<\/p>\n<p>[\/et_pb_text][\/et_pb_column][\/et_pb_row][et_pb_row _builder_version=\u00bb4.19.0&#8243; _module_preset=\u00bbdefault\u00bb custom_padding=\u00bb0px||0px||false|false\u00bb locked=\u00bboff\u00bb global_colors_info=\u00bb{}\u00bb][et_pb_column type=\u00bb4_4&#8243; _builder_version=\u00bb4.19.0&#8243; _module_preset=\u00bbdefault\u00bb global_colors_info=\u00bb{}\u00bb][et_pb_text _builder_version=\u00bb4.19.0&#8243; _module_preset=\u00bbdefault\u00bb text_font=\u00bb||||||||\u00bb header_3_text_align=\u00bbleft\u00bb header_4_font=\u00bb||||||||\u00bb header_4_font_size=\u00bb22px\u00bb text_orientation=\u00bbjustified\u00bb custom_margin=\u00bb||0px||false|false\u00bb locked=\u00bboff\u00bb global_colors_info=\u00bb{}\u00bb]<\/p>\n<h3>Becarios<\/h3>\n<p>[\/et_pb_text][\/et_pb_column][\/et_pb_row][et_pb_row column_structure=\u00bb1_2,1_2&#8243; _builder_version=\u00bb4.16&#8243; _module_preset=\u00bbdefault\u00bb custom_padding=\u00bb0px||||false|false\u00bb locked=\u00bboff\u00bb global_colors_info=\u00bb{}\u00bb][et_pb_column type=\u00bb1_2&#8243; _builder_version=\u00bb4.16&#8243; _module_preset=\u00bbdefault\u00bb global_colors_info=\u00bb{}\u00bb][et_pb_text admin_label=\u00bbTexto\u00bb _builder_version=\u00bb4.27.3&#8243; _module_preset=\u00bbdefault\u00bb text_font=\u00bb||||||||\u00bb text_line_height=\u00bb1.4em\u00bb custom_margin=\u00bb||0px||false|false\u00bb custom_padding=\u00bb15px|15px|15px|15px|false|false\u00bb border_width_bottom=\u00bb1px\u00bb border_color_bottom=\u00bb#eee\u00bb global_colors_info=\u00bb{}\u00bb]<\/p>\n<p><span>Florencia G. L\u00f3pez Mora<\/span><\/p>\n<p>[\/et_pb_text][\/et_pb_column][et_pb_column type=\u00bb1_2&#8243; disabled_on=\u00bbon|on|off\u00bb _builder_version=\u00bb4.16&#8243; _module_preset=\u00bbdefault\u00bb global_colors_info=\u00bb{}\u00bb][et_pb_text admin_label=\u00bbTexto\u00bb _builder_version=\u00bb4.27.6&#8243; _module_preset=\u00bbdefault\u00bb text_font=\u00bb||||||||\u00bb text_line_height=\u00bb1.4em\u00bb custom_margin=\u00bb||0px||false|false\u00bb custom_padding=\u00bb15px|15px|15px|15px|false|false\u00bb hover_enabled=\u00bb0&#8243; border_width_bottom=\u00bb1px\u00bb border_color_bottom=\u00bb#eee\u00bb global_colors_info=\u00bb{}\u00bb sticky_enabled=\u00bb0&#8243;]<\/p>\n<p><span>Ana Molero Pardo<\/span><\/p>\n<p>[\/et_pb_text][\/et_pb_column][\/et_pb_row][\/et_pb_section]<\/p>\n","protected":false},"excerpt":{"rendered":"<p>Unidad de DiversidadLa UnidadLa Unidad de Diversidad de la URJC tiene como objetivo trabajar de manera interseccional con toda la comunidad universitaria; todo lo que respecta a la diversidad LGBTIAQ+ (personas lesbianas, gais, bisexuales, trans, intersex, asexuales y otras realidades sexogen\u00e9ricas), \u00e9tnico-cultural y afines. Para ello, desarrollamos varias l\u00edneas de actuaci\u00f3n: atenci\u00f3n, acompa\u00f1amiento y redes; [&hellip;]<\/p>\n","protected":false},"author":1,"featured_media":8,"parent":0,"menu_order":0,"comment_status":"closed","ping_status":"closed","template":"","meta":{"_et_pb_use_builder":"on","_et_pb_old_content":"","_et_gb_content_width":"","cybocfi_hide_featured_image":"","footnotes":""},"class_list":["post-6","page","type-page","status-publish","has-post-thumbnail","hentry"],"yoast_head":"<!-- This site is optimized with the Yoast SEO plugin v27.5 - https:\/\/yoast.com\/product\/yoast-seo-wordpress\/ -->\n<title>Unidad de Diversidad - URJC 2030 | Plan Estrat\u00e9gico 2030<\/title>\n<meta name=\"description\" content=\"La Unidad funciona en dependencia administrativa del Vicerrectorado de Planificaci\u00f3n y Estrategia y coordinada por la Direcci\u00f3n Acad\u00e9mica...\" \/>\n<meta name=\"robots\" content=\"index, follow, max-snippet:-1, max-image-preview:large, max-video-preview:-1\" \/>\n<link rel=\"canonical\" href=\"https:\/\/www.urjc2030.es\/ud\/\" \/>\n<meta property=\"og:locale\" content=\"es_ES\" \/>\n<meta property=\"og:type\" content=\"article\" \/>\n<meta property=\"og:title\" content=\"Unidad de Diversidad - URJC 2030 | Plan Estrat\u00e9gico 2030\" \/>\n<meta property=\"og:description\" content=\"La Unidad funciona en dependencia administrativa del Vicerrectorado de Planificaci\u00f3n y Estrategia y coordinada por la Direcci\u00f3n Acad\u00e9mica...\" \/>\n<meta property=\"og:url\" content=\"https:\/\/www.urjc2030.es\/ud\/\" \/>\n<meta property=\"og:site_name\" content=\"Unidad de Diversidad\" \/>\n<meta property=\"article:modified_time\" content=\"2026-02-27T08:24:35+00:00\" \/>\n<meta property=\"og:image\" content=\"https:\/\/www.urjc2030.es\/ud\/wp-content\/uploads\/sites\/13\/2022\/11\/img-post.jpg\" \/>\n\t<meta property=\"og:image:width\" content=\"600\" \/>\n\t<meta property=\"og:image:height\" content=\"413\" \/>\n\t<meta property=\"og:image:type\" content=\"image\/jpeg\" \/>\n<meta name=\"twitter:card\" content=\"summary_large_image\" \/>\n<meta name=\"twitter:label1\" content=\"Tiempo de lectura\" \/>\n\t<meta name=\"twitter:data1\" content=\"10 minutos\" \/>\n<script type=\"application\/ld+json\" class=\"yoast-schema-graph\">{\"@context\":\"https:\\\/\\\/schema.org\",\"@graph\":[{\"@type\":\"WebPage\",\"@id\":\"https:\\\/\\\/www.urjc2030.es\\\/ud\\\/\",\"url\":\"https:\\\/\\\/www.urjc2030.es\\\/ud\\\/\",\"name\":\"Unidad de Diversidad - URJC 2030 | Plan Estrat\u00e9gico 2030\",\"isPartOf\":{\"@id\":\"https:\\\/\\\/www.urjc2030.es\\\/ud\\\/#website\"},\"primaryImageOfPage\":{\"@id\":\"https:\\\/\\\/www.urjc2030.es\\\/ud\\\/#primaryimage\"},\"image\":{\"@id\":\"https:\\\/\\\/www.urjc2030.es\\\/ud\\\/#primaryimage\"},\"thumbnailUrl\":\"https:\\\/\\\/www.urjc2030.es\\\/ud\\\/wp-content\\\/uploads\\\/sites\\\/13\\\/2022\\\/11\\\/img-post.jpg\",\"datePublished\":\"2022-11-10T14:43:27+00:00\",\"dateModified\":\"2026-02-27T08:24:35+00:00\",\"description\":\"La Unidad funciona en dependencia administrativa del Vicerrectorado de Planificaci\u00f3n y Estrategia y coordinada por la Direcci\u00f3n Acad\u00e9mica...\",\"breadcrumb\":{\"@id\":\"https:\\\/\\\/www.urjc2030.es\\\/ud\\\/#breadcrumb\"},\"inLanguage\":\"es\",\"potentialAction\":[{\"@type\":\"ReadAction\",\"target\":[\"https:\\\/\\\/www.urjc2030.es\\\/ud\\\/\"]}]},{\"@type\":\"ImageObject\",\"inLanguage\":\"es\",\"@id\":\"https:\\\/\\\/www.urjc2030.es\\\/ud\\\/#primaryimage\",\"url\":\"https:\\\/\\\/www.urjc2030.es\\\/ud\\\/wp-content\\\/uploads\\\/sites\\\/13\\\/2022\\\/11\\\/img-post.jpg\",\"contentUrl\":\"https:\\\/\\\/www.urjc2030.es\\\/ud\\\/wp-content\\\/uploads\\\/sites\\\/13\\\/2022\\\/11\\\/img-post.jpg\",\"width\":600,\"height\":413,\"caption\":\"Logotipo Universidad Rey Juan Carlos\"},{\"@type\":\"BreadcrumbList\",\"@id\":\"https:\\\/\\\/www.urjc2030.es\\\/ud\\\/#breadcrumb\",\"itemListElement\":[{\"@type\":\"ListItem\",\"position\":1,\"name\":\"Portada\",\"item\":\"https:\\\/\\\/www.urjc2030.es\\\/ud\\\/\"},{\"@type\":\"ListItem\",\"position\":2,\"name\":\"Unidad de Diversidad\"}]},{\"@type\":\"WebSite\",\"@id\":\"https:\\\/\\\/www.urjc2030.es\\\/ud\\\/#website\",\"url\":\"https:\\\/\\\/www.urjc2030.es\\\/ud\\\/\",\"name\":\"Unidad de Diversidad\",\"description\":\"Trabajar de manera interseccional con toda la comunidad universitaria todo lo que respecta a la diversidad LGBTIAQ+, \u00e9tnico-cultural y afines.\",\"potentialAction\":[{\"@type\":\"SearchAction\",\"target\":{\"@type\":\"EntryPoint\",\"urlTemplate\":\"https:\\\/\\\/www.urjc2030.es\\\/ud\\\/?s={search_term_string}\"},\"query-input\":{\"@type\":\"PropertyValueSpecification\",\"valueRequired\":true,\"valueName\":\"search_term_string\"}}],\"inLanguage\":\"es\"}]}<\/script>\n<!-- \/ Yoast SEO plugin. -->","yoast_head_json":{"title":"Unidad de Diversidad - URJC 2030 | Plan Estrat\u00e9gico 2030","description":"La Unidad funciona en dependencia administrativa del Vicerrectorado de Planificaci\u00f3n y Estrategia y coordinada por la Direcci\u00f3n Acad\u00e9mica...","robots":{"index":"index","follow":"follow","max-snippet":"max-snippet:-1","max-image-preview":"max-image-preview:large","max-video-preview":"max-video-preview:-1"},"canonical":"https:\/\/www.urjc2030.es\/ud\/","og_locale":"es_ES","og_type":"article","og_title":"Unidad de Diversidad - URJC 2030 | Plan Estrat\u00e9gico 2030","og_description":"La Unidad funciona en dependencia administrativa del Vicerrectorado de Planificaci\u00f3n y Estrategia y coordinada por la Direcci\u00f3n Acad\u00e9mica...","og_url":"https:\/\/www.urjc2030.es\/ud\/","og_site_name":"Unidad de Diversidad","article_modified_time":"2026-02-27T08:24:35+00:00","og_image":[{"width":600,"height":413,"url":"https:\/\/www.urjc2030.es\/ud\/wp-content\/uploads\/sites\/13\/2022\/11\/img-post.jpg","type":"image\/jpeg"}],"twitter_card":"summary_large_image","twitter_misc":{"Tiempo de lectura":"10 minutos"},"schema":{"@context":"https:\/\/schema.org","@graph":[{"@type":"WebPage","@id":"https:\/\/www.urjc2030.es\/ud\/","url":"https:\/\/www.urjc2030.es\/ud\/","name":"Unidad de Diversidad - URJC 2030 | Plan Estrat\u00e9gico 2030","isPartOf":{"@id":"https:\/\/www.urjc2030.es\/ud\/#website"},"primaryImageOfPage":{"@id":"https:\/\/www.urjc2030.es\/ud\/#primaryimage"},"image":{"@id":"https:\/\/www.urjc2030.es\/ud\/#primaryimage"},"thumbnailUrl":"https:\/\/www.urjc2030.es\/ud\/wp-content\/uploads\/sites\/13\/2022\/11\/img-post.jpg","datePublished":"2022-11-10T14:43:27+00:00","dateModified":"2026-02-27T08:24:35+00:00","description":"La Unidad funciona en dependencia administrativa del Vicerrectorado de Planificaci\u00f3n y Estrategia y coordinada por la Direcci\u00f3n Acad\u00e9mica...","breadcrumb":{"@id":"https:\/\/www.urjc2030.es\/ud\/#breadcrumb"},"inLanguage":"es","potentialAction":[{"@type":"ReadAction","target":["https:\/\/www.urjc2030.es\/ud\/"]}]},{"@type":"ImageObject","inLanguage":"es","@id":"https:\/\/www.urjc2030.es\/ud\/#primaryimage","url":"https:\/\/www.urjc2030.es\/ud\/wp-content\/uploads\/sites\/13\/2022\/11\/img-post.jpg","contentUrl":"https:\/\/www.urjc2030.es\/ud\/wp-content\/uploads\/sites\/13\/2022\/11\/img-post.jpg","width":600,"height":413,"caption":"Logotipo Universidad Rey Juan Carlos"},{"@type":"BreadcrumbList","@id":"https:\/\/www.urjc2030.es\/ud\/#breadcrumb","itemListElement":[{"@type":"ListItem","position":1,"name":"Portada","item":"https:\/\/www.urjc2030.es\/ud\/"},{"@type":"ListItem","position":2,"name":"Unidad de Diversidad"}]},{"@type":"WebSite","@id":"https:\/\/www.urjc2030.es\/ud\/#website","url":"https:\/\/www.urjc2030.es\/ud\/","name":"Unidad de Diversidad","description":"Trabajar de manera interseccional con toda la comunidad universitaria todo lo que respecta a la diversidad LGBTIAQ+, \u00e9tnico-cultural y afines.","potentialAction":[{"@type":"SearchAction","target":{"@type":"EntryPoint","urlTemplate":"https:\/\/www.urjc2030.es\/ud\/?s={search_term_string}"},"query-input":{"@type":"PropertyValueSpecification","valueRequired":true,"valueName":"search_term_string"}}],"inLanguage":"es"}]}},"_links":{"self":[{"href":"https:\/\/www.urjc2030.es\/ud\/wp-json\/wp\/v2\/pages\/6","targetHints":{"allow":["GET"]}}],"collection":[{"href":"https:\/\/www.urjc2030.es\/ud\/wp-json\/wp\/v2\/pages"}],"about":[{"href":"https:\/\/www.urjc2030.es\/ud\/wp-json\/wp\/v2\/types\/page"}],"author":[{"embeddable":true,"href":"https:\/\/www.urjc2030.es\/ud\/wp-json\/wp\/v2\/users\/1"}],"replies":[{"embeddable":true,"href":"https:\/\/www.urjc2030.es\/ud\/wp-json\/wp\/v2\/comments?post=6"}],"version-history":[{"count":108,"href":"https:\/\/www.urjc2030.es\/ud\/wp-json\/wp\/v2\/pages\/6\/revisions"}],"predecessor-version":[{"id":1531,"href":"https:\/\/www.urjc2030.es\/ud\/wp-json\/wp\/v2\/pages\/6\/revisions\/1531"}],"wp:featuredmedia":[{"embeddable":true,"href":"https:\/\/www.urjc2030.es\/ud\/wp-json\/wp\/v2\/media\/8"}],"wp:attachment":[{"href":"https:\/\/www.urjc2030.es\/ud\/wp-json\/wp\/v2\/media?parent=6"}],"curies":[{"name":"wp","href":"https:\/\/api.w.org\/{rel}","templated":true}]}}